{"id":157,"date":"2016-08-24T11:53:46","date_gmt":"2016-08-24T09:53:46","guid":{"rendered":"http:\/\/www.spring-reiter.de\/?page_id=157"},"modified":"2026-07-30T15:49:14","modified_gmt":"2026-07-30T13:49:14","slug":"springen-im-tv","status":"publish","type":"page","link":"https:\/\/www.spring-reiter.de\/en\/index.php\/springen-im-tv\/","title":{"rendered":"Pferde im TV"},"content":{"rendered":"<\/p>\n\n\n<p class=\"wp-block-paragraph\"><\/p>\n\n\n\n<h3>Springsport und Pferde im Fernsehen und Internet<\/h3>\n<table class=\"jump\" summary=\"tv termine\">\n<tbody>\n\n\n<tr class=\"jumptv\">\n<td class=\"tv_datum\">1.8.<\/td>\n<td class=\"tv_zeit\">11:40 Uhr<\/td>\n<td class=\"tv_event\">Ostwind 2 \u2013 R\u00fcckkehr nach Kaltenbach<\/td>\n<td class=\"tv_sender\"><a \nhref=\"https:\/\/www.ardmediathek.de\/live\/Y3JpZDovL3JiYi1vbmxpbmUuZGUvcmJiZmVybnNlaGVuL2xpdmVfYnJhbmRlbmJ1cmcvc2VuZGVwbGF0ei0tLWxpdmVzdHJlYW0tLS1icmFuZGVuYnVyZy0tLWhsczE\" target=\"_blank\" rel=\"noopener noreferrer\">rbb<\/a><\/td>\n<\/tr>\n<tr class=\"jumptv\">\n<td class=\"tv_datum\">1.8.<\/td>\n<td class=\"tv_zeit\">20:10 Uhr<\/td>\n<td class=\"tv_event\">Mystic \u2013 das Geheimnis von Kauri Point<\/td>\n<td class=\"tv_sender\"><a \nhref=\"https:\/\/www.ardmediathek.de\/live\/Y3JpZDovL2tpa2EuZGUvTGl2ZXN0cmVhbS1LaUth?isChildContent\" target=\"_blank\" rel=\"noopener noreferrer\">KIKA<\/a><\/td>\n<\/tr>\n<tr class=\"jumptv\">\n<td class=\"tv_datum\">1.8.<\/td>\n<td class=\"tv_zeit\">20:35 Uhr<\/td>\n<td class=\"tv_event\">Mystic \u2013 das Geheimnis von Kauri Point<\/td>\n<td class=\"tv_sender\"><a \nhref=\"https:\/\/www.ardmediathek.de\/live\/Y3JpZDovL2tpa2EuZGUvTGl2ZXN0cmVhbS1LaUth?isChildContent\" target=\"_blank\" rel=\"noopener noreferrer\">KIKA<\/a><\/td>\n<\/tr>\n<tr class=\"jumptv\">\n<td class=\"tv_datum\">2.8.<\/td>\n<td class=\"tv_zeit\">6:30 Uhr<\/td>\n<td class=\"tv_event\">Ostwind 3 \u2013 Aufbruch nach Ora<\/td>\n<td class=\"tv_sender\"><a \nhref=\"https:\/\/www.ardmediathek.de\/live\/Y3JpZDovL3dkci5kZS9CZWl0cmFnLTNkYTY2NGRlLTE4YzItNDY1MC1hNGZmLTRmNjQxNDcyMDcyYg\" target=\"_blank\" rel=\"noopener noreferrer\">WDR<\/a><\/td>\n<\/tr>\n<tr class=\"jumptv\">\n<td class=\"tv_datum\">2.8.<\/td>\n<td class=\"tv_zeit\">7:00 Uhr<\/td>\n<td class=\"tv_event\">Ostwind 5 \u2013 der gro\u00dfe Orkan<\/td>\n<td class=\"tv_sender\"><a \nhref=\"https:\/\/www.ardmediathek.de\/live\/Y3JpZDovL3dkci5kZS9CZWl0cmFnLTNkYTY2NGRlLTE4YzItNDY1MC1hNGZmLTRmNjQxNDcyMDcyYg\" target=\"_blank\" rel=\"noopener noreferrer\">WDR<\/a><\/td>\n<\/tr>\n<tr class=\"jumptv\">\n<td class=\"tv_datum\">3.8.<\/td>\n<td class=\"tv_zeit\">17:50 Uhr<\/td>\n<td class=\"tv_event\">Heartland \u2013 Paradies f\u00fcr Pferde<\/td>\n<td class=\"tv_sender\"><a \nhref=\"https:\/\/plus.rtl.de\/rtl-passion\/live\" target=\"_blank\" rel=\"noopener noreferrer\">RTL Passion<\/a><\/td>\n<\/tr>\n<tr class=\"jumptv\">\n<td class=\"tv_datum\">3.8.<\/td>\n<td class=\"tv_zeit\">20:15 Uhr<\/td>\n<td class=\"tv_event\">Die Bretagne \u2013 Frankreichs rauer Westen (u.a. \u00fcber das Nationalgest\u00fct Lamballe)<\/td>\n<td class=\"tv_sender\"><a \nhref=\"https:\/\/www.ardmediathek.de\/live\/Y3JpZDovLzNzYXQuZGUvTGl2ZXN0cmVhbS0zc2F0\" target=\"_blank\" rel=\"noopener noreferrer\">3sat<\/a><\/td>\n<\/tr>\n<tr class=\"jumptv\">\n<td class=\"tv_datum\">4.8.<\/td>\n<td class=\"tv_zeit\">16:45 Uhr<\/td>\n<td class=\"tv_event\">Magische Nomandie \u2013 unterwegs durch Frankreichs Norden (u.a. \u00fcber die Percheron-Pferde)<\/td>\n<td class=\"tv_sender\"><a \nhref=\"https:\/\/www.ardmediathek.de\/live\/Y3JpZDovLzNzYXQuZGUvTGl2ZXN0cmVhbS0zc2F0\" target=\"_blank\" rel=\"noopener noreferrer\">3sat<\/a><\/td>\n<\/tr>\n<tr class=\"jumptv\">\n<td class=\"tv_datum\">4.8.<\/td>\n<td class=\"tv_zeit\">17:30 Uhr<\/td>\n<td class=\"tv_event\">Die Bretagne \u2013 Frankreichs rauer Westen (u.a. \u00fcber das Nationalgest\u00fct Lamballe<\/td>\n<td class=\"tv_sender\"><a \nhref=\"https:\/\/www.ardmediathek.de\/live\/Y3JpZDovLzNzYXQuZGUvTGl2ZXN0cmVhbS0zc2F0\" target=\"_blank\" rel=\"noopener noreferrer\">3sat<\/a><\/td>\n<\/tr>\n<tr class=\"jumptv\">\n<td class=\"tv_datum\">4.8.<\/td>\n<td class=\"tv_zeit\">17:50 Uhr<\/td>\n<td class=\"tv_event\">Heartland \u2013 Paradies f\u00fcr Pferde<\/td>\n<td class=\"tv_sender\"><a \nhref=\"https:\/\/plus.rtl.de\/rtl-passion\/live\" target=\"_blank\" rel=\"noopener noreferrer\">RTL Passion<\/a><\/td>\n<\/tr>\n<tr class=\"jumptv\">\n<td class=\"tv_datum\">5.8.<\/td>\n<td class=\"tv_zeit\">10:25 Uhr<\/td>\n<td class=\"tv_event\">Mit dem Postschiff durch die S\u00fcdsee (2\/2) \u2013 von den Marquesas-Inseln nach Bora (u.a. \u00fcber die Tradition des Wildpferdefangs)<\/td>\n<td class=\"tv_sender\"><a \nhref=\"https:\/\/www.ardmediathek.de\/live\/Y3JpZDovL3dkci5kZS9CZWl0cmFnLTNkYTY2NGRlLTE4YzItNDY1MC1hNGZmLTRmNjQxNDcyMDcyYg\" target=\"_blank\" rel=\"noopener noreferrer\">WDR<\/a><\/td>\n<\/tr>\n<tr class=\"jumptv\">\n<td class=\"tv_datum\">5.8.<\/td>\n<td class=\"tv_zeit\">19:40 Uhr<\/td>\n<td class=\"tv_event\">Wiens Fiaker im Hitzestress?<\/td>\n<td class=\"tv_sender\"><a \nhref=\"https:\/\/www.ardmediathek.de\/live\/Y3JpZDovL2FydGUuZGUvTGl2ZXN0cmVhbS1BUlRF\" target=\"_blank\" rel=\"noopener noreferrer\">Arte<\/a><\/td>\n<\/tr>\n<tr class=\"jumptv\">\n<td class=\"tv_datum\">6.8.<\/td>\n<td class=\"tv_zeit\">20:15 Uhr<\/td>\n<td class=\"tv_event\">Polizeiruf 110: zwei Br\u00fcder (Mord auf einem Gest\u00fct)<\/td>\n<td class=\"tv_sender\"><a \nhref=\"https:\/\/www.ardmediathek.de\/live\/Y3JpZDovL3JiYi1vbmxpbmUuZGUvcmJiZmVybnNlaGVuL2xpdmVfYnJhbmRlbmJ1cmcvc2VuZGVwbGF0ei0tLWxpdmVzdHJlYW0tLS1icmFuZGVuYnVyZy0tLWhsczE\" target=\"_blank\" rel=\"noopener noreferrer\">rbb<\/a><\/td>\n<\/tr>\n<tr class=\"jumptv\">\n<td class=\"tv_datum\">8.8.<\/td>\n<td class=\"tv_zeit\">8:20 Uhr<\/td>\n<td class=\"tv_event\">Wissen macht Ah! (u.a. \u00fcber Gangarten bei Pferden)<td>\n<td class=\"tv_sender\"><a\nhref=\"https:\/\/www.ardmediathek.de\/live\/Y3JpZDovL2Rhc2Vyc3RlLmRlL2xpdmUvY2xpcC9hYmNhMDdhMy0zNDc2LTQ4NTEtYjE2Mi1mZGU4ZjY0NmQ0YzQ\" target=\"_blank\" rel=\"noopener noreferrer\">ARD<\/a><\/td>\n<\/tr>\n<tr class=\"jumptv\">\n<td class=\"tv_datum\">8.8.<\/td>\n<td class=\"tv_zeit\">11:40 Uhr<\/td>\n<td class=\"tv_event\">Ostwind 3 \u2013 Aufbruch nach Ora<\/td>\n<td class=\"tv_sender\"><a \nhref=\"https:\/\/www.ardmediathek.de\/live\/Y3JpZDovL3JiYi1vbmxpbmUuZGUvcmJiZmVybnNlaGVuL2xpdmVfYnJhbmRlbmJ1cmcvc2VuZGVwbGF0ei0tLWxpdmVzdHJlYW0tLS1icmFuZGVuYnVyZy0tLWhsczE\" target=\"_blank\" rel=\"noopener noreferrer\">rbb<\/a><\/td>\n<\/tr>\n<tr class=\"jumptv\">\n<td class=\"tv_datum\">8.8.<\/td>\n<td class=\"tv_zeit\">14:45 Uhr<\/td>\n<td class=\"tv_event\">Die Pferdeprofis<\/td>\n<td class=\"tv_sender\"><a \nhref=\"https:\/\/plus.rtl.de\/voxup\/live\" target=\"_blank\" rel=\"noopener noreferrer\">VOX up<\/a><\/td>\n<\/tr>\n<tr class=\"jumptv\">\n<td class=\"tv_datum\">8.8.<\/td>\n<td class=\"tv_zeit\">15:45 Uhr<\/td>\n<td class=\"tv_event\">Die Pferdeprofis<\/td>\n<td class=\"tv_sender\"><a \nhref=\"https:\/\/plus.rtl.de\/voxup\/live\" target=\"_blank\" rel=\"noopener noreferrer\">VOX up<\/a><\/td>\n<\/tr>\n<tr class=\"jumptv\">\n<td class=\"tv_datum\">8.8.<\/td>\n<td class=\"tv_zeit\">20:10 Uhr<\/td>\n<td class=\"tv_event\">Mystic \u2013 das Geheimnis von Kauri Point<\/td>\n<td class=\"tv_sender\"><a \nhref=\"https:\/\/www.ardmediathek.de\/live\/Y3JpZDovL2tpa2EuZGUvTGl2ZXN0cmVhbS1LaUth?isChildContent\" target=\"_blank\" rel=\"noopener noreferrer\">KIKA<\/a><\/td>\n<\/tr>\n<tr class=\"jumptv\">\n<td class=\"tv_datum\">8.8.<\/td>\n<td class=\"tv_zeit\">20:35 Uhr<\/td>\n<td class=\"tv_event\">Mystic \u2013 das Geheimnis von Kauri Point<\/td>\n<td class=\"tv_sender\"><a \nhref=\"https:\/\/www.ardmediathek.de\/live\/Y3JpZDovL2tpa2EuZGUvTGl2ZXN0cmVhbS1LaUth?isChildContent\" target=\"_blank\" rel=\"noopener noreferrer\">KIKA<\/a><\/td>\n<\/tr>\n<tr class=\"jumptv\">\n<td class=\"tv_datum\">9.8.<\/td>\n<td class=\"tv_zeit\">8:35 Uhr<\/td>\n<td class=\"tv_event\">Tiere bis unters Dach \u2013 blindes Vertrauen<\/td>\n<td class=\"tv_sender\"><a \nhref=\"https:\/\/www.ardmediathek.de\/live\/Y3JpZDovL2Rhc2Vyc3RlLmRlL2xpdmUvY2xpcC9hYmNhMDdhMy0zNDc2LTQ4NTEtYjE2Mi1mZGU4ZjY0NmQ0YzQ\" target=\"_blank\" rel=\"noopener noreferrer\">ARD<\/a><\/td>\n<\/tr>\n<tr class=\"jumptv\">\n<td class=\"tv_datum\">9.8.<\/td>\n<td class=\"tv_zeit\">10:50 Uhr<\/td>\n<td class=\"tv_event\">Leben an der Elbe \u2013 von Pirna bis Dessau (u.a. das Reitgest\u00fct Graditz und eine Pferdewirtin)<\/td>\n<td class=\"tv_sender\"><a \nhref=\"https:\/\/www.ardmediathek.de\/live\/Y3JpZDovL2FydGUuZGUvTGl2ZXN0cmVhbS1BUlRF\" target=\"_blank\" rel=\"noopener noreferrer\">Arte<\/a><\/td>\n<\/tr>\n<tr class=\"jumptv\">\n<td class=\"tv_datum\">9.8.<\/td>\n<td class=\"tv_zeit\">11:10 Uhr<\/td>\n<td class=\"tv_event\">Ostwind 1 \u2013 zusammen sind wir frei<\/td>\n<td class=\"tv_sender\"><a \nhref=\"https:\/\/www.ardmediathek.de\/live\/Y3JpZDovL2JyLmRlL0xpdmVzdHJlYW0tQlItU8O8ZA\" target=\"_blank\" rel=\"noopener noreferrer\">BR<\/a><\/td>\n<\/tr>\n<tr class=\"jumptv\">\n<td class=\"tv_datum\">9.8.<\/td>\n<td class=\"tv_zeit\">20:00 Uhr<\/td>\n<td class=\"tv_event\">Global Champions Tour in London<\/td>\n<td class=\"tv_sender\"><a \nhref=\"https:\/\/www.eurosport.de\" target=\"_blank\" rel=\"noopener noreferrer\">Eurosport<\/a><\/td>\n<\/tr>\n<tr class=\"jumptv\">\n<td class=\"tv_datum\">10.8.<\/td>\n<td class=\"tv_zeit\">8:30 Uhr<\/td>\n<td class=\"tv_event\">Das Wissen: Tierschutz im Reitsport \u2013 was Pferde leisten und wann sie leiden<\/td>\n<td class=\"tv_sender\"><a \nhref=\"https:\/\/www.ardmediathek.de\/live\/Y3JpZDovL3N3ci5kZS8xMzQ4MTA0Mg\" target=\"_blank\" rel=\"noopener noreferrer\">SWR<\/a><\/td>\n<\/tr>\n<tr class=\"jumptv\">\n<td class=\"tv_datum\">10.8.<\/td>\n<td class=\"tv_zeit\">16:15 Uhr<\/td>\n<td class=\"tv_event\">Reit-WM Aachen 2026 \u2013 der Countdown live aus der Aachener Soers<\/td>\n<td class=\"tv_sender\"><a \nhref=\"https:\/\/www.ardmediathek.de\/live\/Y3JpZDovL3dkci5kZS9CZWl0cmFnLTNkYTY2NGRlLTE4YzItNDY1MC1hNGZmLTRmNjQxNDcyMDcyYg\" target=\"_blank\" rel=\"noopener noreferrer\">WDR<\/a><\/td>\n<\/tr>\n<tr class=\"jumptv\">\n<td class=\"tv_datum\">11.8.<\/td>\n<td class=\"tv_zeit\">7:30 Uhr<\/td>\n<td class=\"tv_event\">Willi wills Wissen: wo rennen Pferde um die Wette?<\/td>\n<td class=\"tv_sender\"><a \nhref=\"https:\/\/www.ardmediathek.de\/live\/Y3JpZDovL21kci5kZS9MaXZlc3RyZWFtLU1EUi1TYWNoc2Vu\" target=\"_blank\" rel=\"noopener noreferrer\">ARD-alpha<\/a><\/td>\n<\/tr>\n<tr class=\"jumptv\">\n<td class=\"tv_datum\">11.8.<\/td>\n<td class=\"tv_zeit\">13:00 Uhr<\/td>\n<td class=\"tv_event\">Pinguin, L\u00f6we &#038; Co. (u.a. \u00fcber die Wiederauswilderung einer Wildpferdstute)<\/td>\n<td class=\"tv_sender\"><a \nhref=\"https:\/\/www.ardmediathek.de\/live\/Y3JpZDovL3dkci5kZS9CZWl0cmFnLTNkYTY2NGRlLTE4YzItNDY1MC1hNGZmLTRmNjQxNDcyMDcyYg\" target=\"_blank\" rel=\"noopener noreferrer\">WDR<\/a><\/td>\n<\/tr>\n<tr class=\"jumptv\">\n<td class=\"tv_datum\">11.8.<\/td>\n<td class=\"tv_zeit\">20:15 Uhr<\/td>\n<td class=\"tv_event\">Reit-WM Aachen 2026 \u2013 die Er\u00f6ffnungsfeier live aus der Aachener Soers<\/td>\n<td class=\"tv_sender\"><a \nhref=\"https:\/\/www.ardmediathek.de\/live\/Y3JpZDovL3dkci5kZS9CZWl0cmFnLTNkYTY2NGRlLTE4YzItNDY1MC1hNGZmLTRmNjQxNDcyMDcyYg\" target=\"_blank\" rel=\"noopener noreferrer\">WDR<\/a><\/td>\n<\/tr>\n<tr class=\"jumptv\">\n<td class=\"tv_datum\">13.8.<\/td>\n<td class=\"tv_zeit\">13:00 Uhr<\/td>\n<td class=\"tv_event\">Pinguin, L\u00f6we &#038; Co. (u.a. \u00fcber Mongolenpferde)<\/td>\n<td class=\"tv_sender\"><a \nhref=\"https:\/\/www.ardmediathek.de\/live\/Y3JpZDovL3dkci5kZS9CZWl0cmFnLTNkYTY2NGRlLTE4YzItNDY1MC1hNGZmLTRmNjQxNDcyMDcyYg\" target=\"_blank\" rel=\"noopener noreferrer\">WDR<\/a><\/td>\n<\/tr>\n<tr class=\"jumptv\">\n<td class=\"tv_datum\">14.8.<\/td>\n<td class=\"tv_zeit\">14:45 Uhr<\/td>\n<td class=\"tv_event\">Reit-WM 2026 \u2013 Dressur Grand Prix Special live aus der Aachener Soers<\/td>\n<td class=\"tv_sender\"><a \nhref=\"https:\/\/www.ardmediathek.de\/live\/Y3JpZDovL3dkci5kZS9CZWl0cmFnLTNkYTY2NGRlLTE4YzItNDY1MC1hNGZmLTRmNjQxNDcyMDcyYg\" target=\"_blank\" rel=\"noopener noreferrer\">WDR<\/a><\/td>\n<\/tr>\n<tr class=\"jumptv\">\n<td class=\"tv_datum\">15.8.<\/td>\n<td class=\"tv_zeit\">7:50 Uhr<\/td>\n<td class=\"tv_event\">Ostwind 3 \u2013 Aufbruch nach Ora<\/td>\n<td class=\"tv_sender\"><a \nhref=\"https:\/\/www.ardmediathek.de\/live\/Y3JpZDovL21kci5kZS9MaXZlc3RyZWFtLU1EUi1TYWNoc2Vu\" target=\"_blank\" rel=\"noopener noreferrer\">MDR<\/a><\/td>\n<\/tr>\n<tr class=\"jumptv\">\n<td class=\"tv_datum\">15.8.<\/td>\n<td class=\"tv_zeit\">18:15 Uhr<\/td>\n<td class=\"tv_event\">Unterwegs in Sachsen-Anhalt (u.a. Reiterferien in der Altmark)<\/td>\n<td class=\"tv_sender\"><a \nhref=\"https:\/\/www.ardmediathek.de\/live\/Y3JpZDovL21kci5kZS9MaXZlc3RyZWFtLU1EUi1TYWNoc2Vu\" target=\"_blank\" rel=\"noopener noreferrer\">MDR<\/a><\/td>\n<\/tr>\n<tr class=\"jumptv\">\n<td class=\"tv_datum\">15.8.<\/td>\n<td class=\"tv_zeit\">20:15 Uhr<\/td>\n<td class=\"tv_event\">Mystic \u2013 das Gehemnis von Kauri Point<\/td>\n<td class=\"tv_sender\"><a \nhref=\"https:\/\/www.ardmediathek.de\/live\/Y3JpZDovL2tpa2EuZGUvTGl2ZXN0cmVhbS1LaUth?isChildContent\" target=\"_blank\" rel=\"noopener noreferrer\">KIKA<\/a><\/td>\n<\/tr>\n<tr class=\"jumptv\">\n<td class=\"tv_datum\">15.8.<\/td>\n<td class=\"tv_zeit\">20:35 Uhr<\/td>\n<td class=\"tv_event\">Mystic \u2013 das Geheimnis von Kauri Point<\/td>\n<td class=\"tv_sender\"><a \nhref=\"https:\/\/www.ardmediathek.de\/live\/Y3JpZDovL2tpa2EuZGUvTGl2ZXN0cmVhbS1LaUth?isChildContent\" target=\"_blank\" rel=\"noopener noreferrer\">KIKA<\/a><\/td>\n<\/tr>\n<tr class=\"jumptv\">\n<td class=\"tv_datum\">16.8.<\/td>\n<td class=\"tv_zeit\">7:30 Uhr<\/td>\n<td class=\"tv_event\">Wissen macht Ah! (u.a. \u00fcber die Frage, ob Pferde Warm-, Kalt- oder Vollbl\u00fcter sind)<\/td>\n<td class=\"tv_sender\"><a \nhref=\"https:\/\/www.ardmediathek.de\/live\/Y3JpZDovL2Rhc2Vyc3RlLmRlL2xpdmUvY2xpcC9hYmNhMDdhMy0zNDc2LTQ4NTEtYjE2Mi1mZGU4ZjY0NmQ0YzQ\" target=\"_blank\" rel=\"noopener noreferrer\">ARD<\/a><\/td>\n<\/tr>\n<tr class=\"jumptv\">\n<td class=\"tv_datum\">16.8.<\/td>\n<td class=\"tv_zeit\">9:55 Uhr<\/td>\n<td class=\"tv_event\">Neues vom S\u00fcderhof \u2013 Angst um Grazia<\/td>\n<td class=\"tv_sender\"><a \nhref=\"https:\/\/www.ardmediathek.de\/live\/Y3JpZDovL2JyLmRlL0xpdmVzdHJlYW0tQlItU8O8ZA\" target=\"_blank\" rel=\"noopener noreferrer\">BR<\/a><\/td>\n<\/tr>\n<tr class=\"jumptv\">\n<td class=\"tv_datum\">16.8.<\/td>\n<td class=\"tv_zeit\">19:30 Uhr<\/td>\n<td class=\"tv_event\">Die wilden Pferde der Do\u00f1ana<\/td>\n<td class=\"tv_sender\"><a \nhref=\"https:\/\/www.ardmediathek.de\/live\/Y3JpZDovL2FydGUuZGUvTGl2ZXN0cmVhbS1BUlRF\" target=\"_blank\" rel=\"noopener noreferrer\">Arte<\/a><\/td>\n<\/tr>\n<tr class=\"jumptv\">\n<td class=\"tv_datum\">19.8.<\/td>\n<td class=\"tv_zeit\">14:20 Uhr<\/td>\n<td class=\"tv_event\">Reit-WM Aachen 2026 \u2013 Springreiten Fehler-Zeit-Springen live aus der Aachener Soers<\/td>\n<td class=\"tv_sender\"><a \nhref=\"https:\/\/www.ardmediathek.de\/live\/Y3JpZDovL3dkci5kZS9CZWl0cmFnLTNkYTY2NGRlLTE4YzItNDY1MC1hNGZmLTRmNjQxNDcyMDcyYg\" target=\"_blank\" rel=\"noopener noreferrer\">WDR<\/a><\/td>\n<\/tr>\n<tr class=\"jumptv\">\n<td class=\"tv_datum\">20.8.<\/td>\n<td class=\"tv_zeit\">14:20 Uhr<\/td>\n<td class=\"tv_event\">Reit-WM Aachen 2026 \u2013 Springreiten Nationenpreis live aus der Aachener Soers<\/td>\n<td class=\"tv_sender\"><a \nhref=\"https:\/\/www.ardmediathek.de\/live\/Y3JpZDovL3dkci5kZS9CZWl0cmFnLTNkYTY2NGRlLTE4YzItNDY1MC1hNGZmLTRmNjQxNDcyMDcyYg\" target=\"_blank\" rel=\"noopener noreferrer\">WDR<\/a><\/td>\n<\/tr>\n<tr class=\"jumptv\">\n<td class=\"tv_datum\">21.8.<\/td>\n<td class=\"tv_zeit\">20:15 Uhr<\/td>\n<td class=\"tv_event\">Reit-WM Aachen 2026 \u2013 Springreiten Finale Nationenpreis live aus der Aachener Soers<\/td>\n<td class=\"tv_sender\"><a \nhref=\"https:\/\/www.ardmediathek.de\/live\/Y3JpZDovL3dkci5kZS9CZWl0cmFnLTNkYTY2NGRlLTE4YzItNDY1MC1hNGZmLTRmNjQxNDcyMDcyYg\" target=\"_blank\" rel=\"noopener noreferrer\">WDR<\/a><\/td>\n<\/tr>\n<tr class=\"jumptv\">\n<td class=\"tv_datum\">22.8.<\/td>\n<td class=\"tv_zeit\">7:30 Uhr<\/td>\n<td class=\"tv_event\">Ostwind 4 \u2013 Aris Ankunft<\/td>\n<td class=\"tv_sender\"><a \nhref=\"https:\/\/www.ardmediathek.de\/live\/Y3JpZDovL21kci5kZS9MaXZlc3RyZWFtLU1EUi1TYWNoc2Vu\" target=\"_blank\" rel=\"noopener noreferrer\">MDR<\/a><\/td>\n<\/tr>\n<tr class=\"jumptv\">\n<td class=\"tv_datum\">22.8.<\/td>\n<td class=\"tv_zeit\">14:00 Uhr<\/td>\n<td class=\"tv_event\">Reit-WM Aachen 2026 \u2013 Marathonfahrt der Viersp\u00e4nner live aus der Aachener Soers<\/td>\n<td class=\"tv_sender\"><a \nhref=\"https:\/\/www.ardmediathek.de\/live\/Y3JpZDovL3dkci5kZS9CZWl0cmFnLTNkYTY2NGRlLTE4YzItNDY1MC1hNGZmLTRmNjQxNDcyMDcyYg\" target=\"_blank\" rel=\"noopener noreferrer\">WDR<\/a><\/td>\n<\/tr>\n<tr class=\"jumptv\">\n<td class=\"tv_datum\">22.8.<\/td>\n<td class=\"tv_zeit\">20:10 Uhr<\/td>\n<td class=\"tv_event\">Mystic \u2013 das Geheimnis von Kauri Point<\/td>\n<td class=\"tv_sender\"><a \nhref=\"https:\/\/www.ardmediathek.de\/live\/Y3JpZDovL2tpa2EuZGUvTGl2ZXN0cmVhbS1LaUth?isChildContent\" target=\"_blank\" rel=\"noopener noreferrer\">KIKA<\/a><\/td>\n<\/tr>\n<tr class=\"jumptv\">\n<td class=\"tv_datum\">22.8.<\/td>\n<td class=\"tv_zeit\">20:35 Uhr<\/td>\n<td class=\"tv_event\">Mystic \u2013 das Geheimnis von Kauri Point<\/td>\n<td class=\"tv_sender\"><a \nhref=\"https:\/\/www.ardmediathek.de\/live\/Y3JpZDovL2tpa2EuZGUvTGl2ZXN0cmVhbS1LaUth?isChildContent\" target=\"_blank\" rel=\"noopener noreferrer\">KIKA<\/a><\/td>\n<\/tr>\n<tr class=\"jumptv\">\n<td class=\"tv_datum\">23.8.<\/td>\n<td class=\"tv_zeit\">8:30 Uhr<\/td>\n<td class=\"tv_event\">Alina \u2013 Silverado in Gefahr<\/td>\n<td class=\"tv_sender\"><a \nhref=\"https:\/\/www.ardmediathek.de\/live\/Y3JpZDovL2Rhc2Vyc3RlLmRlL2xpdmUvY2xpcC9hYmNhMDdhMy0zNDc2LTQ4NTEtYjE2Mi1mZGU4ZjY0NmQ0YzQ\" target=\"_blank\" rel=\"noopener noreferrer\">ARD<\/a><\/td>\n<\/tr>\n<tr class=\"jumptv\">\n<td class=\"tv_datum\">23.8.<\/td>\n<td class=\"tv_zeit\">11:00 Uhr<\/td>\n<td class=\"tv_event\">Ostwind 1 \u2013 zusammen sind wir frei<\/td>\n<td class=\"tv_sender\"><a \nhref=\"https:\/\/www.ardmediathek.de\/live\/Y3JpZDovL3N3ci5kZS8xMzQ4MTA0Mg\" target=\"_blank\" rel=\"noopener noreferrer\">SWR<\/a><\/td>\n<\/tr>\n<tr class=\"jumptv\">\n<td class=\"tv_datum\">23.8.<\/td>\n<td class=\"tv_zeit\">11:05 Uhr<\/td>\n<td class=\"tv_event\">Ostwind 3 \u2013 Aufbruch nach Ora<\/td>\n<td class=\"tv_sender\"><a \nhref=\"https:\/\/www.ardmediathek.de\/live\/Y3JpZDovL2JyLmRlL0xpdmVzdHJlYW0tQlItU8O8ZA\" target=\"_blank\" rel=\"noopener noreferrer\">BR<\/a><\/td>\n<\/tr>\n<tr class=\"jumptv\">\n<td class=\"tv_datum\">23.8.<\/td>\n<td class=\"tv_zeit\">12:35 Uhr<\/td>\n<td class=\"tv_event\">Die Pferdeinsel<\/td>\n<td class=\"tv_sender\"><a \nhref=\"https:\/\/www.ardmediathek.de\/live\/Y3JpZDovL3N3ci5kZS8xMzQ4MTA0Mg\" target=\"_blank\" rel=\"noopener noreferrer\">SWR<\/a><\/td>\n<\/tr>\n<tr class=\"jumptv\">\n<td class=\"tv_datum\">23.8.<\/td>\n<td class=\"tv_zeit\">17:45 Uhr<\/td>\n<td class=\"tv_event\">Reit-WM Aachen 2026 \u2013 Abschied der Nationen live aus der Aachener Soers<\/td>\n<td class=\"tv_sender\"><a \nhref=\"https:\/\/www.ardmediathek.de\/live\/Y3JpZDovL3dkci5kZS9CZWl0cmFnLTNkYTY2NGRlLTE4YzItNDY1MC1hNGZmLTRmNjQxNDcyMDcyYg\" target=\"_blank\" rel=\"noopener noreferrer\">WDR<\/a><\/td>\n<\/tr>\n<tr class=\"jumptv\">\n<td class=\"tv_datum\">24.8.<\/td>\n<td class=\"tv_zeit\">9:00 Uhr<\/td>\n<td class=\"tv_event\">WM in Aachen, Finale, Springreiten<\/td>\n<td class=\"tv_sender\"><a \nhref=\"https:\/\/www.eurosport.de\" target=\"_blank\" rel=\"noopener noreferrer\">Eurosport<\/a><\/td>\n<\/tr>\n<tr class=\"jumptv\">\n<td class=\"tv_datum\">24.8.<\/td>\n<td class=\"tv_zeit\">14:25 Uhr<\/td>\n<td class=\"tv_event\">Elefant, Tiger &#038; Co. (u.a. Nachwuchs bei den Wildpferden)<\/td>\n<td class=\"tv_sender\"><a \nhref=\"https:\/\/www.ardmediathek.de\/live\/Y3JpZDovL21kci5kZS9MaXZlc3RyZWFtLU1EUi1TYWNoc2Vu\" target=\"_blank\" rel=\"noopener noreferrer\">MDR<\/a><\/td>\n<\/tr>\n<tr class=\"jumptv\">\n<td class=\"tv_datum\">26.8.<\/td>\n<td class=\"tv_zeit\">9:00 Uhr<\/td>\n<td class=\"tv_event\">Willi wills Wissen: was h\u00e4lt die Ponies auf Trab?<\/td>\n<td class=\"tv_sender\"><a \nhref=\"https:\/\/www.ardmediathek.de\/live\/Y3JpZDovL2JyLmRlL0xpdmVzdHJlYW0tQVJELUFscGhh\" target=\"_blank\" rel=\"noopener noreferrer\">ARD-alpha<\/a><\/td>\n<\/tr>\n<tr class=\"jumptv\">\n<td class=\"tv_datum\">26.8.<\/td>\n<td class=\"tv_zeit\">9:00 Uhr<\/td>\n<td class=\"tv_event\">KIKA LIVE: Pferde-Influencerin Hella Gabbert<\/td>\n<td class=\"tv_sender\"><a \nhref=\"https:\/\/www.ardmediathek.de\/live\/Y3JpZDovL2tpa2EuZGUvTGl2ZXN0cmVhbS1LaUth?isChildContent\" target=\"_blank\" rel=\"noopener noreferrer\">KIKA<\/a><\/td>\n<\/tr>\n<tr class=\"jumptv\">\n<td class=\"tv_datum\">27.8.<\/td>\n<td class=\"tv_zeit\">9:00 Uhr<\/td>\n<td class=\"tv_event\">Leben an der Elbe \u2013 von Pirna bis Dessau (u.a. das Reitgest\u00fct Graditz und eine Pferdewirtin)<\/td>\n<td class=\"tv_sender\"><a \nhref=\"https:\/\/www.ardmediathek.de\/live\/Y3JpZDovL2FydGUuZGUvTGl2ZXN0cmVhbS1BUlRF\" target=\"_blank\" rel=\"noopener noreferrer\">Arte<\/a><\/td>\n<\/tr>\n\n\n\n\n\n\n\n\n\n\n\n\n\n<\/tbody>\n<\/table>\n<p>Quellen: FN \/ ClipMyHorse<\/p>\n<p>F\u00fcr Richtigkeit der Sendetermine kann spring-reiter.de keine Gew\u00e4hr \u00fcbernehmen.<\/p>\n\n\n\n\n<p class=\"wp-block-paragraph\"><\/p>\n","protected":false},"excerpt":{"rendered":"<p>Springsport und Pferde im Fernsehen und Internet 1.8. 11:40 Uhr Ostwind 2 \u2013 R\u00fcckkehr nach Kaltenbach rbb 1.8. 20:10 Uhr Mystic \u2013 das Geheimnis von Kauri Point KIKA 1.8. 20:35 Uhr Mystic \u2013 das Geheimnis von Kauri Point KIKA 2.8. 6:30 Uhr Ostwind 3 \u2013 Aufbruch nach Ora WDR 2.8. &hellip; <a class=\"kt-excerpt-readmore\" href=\"https:\/\/www.spring-reiter.de\/en\/index.php\/springen-im-tv\/\" aria-label=\"Pferde im TV\">Read More<\/a><\/p>\n","protected":false},"author":2,"featured_media":0,"parent":0,"menu_order":0,"comment_status":"closed","ping_status":"closed","template":"","meta":{"footnotes":""},"class_list":["post-157","page","type-page","status-publish","hentry"],"translation":{"provider":"WPGlobus","version":"3.0.2","language":"en","enabled_languages":["de","en"],"languages":{"de":{"title":true,"content":true,"excerpt":false},"en":{"title":false,"content":false,"excerpt":false}}},"_links":{"self":[{"href":"https:\/\/www.spring-reiter.de\/en\/index.php\/wp-json\/wp\/v2\/pages\/157","targetHints":{"allow":["GET"]}}],"collection":[{"href":"https:\/\/www.spring-reiter.de\/en\/index.php\/wp-json\/wp\/v2\/pages"}],"about":[{"href":"https:\/\/www.spring-reiter.de\/en\/index.php\/wp-json\/wp\/v2\/types\/page"}],"author":[{"embeddable":true,"href":"https:\/\/www.spring-reiter.de\/en\/index.php\/wp-json\/wp\/v2\/users\/2"}],"replies":[{"embeddable":true,"href":"https:\/\/www.spring-reiter.de\/en\/index.php\/wp-json\/wp\/v2\/comments?post=157"}],"version-history":[{"count":12,"href":"https:\/\/www.spring-reiter.de\/en\/index.php\/wp-json\/wp\/v2\/pages\/157\/revisions"}],"predecessor-version":[{"id":100831,"href":"https:\/\/www.spring-reiter.de\/en\/index.php\/wp-json\/wp\/v2\/pages\/157\/revisions\/100831"}],"wp:attachment":[{"href":"https:\/\/www.spring-reiter.de\/en\/index.php\/wp-json\/wp\/v2\/media?parent=157"}],"curies":[{"name":"wp","href":"https:\/\/api.w.org\/{rel}","templated":true}]}}