{"id":99,"date":"2016-08-24T11:26:39","date_gmt":"2016-08-24T09:26:39","guid":{"rendered":"http:\/\/www.spring-reiter.de\/?page_id=99"},"modified":"2024-01-09T19:57:35","modified_gmt":"2024-01-09T18:57:35","slug":"ranglisten-landesverbaende-baden-wuerttemberg","status":"publish","type":"page","link":"https:\/\/www.spring-reiter.de\/en\/index.php\/ranglisten-landesverbaende-baden-wuerttemberg\/","title":{"rendered":"Ranglisten Landesverb\u00e4nde: Baden-W\u00fcrttemberg"},"content":{"rendered":"<h3>Rangliste 2024 (alle Altersklassen)<\/h3>\n<div class=\"blockElementInline clearfix width_100Percent paddingTop_5px toolbartableReiter\">\n<div class=\"attentionBox lightYellow\">\n<table id=\"tableReiter\" class=\"mojaBox border_1px dataTable\" aria-describedby=\"tableReiter_info\">\n<thead>\n<tr role=\"row\">\n<th class=\"size_54 titleBarCols textAlign_left grey withBorder textAlign_right ui-state-default\" tabindex=\"0\" title=\"Platz\" role=\"columnheader\" colspan=\"1\" rowspan=\"1\" aria-controls=\"tableReiter\" aria-label=\"Platz: activate to sort column ascending\">\n<div class=\"DataTables_sort_wrapper\">\n<div class=\"sortDownUnselected sortHeight_1row\">Platz<\/div>\n<\/div>\n<\/th>\n<th class=\"size_228 titleBarCols textAlign_left grey withBorder ui-state-default\" tabindex=\"0\" title=\"Name, Vorname\" role=\"columnheader\" colspan=\"1\" rowspan=\"1\" aria-controls=\"tableReiter\" aria-label=\"Name, Vorname: activate to sort column ascending\">\n<div class=\"DataTables_sort_wrapper\">\n<div class=\"sortDownUnselected sortHeight_1row\">Name, Vorname<\/div>\n<\/div>\n<\/th>\n<th class=\"size_116 titleBarCols textAlign_left grey withBorder ui-state-default\" tabindex=\"0\" title=\"Altersgruppe\" role=\"columnheader\" colspan=\"1\" rowspan=\"1\" aria-controls=\"tableReiter\" aria-label=\"Altersgruppe: activate to sort column ascending\">\n<div class=\"DataTables_sort_wrapper\">\n<div class=\"sortDownUnselected sortHeight_1row\">Altersgruppe<\/div>\n<\/div>\n<\/th>\n<th class=\"size_292 titleBarCols textAlign_left grey withBorder ui-state-default\" tabindex=\"0\" title=\"Verband, Kreis und Verein\" role=\"columnheader\" colspan=\"1\" rowspan=\"1\" aria-controls=\"tableReiter\" aria-label=\"Verband, Kreis und Verein: activate to sort column ascending\">\n<div class=\"DataTables_sort_wrapper\">\n<div class=\"sortDownUnselected sortHeight_1row\">Verband, Kreis und Verein<\/div>\n<\/div>\n<\/th>\n<th class=\"size_90 titleBarCols textAlign_left grey withBorder ui-state-default\" tabindex=\"0\" title=\"Option\" role=\"columnheader\" colspan=\"1\" rowspan=\"1\" aria-controls=\"tableReiter\" aria-label=\"Option: activate to sort column ascending\">\n<div class=\"DataTables_sort_wrapper\">\n<div class=\"sortDownUnselected sortHeight_1row\">Option<\/div>\n<\/div>\n<\/th>\n<th class=\"size_90 titleBarCols textAlign_left grey withBorder ui-state-default\" tabindex=\"0\" title=\"Leistungsklasse\" role=\"columnheader\" colspan=\"1\" rowspan=\"1\" aria-controls=\"tableReiter\" aria-label=\"LK: activate to sort column ascending\">\n<div class=\"DataTables_sort_wrapper\">\n<div class=\"sortDownUnselected sortHeight_1row\">LK<\/div>\n<\/div>\n<\/th>\n<th class=\"size_84 titleBarCols textAlign_left grey noBorder withBorderTop textAlign_right ui-state-default\" tabindex=\"0\" title=\"Ranglistenpunkte f\u00fcr\" role=\"columnheader\" colspan=\"1\" rowspan=\"1\" aria-controls=\"tableReiter\" aria-label=\"RLP: activate to sort column ascending\">\n<div class=\"DataTables_sort_wrapper\">\n<div class=\"sortDownUnselected sortHeight_1row\">RLP<\/div>\n<\/div>\n<\/th>\n<\/tr>\n<\/thead>\n<tbody role=\"alert\" aria-live=\"polite\" aria-relevant=\"all\">\n<tr class=\"odd\">\n<td class=\"size_54 withBorder textAlign_right\">1<\/td>\n<td class=\"size_228 withBorder\"><a href=\"https:\/\/www.fnverlag.de\/fn-erfolgsdaten\/richard-vogel-reiter-fahrer--ausbilder\/person\/9FtwQoqXWD4_GLE_\">Vogel, Richard<\/a><\/td>\n<td class=\"size_116 withBorder\">Reiter<\/td>\n<td class=\"size_292 withBorder\">PSV Baden-W\u00fcrtt.<br \/>\nBadische Pfalz (124)<br \/>\nRV Mannheim<\/td>\n<td class=\"size_90 withBorder\">Nicht Amateur<\/td>\n<td class=\"size_90 withBorder\">1<\/td>\n<td class=\"size_84 withBorderTop textAlign_right\">171511<\/td>\n<\/tr>\n<tr class=\"even\">\n<td class=\"size_54 withBorder textAlign_right\">2<\/td>\n<td class=\"size_228 withBorder\"><a href=\"https:\/\/www.fnverlag.de\/fn-erfolgsdaten\/hans-dieter-dreher-reiter-fahrer\/person\/bqoyLrDBA_DASH_s_GLE_\">Dreher, Hans-Dieter<\/a><\/td>\n<td class=\"size_116 withBorder\">Reiter<\/td>\n<td class=\"size_292 withBorder\">PSV Baden-W\u00fcrtt.<br \/>\nOberrhein (746)<br \/>\nRV Dreil\u00e4ndereck<\/td>\n<td class=\"size_90 withBorder\">Nicht Amateur<\/td>\n<td class=\"size_90 withBorder\">1<\/td>\n<td class=\"size_84 withBorderTop textAlign_right\">155356<\/td>\n<\/tr>\n<tr class=\"odd\">\n<td class=\"size_54 withBorder textAlign_right\">3<\/td>\n<td class=\"size_228 withBorder\"><a href=\"https:\/\/www.fnverlag.de\/fn-erfolgsdaten\/michael-jung-reiter-fahrer--zuechter--ausbilder\/person\/aWhwq42KZWM_GLE_\">Jung, Michael<\/a><\/td>\n<td class=\"size_116 withBorder\">Reiter<\/td>\n<td class=\"size_292 withBorder\">PSV Baden-W\u00fcrtt.<br \/>\nNordschwarzwald (059)<br \/>\nRSG Altheim<\/td>\n<td class=\"size_90 withBorder\">Nicht Amateur<\/td>\n<td class=\"size_90 withBorder\">1<\/td>\n<td class=\"size_84 withBorderTop textAlign_right\">55769<\/td>\n<\/tr>\n<tr class=\"even\">\n<td class=\"size_54 withBorder textAlign_right\">4<\/td>\n<td class=\"size_228 withBorder\"><a href=\"https:\/\/www.fnverlag.de\/fn-erfolgsdaten\/guenter-treiber-reiter-fahrer--zuechter--ausbilder\/person\/i_PLUS_7PXTKqXF4_GLE_\">Treiber, G\u00fcnter<\/a><\/td>\n<td class=\"size_116 withBorder\">Reiter<\/td>\n<td class=\"size_292 withBorder\">PSV Baden-W\u00fcrtt.<br \/>\nBadische Pfalz (124)<br \/>\nRV Eppelheim<\/td>\n<td class=\"size_90 withBorder\">Nicht Amateur<\/td>\n<td class=\"size_90 withBorder\">1<\/td>\n<td class=\"size_84 withBorderTop textAlign_right\">41673<\/td>\n<\/tr>\n<tr class=\"odd\">\n<td class=\"size_54 withBorder textAlign_right\">5<\/td>\n<td class=\"size_228 withBorder\"><a href=\"https:\/\/www.fnverlag.de\/fn-erfolgsdaten\/pia-reich-reiter-fahrer\/person\/kJ8W7xZOVsc_GLE_\">Reich, Pia<\/a><\/td>\n<td class=\"size_116 withBorder\">Reiter<\/td>\n<td class=\"size_292 withBorder\">PSV Baden-W\u00fcrtt.<br \/>\nOberrhein (746)<br \/>\nRV Dreil\u00e4ndereck<\/td>\n<td class=\"size_90 withBorder\">Nicht Amateur<\/td>\n<td class=\"size_90 withBorder\">1<\/td>\n<td class=\"size_84 withBorderTop textAlign_right\">39822<\/td>\n<\/tr>\n<tr class=\"even\">\n<td class=\"size_54 withBorder textAlign_right\">6<\/td>\n<td class=\"size_228 withBorder\"><a href=\"https:\/\/www.fnverlag.de\/fn-erfolgsdaten\/elisabeth-meyer-reiter-fahrer--ausbilder\/person\/pgQ3dmFccrc_GLE_\">Meyer, Elisabeth<\/a><\/td>\n<td class=\"size_116 withBorder\">Reiter<\/td>\n<td class=\"size_292 withBorder\">PSV Baden-W\u00fcrtt.<br \/>\nDonau-Neckar (066)<br \/>\nRV H\u00fcttental e.V.<\/td>\n<td class=\"size_90 withBorder\">Nicht Amateur<\/td>\n<td class=\"size_90 withBorder\">2<\/td>\n<td class=\"size_84 withBorderTop textAlign_right\">36047<\/td>\n<\/tr>\n<tr class=\"odd\">\n<td class=\"size_54 withBorder textAlign_right\">7<\/td>\n<td class=\"size_228 withBorder\"><a href=\"https:\/\/www.fnverlag.de\/fn-erfolgsdaten\/alia-knack-reiter-fahrer\/person\/8h1rL4az4sM_GLE_\">Knack, Alia<\/a><\/td>\n<td class=\"size_116 withBorder\">Junger Reiter<\/td>\n<td class=\"size_292 withBorder\">PSV Baden-W\u00fcrtt.<br \/>\nBodensee (744)<br \/>\nRSZ Boll<\/td>\n<td class=\"size_90 withBorder\">Nicht Amateur<\/td>\n<td class=\"size_90 withBorder\">2<\/td>\n<td class=\"size_84 withBorderTop textAlign_right\">34283<\/td>\n<\/tr>\n<tr class=\"even\">\n<td class=\"size_54 withBorder textAlign_right\">8<\/td>\n<td class=\"size_228 withBorder\"><a href=\"https:\/\/www.fnverlag.de\/fn-erfolgsdaten\/marcel-marschall-reiter-fahrer\/person\/OkGz2QpAcao_GLE_\">Marschall, Marcel<\/a><\/td>\n<td class=\"size_116 withBorder\">Reiter<\/td>\n<td class=\"size_292 withBorder\">PSV Baden-W\u00fcrtt.<br \/>\nBiberach (058)<br \/>\nRV Altheim<\/td>\n<td class=\"size_90 withBorder\">Nicht Amateur<\/td>\n<td class=\"size_90 withBorder\">1<\/td>\n<td class=\"size_84 withBorderTop textAlign_right\">33020<\/td>\n<\/tr>\n<tr class=\"odd\">\n<td class=\"size_54 withBorder textAlign_right\">9<\/td>\n<td class=\"size_228 withBorder\"><a href=\"https:\/\/www.fnverlag.de\/fn-erfolgsdaten\/sascha-braun-reiter-fahrer--zuechter\/person\/nLHLMwiSX5k_GLE_\">Braun, Sascha<\/a><\/td>\n<td class=\"size_116 withBorder\">Reiter<\/td>\n<td class=\"size_292 withBorder\">PSV Baden-W\u00fcrtt.<br \/>\nOrtenau (745)<br \/>\nRC Achern<\/td>\n<td class=\"size_90 withBorder\">Nicht Amateur<\/td>\n<td class=\"size_90 withBorder\">1<\/td>\n<td class=\"size_84 withBorderTop textAlign_right\">29112<\/td>\n<\/tr>\n<tr class=\"even\">\n<td class=\"size_54 withBorder textAlign_right\">10<\/td>\n<td class=\"size_228 withBorder\"><a href=\"https:\/\/www.fnverlag.de\/fn-erfolgsdaten\/markus-koelz-reiter-fahrer--zuechter\/person\/vsZRsJCNUug_GLE_\">K\u00f6lz, Markus<\/a><\/td>\n<td class=\"size_116 withBorder\">Reiter<\/td>\n<td class=\"size_292 withBorder\">PSV Baden-W\u00fcrtt.<br \/>\nRems-Murr (022)<br \/>\nPSV Burkhardshof<\/td>\n<td class=\"size_90 withBorder\">Nicht Amateur<\/td>\n<td class=\"size_90 withBorder\">2<\/td>\n<td class=\"size_84 withBorderTop textAlign_right\">28017<\/td>\n<\/tr>\n<tr class=\"odd\">\n<td class=\"size_54 withBorder textAlign_right\">11<\/td>\n<td class=\"size_228 withBorder\"><a href=\"https:\/\/www.fnverlag.de\/fn-erfolgsdaten\/armin-jun.-schaefer-reiter-fahrer--zuechter\/person\/6eRZsSifcb4_GLE_\">Sch\u00e4fer, Armin Jun.<\/a><\/td>\n<td class=\"size_116 withBorder\">Reiter<\/td>\n<td class=\"size_292 withBorder\">PSV Baden-W\u00fcrtt.<br \/>\nBadische Pfalz (124)<br \/>\nRV Mannheim<\/td>\n<td class=\"size_90 withBorder\">Nicht Amateur<\/td>\n<td class=\"size_90 withBorder\">1<\/td>\n<td class=\"size_84 withBorderTop textAlign_right\">27094<\/td>\n<\/tr>\n<tr class=\"even\">\n<td class=\"size_54 withBorder textAlign_right\">12<\/td>\n<td class=\"size_228 withBorder\"><a href=\"https:\/\/www.fnverlag.de\/fn-erfolgsdaten\/michael-herhalt-reiter-fahrer\/person\/QQqJY_DASH_0BQck_GLE_\">Herhalt, Michael<\/a><\/td>\n<td class=\"size_116 withBorder\">Reiter<\/td>\n<td class=\"size_292 withBorder\">PSV Baden-W\u00fcrtt.<br \/>\nSchwarzwald-Baar (754)<br \/>\nRZ Frese Immenh\u00f6fe e.V.<\/td>\n<td class=\"size_90 withBorder\">Nicht Amateur<\/td>\n<td class=\"size_90 withBorder\">2<\/td>\n<td class=\"size_84 withBorderTop textAlign_right\">26136<\/td>\n<\/tr>\n<tr class=\"odd\">\n<td class=\"size_54 withBorder textAlign_right\">13<\/td>\n<td class=\"size_228 withBorder\"><a href=\"https:\/\/www.fnverlag.de\/fn-erfolgsdaten\/tim-hoster-reiter-fahrer\/person\/WSjoVpeC6DA_GLE_\">Hoster, Tim<\/a><\/td>\n<td class=\"size_116 withBorder\">Reiter<\/td>\n<td class=\"size_292 withBorder\">PSV Baden-W\u00fcrtt.<br \/>\nOberschwaben (068)<br \/>\nRFV Pfullendorf e.V.<\/td>\n<td class=\"size_90 withBorder\">Nicht Amateur<\/td>\n<td class=\"size_90 withBorder\">2<\/td>\n<td class=\"size_84 withBorderTop textAlign_right\">25625<\/td>\n<\/tr>\n<tr class=\"even\">\n<td class=\"size_54 withBorder textAlign_right\">14<\/td>\n<td class=\"size_228 withBorder\"><a href=\"https:\/\/www.fnverlag.de\/fn-erfolgsdaten\/adrian-schmid-reiter-fahrer\/person\/c7HuFP1UhQI_GLE_\">Schmid, Adrian<\/a><\/td>\n<td class=\"size_116 withBorder\">Reiter<\/td>\n<td class=\"size_292 withBorder\">PSV Baden-W\u00fcrtt.<br \/>\nBodensee (744)<br \/>\nRSZ Boll<\/td>\n<td class=\"size_90 withBorder\">Nicht Amateur<\/td>\n<td class=\"size_90 withBorder\">2<\/td>\n<td class=\"size_84 withBorderTop textAlign_right\">24009<\/td>\n<\/tr>\n<tr class=\"odd\">\n<td class=\"size_54 withBorder textAlign_right\">15<\/td>\n<td class=\"size_228 withBorder\"><a href=\"https:\/\/www.fnverlag.de\/fn-erfolgsdaten\/mario-walter-reiter-fahrer--zuechter\/person\/pJByD1dUaDE_GLE_\">Walter, Mario<\/a><\/td>\n<td class=\"size_116 withBorder\">Reiter<\/td>\n<td class=\"size_292 withBorder\">PSV Baden-W\u00fcrtt.<br \/>\nOstalb (004)<br \/>\nRSG Ostalb<\/td>\n<td class=\"size_90 withBorder\">Nicht Amateur<\/td>\n<td class=\"size_90 withBorder\">2<\/td>\n<td class=\"size_84 withBorderTop textAlign_right\">23282<\/td>\n<\/tr>\n<tr class=\"even\">\n<td class=\"size_54 withBorder textAlign_right\">16<\/td>\n<td class=\"size_228 withBorder\"><a href=\"https:\/\/www.fnverlag.de\/fn-erfolgsdaten\/hannah-schleef-reiter-fahrer\/person\/iF7JnCuh8xQ_GLE_\">Schleef, Hannah<\/a><\/td>\n<td class=\"size_116 withBorder\">Reiter<\/td>\n<td class=\"size_292 withBorder\">PSV Baden-W\u00fcrtt.<br \/>\nBadische Pfalz (124)<br \/>\nRV Mannheim<\/td>\n<td class=\"size_90 withBorder\">Nicht Amateur<\/td>\n<td class=\"size_90 withBorder\">2<\/td>\n<td class=\"size_84 withBorderTop textAlign_right\">21655<\/td>\n<\/tr>\n<tr class=\"odd\">\n<td class=\"size_54 withBorder textAlign_right\">17<\/td>\n<td class=\"size_228 withBorder\"><a href=\"https:\/\/www.fnverlag.de\/fn-erfolgsdaten\/soenke-aldinger-reiter-fahrer--ausbilder\/person\/j7EcsgBUHMY_GLE_\">Aldinger, S\u00f6nke<\/a><\/td>\n<td class=\"size_116 withBorder\">Reiter<\/td>\n<td class=\"size_292 withBorder\">PSV Baden-W\u00fcrtt.<br \/>\nNordschwarzwald (059)<br \/>\nRSC Salzstetten<\/td>\n<td class=\"size_90 withBorder\">Nicht Amateur<\/td>\n<td class=\"size_90 withBorder\">1<\/td>\n<td class=\"size_84 withBorderTop textAlign_right\">20812<\/td>\n<\/tr>\n<tr class=\"even\">\n<td class=\"size_54 withBorder textAlign_right\">18<\/td>\n<td class=\"size_228 withBorder\"><a href=\"https:\/\/www.fnverlag.de\/fn-erfolgsdaten\/elena-malin-reitzner-reiter-fahrer\/person\/olyfWFjfrEs_GLE_\">Reitzner, Elena-Malin<\/a><\/td>\n<td class=\"size_116 withBorder\">Junger Reiter<\/td>\n<td class=\"size_292 withBorder\">PSV Baden-W\u00fcrtt.<br \/>\nBadische Pfalz (124)<br \/>\nRFV 1952 Schwetzingen e.V.<\/td>\n<td class=\"size_90 withBorder\">Nicht Amateur<\/td>\n<td class=\"size_90 withBorder\">2<\/td>\n<td class=\"size_84 withBorderTop textAlign_right\">19941<\/td>\n<\/tr>\n<tr class=\"odd\">\n<td class=\"size_54 withBorder textAlign_right\">19<\/td>\n<td class=\"size_228 withBorder\"><a href=\"https:\/\/www.fnverlag.de\/fn-erfolgsdaten\/alexander-schill-reiter-fahrer--turnierfachkraft--ausbilder\/person\/Mcr80PT_DASH_uFg_GLE_\">Schill, Alexander<\/a><\/td>\n<td class=\"size_116 withBorder\">Reiter<\/td>\n<td class=\"size_292 withBorder\">PSV Baden-W\u00fcrtt.<br \/>\nOrtenau (745)<br \/>\nRV Ichenheim<\/td>\n<td class=\"size_90 withBorder\">Nicht Amateur<\/td>\n<td class=\"size_90 withBorder\">1<\/td>\n<td class=\"size_84 withBorderTop textAlign_right\">19764<\/td>\n<\/tr>\n<tr class=\"even\">\n<td class=\"size_54 withBorder textAlign_right\">20<\/td>\n<td class=\"size_228 withBorder\"><a href=\"https:\/\/www.fnverlag.de\/fn-erfolgsdaten\/lea-sophia-gut-reiter-fahrer\/person\/GZp4EfCDc_PLUS_4_GLE_\">Gut, Lea Sophia<\/a><\/td>\n<td class=\"size_116 withBorder\">Junger Reiter<\/td>\n<td class=\"size_292 withBorder\">PSV Baden-W\u00fcrtt.<br \/>\nBiberach (058)<br \/>\nRV Sulmingen<\/td>\n<td class=\"size_90 withBorder\">Nicht Amateur<\/td>\n<td class=\"size_90 withBorder\">1<\/td>\n<td class=\"size_84 withBorderTop textAlign_right\">19410<\/td>\n<\/tr>\n<tr class=\"odd\">\n<td class=\"size_54 withBorder textAlign_right\">21<\/td>\n<td class=\"size_228 withBorder\"><a href=\"https:\/\/www.fnverlag.de\/fn-erfolgsdaten\/pia-luise-baur-reiter-fahrer--ausbilder\/person\/2mfDco1lyps_GLE_\">Baur, Pia-Luise<\/a><\/td>\n<td class=\"size_116 withBorder\">Reiter<\/td>\n<td class=\"size_292 withBorder\">PSV Baden-W\u00fcrtt.<br \/>\nMittelbaden (750)<br \/>\nTSG Durmersheim Hardt e.V.<\/td>\n<td class=\"size_90 withBorder\">Nicht Amateur<\/td>\n<td class=\"size_90 withBorder\">2<\/td>\n<td class=\"size_84 withBorderTop textAlign_right\">19168<\/td>\n<\/tr>\n<tr class=\"even\">\n<td class=\"size_54 withBorder textAlign_right\">22<\/td>\n<td class=\"size_228 withBorder\"><a href=\"https:\/\/www.fnverlag.de\/fn-erfolgsdaten\/sven-sieger-reiter-fahrer--zuechter\/person\/roQzBz1n5n8_GLE_\">Sieger, Sven<\/a><\/td>\n<td class=\"size_116 withBorder\">Reiter<\/td>\n<td class=\"size_292 withBorder\">PSV Baden-W\u00fcrtt.<br \/>\nOberschwaben (068)<br \/>\nRFV Bad Wurzach<\/td>\n<td class=\"size_90 withBorder\">Nicht Amateur<\/td>\n<td class=\"size_90 withBorder\">2<\/td>\n<td class=\"size_84 withBorderTop textAlign_right\">18381<\/td>\n<\/tr>\n<tr class=\"odd\">\n<td class=\"size_54 withBorder textAlign_right\">23<\/td>\n<td class=\"size_228 withBorder\"><a href=\"https:\/\/www.fnverlag.de\/fn-erfolgsdaten\/leonie-krieg-reiter-fahrer\/person\/TVWOnbpLNR4_GLE_\">Krieg, Leonie<\/a><\/td>\n<td class=\"size_116 withBorder\">Reiter<\/td>\n<td class=\"size_292 withBorder\">PSV Baden-W\u00fcrtt.<br \/>\nSchwarzwald-Baar (754)<br \/>\nRFV Donaueschingen<\/td>\n<td class=\"size_90 withBorder\">Nicht Amateur<\/td>\n<td class=\"size_90 withBorder\">2<\/td>\n<td class=\"size_84 withBorderTop textAlign_right\">18124<\/td>\n<\/tr>\n<tr class=\"even\">\n<td class=\"size_54 withBorder textAlign_right\">24<\/td>\n<td class=\"size_228 withBorder\"><a href=\"https:\/\/www.fnverlag.de\/fn-erfolgsdaten\/marian-mueller-reiter-fahrer--turnierfachkraft--ausbilder\/person\/7aE0s8KamtI_GLE_\">M\u00fcller, Marian<\/a><\/td>\n<td class=\"size_116 withBorder\">Reiter<\/td>\n<td class=\"size_292 withBorder\">PSV Baden-W\u00fcrtt.<br \/>\nOstalb (004)<br \/>\nRVF Schw\u00e4bisch Gm\u00fcnd<\/td>\n<td class=\"size_90 withBorder\">Nicht Amateur<\/td>\n<td class=\"size_90 withBorder\">2<\/td>\n<td class=\"size_84 withBorderTop textAlign_right\">17202<\/td>\n<\/tr>\n<tr class=\"odd\">\n<td class=\"size_54 withBorder textAlign_right\">25<\/td>\n<td class=\"size_228 withBorder\"><a href=\"https:\/\/www.fnverlag.de\/fn-erfolgsdaten\/alina-hertwig-reiter-fahrer\/person\/1hEKDvNphSs_GLE_\">Hertwig, Alina<\/a><\/td>\n<td class=\"size_116 withBorder\">Reiter<\/td>\n<td class=\"size_292 withBorder\">PSV Baden-W\u00fcrtt.<br \/>\nOberschwaben (068)<br \/>\nRV Meckenbeuren-Madenreute e.V<\/td>\n<td class=\"size_90 withBorder\">Nicht Amateur<\/td>\n<td class=\"size_90 withBorder\">2<\/td>\n<td class=\"size_84 withBorderTop textAlign_right\">16879<\/td>\n<\/tr>\n<tr class=\"even\">\n<td class=\"size_54 withBorder textAlign_right\">26<\/td>\n<td class=\"size_228 withBorder\"><a href=\"https:\/\/www.fnverlag.de\/fn-erfolgsdaten\/jan-mueller-reiter-fahrer\/person\/XPrjumIyBx8_GLE_\">M\u00fcller, Jan<\/a><\/td>\n<td class=\"size_116 withBorder\">Reiter<\/td>\n<td class=\"size_292 withBorder\">PSV Baden-W\u00fcrtt.<br \/>\nFranken (011)<br \/>\nRV Ilsfeld<\/td>\n<td class=\"size_90 withBorder\">Nicht Amateur<\/td>\n<td class=\"size_90 withBorder\">2<\/td>\n<td class=\"size_84 withBorderTop textAlign_right\">16436<\/td>\n<\/tr>\n<tr class=\"odd\">\n<td class=\"size_54 withBorder textAlign_right\">27<\/td>\n<td class=\"size_228 withBorder\"><a href=\"https:\/\/www.fnverlag.de\/fn-erfolgsdaten\/thomas-holz-reiter-fahrer--zuechter\/person\/P4XLhZmPJtw_GLE_\">Holz, Thomas<\/a><\/td>\n<td class=\"size_116 withBorder\">Reiter<\/td>\n<td class=\"size_292 withBorder\">PSV Baden-W\u00fcrtt.<br \/>\nSchwarzwald-Baar (754)<br \/>\nRSG Gnadental<\/td>\n<td class=\"size_90 withBorder\">Nicht Amateur<\/td>\n<td class=\"size_90 withBorder\">2<\/td>\n<td class=\"size_84 withBorderTop textAlign_right\">16370<\/td>\n<\/tr>\n<tr class=\"even\">\n<td class=\"size_54 withBorder textAlign_right\">28<\/td>\n<td class=\"size_228 withBorder\"><a href=\"https:\/\/www.fnverlag.de\/fn-erfolgsdaten\/jochen-teufel-reiter-fahrer--zuechter--ausbilder\/person\/qgF_PLUS_bCGSjsE_GLE_\">Teufel, Jochen<\/a><\/td>\n<td class=\"size_116 withBorder\">Reiter<\/td>\n<td class=\"size_292 withBorder\">PSV Baden-W\u00fcrtt.<br \/>\nOrtenau (745)<br \/>\nRC Altenheim<\/td>\n<td class=\"size_90 withBorder\">Nicht Amateur<\/td>\n<td class=\"size_90 withBorder\">2<\/td>\n<td class=\"size_84 withBorderTop textAlign_right\">15987<\/td>\n<\/tr>\n<tr class=\"odd\">\n<td class=\"size_54 withBorder textAlign_right\">29<\/td>\n<td class=\"size_228 withBorder\"><a href=\"https:\/\/www.fnverlag.de\/fn-erfolgsdaten\/remo-allgaeuer-reiter-fahrer\/person\/4mg4UiIRK74_GLE_\">Allg\u00e4uer, Remo<\/a><\/td>\n<td class=\"size_116 withBorder\">Reiter<\/td>\n<td class=\"size_292 withBorder\">PSV Baden-W\u00fcrtt.<br \/>\nOberschwaben (068)<br \/>\nRV Reute<\/td>\n<td class=\"size_90 withBorder\">Nicht Amateur<\/td>\n<td class=\"size_90 withBorder\">2<\/td>\n<td class=\"size_84 withBorderTop textAlign_right\">14764<\/td>\n<\/tr>\n<tr class=\"even\">\n<td class=\"size_54 withBorder textAlign_right\">30<\/td>\n<td class=\"size_228 withBorder\"><a href=\"https:\/\/www.fnverlag.de\/fn-erfolgsdaten\/lucas-wenz-reiter-fahrer\/person\/FEZt7TfCfF0_GLE_\">Wenz, Lucas<\/a><\/td>\n<td class=\"size_116 withBorder\">Reiter<\/td>\n<td class=\"size_292 withBorder\">PSV Baden-W\u00fcrtt.<br \/>\nLudwigsburg (014)<br \/>\nRV Sersheim<\/td>\n<td class=\"size_90 withBorder\">Nicht Amateur<\/td>\n<td class=\"size_90 withBorder\">2<\/td>\n<td class=\"size_84 withBorderTop textAlign_right\">14255<\/td>\n<\/tr>\n<tr class=\"odd\">\n<td class=\"size_54 withBorder textAlign_right\">31<\/td>\n<td class=\"size_228 withBorder\"><a href=\"https:\/\/www.fnverlag.de\/fn-erfolgsdaten\/kai-ruggaber-reiter-fahrer--ausbilder\/person\/656aNUk5dzU_GLE_\">Ruggaber, Kai<\/a><\/td>\n<td class=\"size_116 withBorder\">Reiter<\/td>\n<td class=\"size_292 withBorder\">PSV Baden-W\u00fcrtt.<br \/>\nOberrhein (746)<br \/>\nRC Hofgut Albf\u00fchren<\/td>\n<td class=\"size_90 withBorder\">Nicht Amateur<\/td>\n<td class=\"size_90 withBorder\">2<\/td>\n<td class=\"size_84 withBorderTop textAlign_right\">13901<\/td>\n<\/tr>\n<tr class=\"even\">\n<td class=\"size_54 withBorder textAlign_right\">32<\/td>\n<td class=\"size_228 withBorder\"><a href=\"https:\/\/www.fnverlag.de\/fn-erfolgsdaten\/niklas-krieg-reiter-fahrer\/person\/P_DASH_OhMZhMN60_GLE_\">Krieg, Niklas<\/a><\/td>\n<td class=\"size_116 withBorder\">Reiter<\/td>\n<td class=\"size_292 withBorder\">PSV Baden-W\u00fcrtt.<br \/>\nSchwarzwald-Baar (754)<br \/>\nRFV Donaueschingen<\/td>\n<td class=\"size_90 withBorder\">Nicht Amateur<\/td>\n<td class=\"size_90 withBorder\">2<\/td>\n<td class=\"size_84 withBorderTop textAlign_right\">13356<\/td>\n<\/tr>\n<tr class=\"odd\">\n<td class=\"size_54 withBorder textAlign_right\">33<\/td>\n<td class=\"size_228 withBorder\"><a href=\"https:\/\/www.fnverlag.de\/fn-erfolgsdaten\/mohamad-mogheeth-al-shehab-reiter-fahrer\/person\/PfICpeU38yI_GLE_\">Al Shehab, Mohamad Mogheeth<\/a><\/td>\n<td class=\"size_116 withBorder\">Reiter<\/td>\n<td class=\"size_292 withBorder\">PSV Baden-W\u00fcrtt.<br \/>\nB\u00f6blingen (006)<br \/>\nRFV Herrenberg<\/td>\n<td class=\"size_90 withBorder\">Nicht Amateur<\/td>\n<td class=\"size_90 withBorder\">2<\/td>\n<td class=\"size_84 withBorderTop textAlign_right\">13299<\/td>\n<\/tr>\n<tr class=\"even\">\n<td class=\"size_54 withBorder textAlign_right\">34<\/td>\n<td class=\"size_228 withBorder\"><a href=\"https:\/\/www.fnverlag.de\/fn-erfolgsdaten\/andy-witzemann-reiter-fahrer--zuechter\/person\/qqO02wSqYH0_GLE_\">Witzemann, Andy<\/a><\/td>\n<td class=\"size_116 withBorder\">Reiter<\/td>\n<td class=\"size_292 withBorder\">PSV Baden-W\u00fcrtt.<br \/>\nZollern-Alb (057)<br \/>\nPS-Team Winterlingen e.V.<\/td>\n<td class=\"size_90 withBorder\">Nicht Amateur<\/td>\n<td class=\"size_90 withBorder\">2<\/td>\n<td class=\"size_84 withBorderTop textAlign_right\">12829<\/td>\n<\/tr>\n<tr class=\"odd\">\n<td class=\"size_54 withBorder textAlign_right\">35<\/td>\n<td class=\"size_228 withBorder\"><a href=\"https:\/\/www.fnverlag.de\/fn-erfolgsdaten\/uwe-carstensen-reiter-fahrer--zuechter--turnierfachkraft--ausbilder\/person\/aA9Jk4qJlNI_GLE_\">Carstensen, Uwe<\/a><\/td>\n<td class=\"size_116 withBorder\">Reiter<\/td>\n<td class=\"size_292 withBorder\">PSV Baden-W\u00fcrtt.<br \/>\nAlb-Donau (003)<br \/>\nRC Riedheim<\/td>\n<td class=\"size_90 withBorder\">Nicht Amateur<\/td>\n<td class=\"size_90 withBorder\">2<\/td>\n<td class=\"size_84 withBorderTop textAlign_right\">11902<\/td>\n<\/tr>\n<tr class=\"even\">\n<td class=\"size_54 withBorder textAlign_right\">36<\/td>\n<td class=\"size_228 withBorder\"><a href=\"https:\/\/www.fnverlag.de\/fn-erfolgsdaten\/timo-beck-reiter-fahrer--ausbilder\/person\/52IS2VdTDB4_GLE_\">Beck, Timo<\/a><\/td>\n<td class=\"size_116 withBorder\">Reiter<\/td>\n<td class=\"size_292 withBorder\">PSV Baden-W\u00fcrtt.<br \/>\nH\u00fcgelland (326)<br \/>\nPforzheimer Reiterverein e.V.<\/td>\n<td class=\"size_90 withBorder\">Nicht Amateur<\/td>\n<td class=\"size_90 withBorder\">1<\/td>\n<td class=\"size_84 withBorderTop textAlign_right\">11787<\/td>\n<\/tr>\n<tr class=\"odd\">\n<td class=\"size_54 withBorder textAlign_right\">37<\/td>\n<td class=\"size_228 withBorder\"><a href=\"https:\/\/www.fnverlag.de\/fn-erfolgsdaten\/alessandra-reich-reiter-fahrer\/person\/OR9wc7rhFL8_GLE_\">Reich, Alessandra<\/a><\/td>\n<td class=\"size_116 withBorder\">Reiter<\/td>\n<td class=\"size_292 withBorder\">PSV Baden-W\u00fcrtt.<br \/>\nB\u00f6blingen (006)<br \/>\nRC Aischbach G\u00fcltstein<\/td>\n<td class=\"size_90 withBorder\">Nicht Amateur<\/td>\n<td class=\"size_90 withBorder\">2<\/td>\n<td class=\"size_84 withBorderTop textAlign_right\">11720<\/td>\n<\/tr>\n<tr class=\"even\">\n<td class=\"size_54 withBorder textAlign_right\">38<\/td>\n<td class=\"size_228 withBorder\"><a href=\"https:\/\/www.fnverlag.de\/fn-erfolgsdaten\/christopher-frazer-reiter-fahrer\/person\/_PLUS_SFIV2S_DASH_UIw_GLE_\">Frazer, Christopher<\/a><\/td>\n<td class=\"size_116 withBorder\">Reiter<\/td>\n<td class=\"size_292 withBorder\">PSV Baden-W\u00fcrtt.<br \/>\nT\u00fcbingen (069)<br \/>\nRV Pulverm\u00fchle Du\u00dflingen<\/td>\n<td class=\"size_90 withBorder\">Nicht Amateur<\/td>\n<td class=\"size_90 withBorder\">2<\/td>\n<td class=\"size_84 withBorderTop textAlign_right\">11649<\/td>\n<\/tr>\n<tr class=\"odd\">\n<td class=\"size_54 withBorder textAlign_right\">39<\/td>\n<td class=\"size_228 withBorder\"><a href=\"https:\/\/www.fnverlag.de\/fn-erfolgsdaten\/julian-holzmann-reiter-fahrer\/person\/J0j5UZOK1no_GLE_\">Holzmann, Julian<\/a><\/td>\n<td class=\"size_116 withBorder\">Junger Reiter<\/td>\n<td class=\"size_292 withBorder\">PSV Baden-W\u00fcrtt.<br \/>\nBadische Pfalz (124)<br \/>\nPSG Schriesheim e.V.<\/td>\n<td class=\"size_90 withBorder\">Nicht Amateur<\/td>\n<td class=\"size_90 withBorder\">2<\/td>\n<td class=\"size_84 withBorderTop textAlign_right\">11105<\/td>\n<\/tr>\n<tr class=\"even\">\n<td class=\"size_54 withBorder textAlign_right\">40<\/td>\n<td class=\"size_228 withBorder\"><a href=\"https:\/\/www.fnverlag.de\/fn-erfolgsdaten\/barbara-steurer-collee-reiter-fahrer\/person\/K9IS0J3hcfc_GLE_\">Steurer-Collee, Barbara<\/a><\/td>\n<td class=\"size_116 withBorder\">Reiter<\/td>\n<td class=\"size_292 withBorder\">PSV Baden-W\u00fcrtt.<br \/>\nNordschwarzwald (059)<br \/>\nRA TV Alpirsbach-R\u00f6tenbach<\/td>\n<td class=\"size_90 withBorder\">Nicht Amateur<\/td>\n<td class=\"size_90 withBorder\">1<\/td>\n<td class=\"size_84 withBorderTop textAlign_right\">10998<\/td>\n<\/tr>\n<tr class=\"odd\">\n<td class=\"size_54 withBorder textAlign_right\">41<\/td>\n<td class=\"size_228 withBorder\"><a href=\"https:\/\/www.fnverlag.de\/fn-erfolgsdaten\/marvin-frey-reiter-fahrer\/person\/BigJjjhhFeo_GLE_\">Frey, Marvin<\/a><\/td>\n<td class=\"size_116 withBorder\">Reiter<\/td>\n<td class=\"size_292 withBorder\">PSV Baden-W\u00fcrtt.<br \/>\nRems-Murr (022)<br \/>\nPSV Burkhardshof<\/td>\n<td class=\"size_90 withBorder\">Nicht Amateur<\/td>\n<td class=\"size_90 withBorder\">2<\/td>\n<td class=\"size_84 withBorderTop textAlign_right\">10600<\/td>\n<\/tr>\n<tr class=\"even\">\n<td class=\"size_54 withBorder textAlign_right\">42<\/td>\n<td class=\"size_228 withBorder\"><a href=\"https:\/\/www.fnverlag.de\/fn-erfolgsdaten\/julian-stahl-reiter-fahrer--ausbilder\/person\/Ms57ZqRx3FM_GLE_\">Stahl, Julian<\/a><\/td>\n<td class=\"size_116 withBorder\">Reiter<\/td>\n<td class=\"size_292 withBorder\">PSV Baden-W\u00fcrtt.<br \/>\nB\u00f6blingen (006)<br \/>\nRC Aischbach G\u00fcltstein<\/td>\n<td class=\"size_90 withBorder\">Nicht Amateur<\/td>\n<td class=\"size_90 withBorder\">2<\/td>\n<td class=\"size_84 withBorderTop textAlign_right\">10486<\/td>\n<\/tr>\n<tr class=\"odd\">\n<td class=\"size_54 withBorder textAlign_right\">43<\/td>\n<td class=\"size_228 withBorder\"><a href=\"https:\/\/www.fnverlag.de\/fn-erfolgsdaten\/nikolaus-leckebusch-peters-reiter-fahrer\/person\/aDW0auBPCqw_GLE_\">Leckebusch-Peters, Nikolaus<\/a><\/td>\n<td class=\"size_116 withBorder\">Reiter<\/td>\n<td class=\"size_292 withBorder\">PSV Baden-W\u00fcrtt.<br \/>\nNordschwarzwald (059)<br \/>\nRSC Salzstetten<\/td>\n<td class=\"size_90 withBorder\">Nicht Amateur<\/td>\n<td class=\"size_90 withBorder\">2<\/td>\n<td class=\"size_84 withBorderTop textAlign_right\">10421<\/td>\n<\/tr>\n<tr class=\"even\">\n<td class=\"size_54 withBorder textAlign_right\">44<\/td>\n<td class=\"size_228 withBorder\"><a href=\"https:\/\/www.fnverlag.de\/fn-erfolgsdaten\/gerhard-riehle-reiter-fahrer--zuechter\/person\/e52Q8_DASH_2bMnw_GLE_\">Riehle, Gerhard<\/a><\/td>\n<td class=\"size_116 withBorder\">Reiter<\/td>\n<td class=\"size_292 withBorder\">PSV Baden-W\u00fcrtt.<br \/>\nDonau-Neckar (066)<br \/>\nRV H\u00fcttental e.V.<\/td>\n<td class=\"size_90 withBorder\">Nicht Amateur<\/td>\n<td class=\"size_90 withBorder\">2<\/td>\n<td class=\"size_84 withBorderTop textAlign_right\">9754<\/td>\n<\/tr>\n<tr class=\"odd\">\n<td class=\"size_54 withBorder textAlign_right\">45<\/td>\n<td class=\"size_228 withBorder\"><a href=\"https:\/\/www.fnverlag.de\/fn-erfolgsdaten\/pascal-lindner-reiter-fahrer\/person\/7ECSzNiLd7E_GLE_\">Lindner, Pascal<\/a><\/td>\n<td class=\"size_116 withBorder\">Reiter<\/td>\n<td class=\"size_292 withBorder\">PSV Baden-W\u00fcrtt.<br \/>\nFranken (011)<br \/>\nRV Ilsfeld<\/td>\n<td class=\"size_90 withBorder\">Nicht Amateur<\/td>\n<td class=\"size_90 withBorder\">2<\/td>\n<td class=\"size_84 withBorderTop textAlign_right\">9712<\/td>\n<\/tr>\n<tr class=\"even\">\n<td class=\"size_54 withBorder textAlign_right\">46<\/td>\n<td class=\"size_228 withBorder\"><a href=\"https:\/\/www.fnverlag.de\/fn-erfolgsdaten\/tina-deuerer-reiter-fahrer\/person\/ucTkUArMQqs_GLE_\">Deuerer, Tina<\/a><\/td>\n<td class=\"size_116 withBorder\">Reiter<\/td>\n<td class=\"size_292 withBorder\">PSV Baden-W\u00fcrtt.<br \/>\nBadische Pfalz (124)<br \/>\nRV Eppelheim<\/td>\n<td class=\"size_90 withBorder\">Nicht Amateur<\/td>\n<td class=\"size_90 withBorder\">2<\/td>\n<td class=\"size_84 withBorderTop textAlign_right\">9596<\/td>\n<\/tr>\n<tr class=\"odd\">\n<td class=\"size_54 withBorder textAlign_right\">47<\/td>\n<td class=\"size_228 withBorder\"><a href=\"https:\/\/www.fnverlag.de\/fn-erfolgsdaten\/eva-maria-luehr-reiter-fahrer--ausbilder\/person\/4ldSOSEF73A_GLE_\">L\u00fchr, Eva-Maria<\/a><\/td>\n<td class=\"size_116 withBorder\">Reiter<\/td>\n<td class=\"size_292 withBorder\">PSV Baden-W\u00fcrtt.<br \/>\nB\u00f6blingen (006)<br \/>\nPSV Hohe Eichen<\/td>\n<td class=\"size_90 withBorder\">Nicht Amateur<\/td>\n<td class=\"size_90 withBorder\">2<\/td>\n<td class=\"size_84 withBorderTop textAlign_right\">9481<\/td>\n<\/tr>\n<tr class=\"even\">\n<td class=\"size_54 withBorder textAlign_right\">48<\/td>\n<td class=\"size_228 withBorder\"><a href=\"https:\/\/www.fnverlag.de\/fn-erfolgsdaten\/frank-wieland-reiter-fahrer--zuechter\/person\/dPwUxhSeXnE_GLE_\">Wieland, Frank<\/a><\/td>\n<td class=\"size_116 withBorder\">Reiter<\/td>\n<td class=\"size_292 withBorder\">PSV Baden-W\u00fcrtt.<br \/>\nOstalb (004)<br \/>\nRSG Ostalb<\/td>\n<td class=\"size_90 withBorder\">Nicht Amateur<\/td>\n<td class=\"size_90 withBorder\">2<\/td>\n<td class=\"size_84 withBorderTop textAlign_right\">9314<\/td>\n<\/tr>\n<tr class=\"odd\">\n<td class=\"size_54 withBorder textAlign_right\">49<\/td>\n<td class=\"size_228 withBorder\"><a href=\"https:\/\/www.fnverlag.de\/fn-erfolgsdaten\/sebastian-heller-reiter-fahrer--ausbilder\/person\/L1VSZKvDLq4_GLE_\">Heller, Sebastian<\/a><\/td>\n<td class=\"size_116 withBorder\">Reiter<\/td>\n<td class=\"size_292 withBorder\">PSV Baden-W\u00fcrtt.<br \/>\nRems-Murr (022)<br \/>\nRV Winnenden u.U.e.V.<\/td>\n<td class=\"size_90 withBorder\">Nicht Amateur<\/td>\n<td class=\"size_90 withBorder\">2<\/td>\n<td class=\"size_84 withBorderTop textAlign_right\">9161<\/td>\n<\/tr>\n<tr class=\"even\">\n<td class=\"size_54 withBorder textAlign_right\">50<\/td>\n<td class=\"size_228 withBorder\"><a href=\"https:\/\/www.fnverlag.de\/fn-erfolgsdaten\/karla-schumacher-reiter-fahrer\/person\/hY677nZpyAI_GLE_\">Schumacher, Karla<\/a><\/td>\n<td class=\"size_116 withBorder\">Junior<\/td>\n<td class=\"size_292 withBorder\">PSV Baden-W\u00fcrtt.<br \/>\nBadische Pfalz (124)<br \/>\nTG Birkigh\u00f6fe Eppelheim<\/td>\n<td class=\"size_90 withBorder\">Nicht Amateur<\/td>\n<td class=\"size_90 withBorder\">2<\/td>\n<td class=\"size_84 withBorderTop textAlign_right\">8919<\/td>\n<\/tr>\n<tr class=\"odd\">\n<td class=\"size_54 withBorder textAlign_right\">51<\/td>\n<td class=\"size_228 withBorder\"><a href=\"https:\/\/www.fnverlag.de\/fn-erfolgsdaten\/armin-engelhardt-reiter-fahrer\/person\/Hq6VSUdYYLM_GLE_\">Engelhardt, Armin<\/a><\/td>\n<td class=\"size_116 withBorder\">Reiter<\/td>\n<td class=\"size_292 withBorder\">PSV Baden-W\u00fcrtt.<br \/>\nSchwarzwald-Baar (754)<br \/>\nRSG Riedwiese Fischbach<\/td>\n<td class=\"size_90 withBorder\">Nicht Amateur<\/td>\n<td class=\"size_90 withBorder\">2<\/td>\n<td class=\"size_84 withBorderTop textAlign_right\">8801<\/td>\n<\/tr>\n<tr class=\"even\">\n<td class=\"size_54 withBorder textAlign_right\">52<\/td>\n<td class=\"size_228 withBorder\"><a href=\"https:\/\/www.fnverlag.de\/fn-erfolgsdaten\/andreas-wittlinger-reiter-fahrer--zuechter\/person\/ApCVrIQF524_GLE_\">Wittlinger, Andreas<\/a><\/td>\n<td class=\"size_116 withBorder\">Reiter<\/td>\n<td class=\"size_292 withBorder\">PSV Baden-W\u00fcrtt.<br \/>\nZollern-Alb (057)<br \/>\nRSZ Hohenzollern<\/td>\n<td class=\"size_90 withBorder\">Nicht Amateur<\/td>\n<td class=\"size_90 withBorder\">2<\/td>\n<td class=\"size_84 withBorderTop textAlign_right\">8707<\/td>\n<\/tr>\n<tr class=\"odd\">\n<td class=\"size_54 withBorder textAlign_right\">53<\/td>\n<td class=\"size_228 withBorder\"><a href=\"https:\/\/www.fnverlag.de\/fn-erfolgsdaten\/thomas-teufel-reiter-fahrer\/person\/ePucmWJaKEc_GLE_\">Teufel, Thomas<\/a><\/td>\n<td class=\"size_116 withBorder\">Reiter<\/td>\n<td class=\"size_292 withBorder\">PSV Baden-W\u00fcrtt.<br \/>\nOrtenau (745)<br \/>\nRC Altenheim<\/td>\n<td class=\"size_90 withBorder\">Nicht Amateur<\/td>\n<td class=\"size_90 withBorder\">2<\/td>\n<td class=\"size_84 withBorderTop textAlign_right\">8626<\/td>\n<\/tr>\n<tr class=\"even\">\n<td class=\"size_54 withBorder textAlign_right\">54<\/td>\n<td class=\"size_228 withBorder\"><a href=\"https:\/\/www.fnverlag.de\/fn-erfolgsdaten\/sven-schluesselburg-reiter-fahrer--ausbilder\/person\/dACDHg7Wo3k_GLE_\">Schl\u00fcsselburg, Sven<\/a><\/td>\n<td class=\"size_116 withBorder\">Reiter<\/td>\n<td class=\"size_292 withBorder\">PSV Baden-W\u00fcrtt.<br \/>\nFranken (011)<br \/>\nPLZ Engelsberg<\/td>\n<td class=\"size_90 withBorder\">Nicht Amateur<\/td>\n<td class=\"size_90 withBorder\">2<\/td>\n<td class=\"size_84 withBorderTop textAlign_right\">8511<\/td>\n<\/tr>\n<tr class=\"odd\">\n<td class=\"size_54 withBorder textAlign_right\">55<\/td>\n<td class=\"size_228 withBorder\"><a href=\"https:\/\/www.fnverlag.de\/fn-erfolgsdaten\/thomas-mang-reiter-fahrer--ausbilder\/person\/TPaQk3uWsBo_GLE_\">Mang, Thomas<\/a><\/td>\n<td class=\"size_116 withBorder\">Reiter<\/td>\n<td class=\"size_292 withBorder\">PSV Baden-W\u00fcrtt.<br \/>\nOberrhein (746)<br \/>\nRV Dreil\u00e4ndereck<\/td>\n<td class=\"size_90 withBorder\">Nicht Amateur<\/td>\n<td class=\"size_90 withBorder\">2<\/td>\n<td class=\"size_84 withBorderTop textAlign_right\">8197<\/td>\n<\/tr>\n<tr class=\"even\">\n<td class=\"size_54 withBorder textAlign_right\">56<\/td>\n<td class=\"size_228 withBorder\"><a href=\"https:\/\/www.fnverlag.de\/fn-erfolgsdaten\/felicitas-funk-reiter-fahrer\/person\/uslGl1XRmWE_GLE_\">Funk, Felicitas<\/a><\/td>\n<td class=\"size_116 withBorder\">Junger Reiter<\/td>\n<td class=\"size_292 withBorder\">PSV Baden-W\u00fcrtt.<br \/>\nBodensee (744)<br \/>\nRSZ Boll<\/td>\n<td class=\"size_90 withBorder\">Nicht Amateur<\/td>\n<td class=\"size_90 withBorder\">2<\/td>\n<td class=\"size_84 withBorderTop textAlign_right\">8170<\/td>\n<\/tr>\n<tr class=\"odd\">\n<td class=\"size_54 withBorder textAlign_right\">57<\/td>\n<td class=\"size_228 withBorder\"><a href=\"https:\/\/www.fnverlag.de\/fn-erfolgsdaten\/rudolf-arnold-reiter-fahrer--zuechter--ausbilder\/person\/OYu1MB0bkEA_GLE_\">Arnold, Rudolf<\/a><\/td>\n<td class=\"size_116 withBorder\">Reiter<\/td>\n<td class=\"size_292 withBorder\">PSV Baden-W\u00fcrtt.<br \/>\nReutlingen (065)<br \/>\nRFV W\u00fcrtingen<\/td>\n<td class=\"size_90 withBorder\">Nicht Amateur<\/td>\n<td class=\"size_90 withBorder\">2<\/td>\n<td class=\"size_84 withBorderTop textAlign_right\">7641<\/td>\n<\/tr>\n<tr class=\"even\">\n<td class=\"size_54 withBorder textAlign_right\">58<\/td>\n<td class=\"size_228 withBorder\"><a href=\"https:\/\/www.fnverlag.de\/fn-erfolgsdaten\/rebecca-hotz-reiter-fahrer--ausbilder\/person\/lAh_PLUS_W1HD9qc_GLE_\">Hotz, Rebecca<\/a><\/td>\n<td class=\"size_116 withBorder\">Reiter<\/td>\n<td class=\"size_292 withBorder\">PSV Baden-W\u00fcrtt.<br \/>\nOberrhein (746)<br \/>\nRV Schopfheim<\/td>\n<td class=\"size_90 withBorder\">Nicht Amateur<\/td>\n<td class=\"size_90 withBorder\">2<\/td>\n<td class=\"size_84 withBorderTop textAlign_right\">7507<\/td>\n<\/tr>\n<tr class=\"odd\">\n<td class=\"size_54 withBorder textAlign_right\">59<\/td>\n<td class=\"size_228 withBorder\"><a href=\"https:\/\/www.fnverlag.de\/fn-erfolgsdaten\/ralf-weischedel-reiter-fahrer--ausbilder\/person\/SzZajBU_PLUS_UYs_GLE_\">Weischedel, Ralf<\/a><\/td>\n<td class=\"size_116 withBorder\">Reiter<\/td>\n<td class=\"size_292 withBorder\">PSV Baden-W\u00fcrtt.<br \/>\nB\u00f6blingen (006)<br \/>\nPSV G\u00e4ufelden-Weildorf e.V.<\/td>\n<td class=\"size_90 withBorder\">Nicht Amateur<\/td>\n<td class=\"size_90 withBorder\">2<\/td>\n<td class=\"size_84 withBorderTop textAlign_right\">7495<\/td>\n<\/tr>\n<tr class=\"even\">\n<td class=\"size_54 withBorder textAlign_right\">60<\/td>\n<td class=\"size_228 withBorder\"><a href=\"https:\/\/www.fnverlag.de\/fn-erfolgsdaten\/nick-armbruster-reiter-fahrer\/person\/1n0vpU8QQ9A_GLE_\">Armbruster, Nick<\/a><\/td>\n<td class=\"size_116 withBorder\">Junior<\/td>\n<td class=\"size_292 withBorder\">PSV Baden-W\u00fcrtt.<br \/>\nOrtenau (745)<br \/>\nRV Schutterwald<\/td>\n<td class=\"size_90 withBorder\">Nicht Amateur<\/td>\n<td class=\"size_90 withBorder\">2<\/td>\n<td class=\"size_84 withBorderTop textAlign_right\">7366<\/td>\n<\/tr>\n<tr class=\"odd\">\n<td class=\"size_54 withBorder textAlign_right\">61<\/td>\n<td class=\"size_228 withBorder\"><a href=\"https:\/\/www.fnverlag.de\/fn-erfolgsdaten\/selina-koehl-reiter-fahrer--ausbilder\/person\/p4PYAc93igw_GLE_\">K\u00f6hl, Selina<\/a><\/td>\n<td class=\"size_116 withBorder\">Reiter<\/td>\n<td class=\"size_292 withBorder\">PSV Baden-W\u00fcrtt.<br \/>\nB\u00f6blingen (006)<br \/>\nRC Aischbach G\u00fcltstein<\/td>\n<td class=\"size_90 withBorder\">Nicht Amateur<\/td>\n<td class=\"size_90 withBorder\">2<\/td>\n<td class=\"size_84 withBorderTop textAlign_right\">7321<\/td>\n<\/tr>\n<tr class=\"even\">\n<td class=\"size_54 withBorder textAlign_right\">62<\/td>\n<td class=\"size_228 withBorder\"><a href=\"https:\/\/www.fnverlag.de\/fn-erfolgsdaten\/peter-doeffinger-reiter-fahrer\/person\/4F6Oza8Aq4I_GLE_\">D\u00f6ffinger, Peter<\/a><\/td>\n<td class=\"size_116 withBorder\">Reiter<\/td>\n<td class=\"size_292 withBorder\">PSV Baden-W\u00fcrtt.<br \/>\nB\u00f6blingen (006)<br \/>\nLRFV Weil der Stadt<\/td>\n<td class=\"size_90 withBorder\">Amateur<\/td>\n<td class=\"size_90 withBorder\">2<\/td>\n<td class=\"size_84 withBorderTop textAlign_right\">6664<\/td>\n<\/tr>\n<tr class=\"odd\">\n<td class=\"size_54 withBorder textAlign_right\">63<\/td>\n<td class=\"size_228 withBorder\"><a href=\"https:\/\/www.fnverlag.de\/fn-erfolgsdaten\/christian-pfeifer-reiter-fahrer--ausbilder\/person\/AbKbFBYOnoE_GLE_\">Pfeifer, Christian<\/a><\/td>\n<td class=\"size_116 withBorder\">Reiter<\/td>\n<td class=\"size_292 withBorder\">PSV Baden-W\u00fcrtt.<br \/>\nOstalb (004)<br \/>\nRSG unterm Hohenrechberg e.V.<\/td>\n<td class=\"size_90 withBorder\">Amateur<\/td>\n<td class=\"size_90 withBorder\">2<\/td>\n<td class=\"size_84 withBorderTop textAlign_right\">6541<\/td>\n<\/tr>\n<tr class=\"even\">\n<td class=\"size_54 withBorder textAlign_right\">64<\/td>\n<td class=\"size_228 withBorder\"><a href=\"https:\/\/www.fnverlag.de\/fn-erfolgsdaten\/christian-geissert-reiter-fahrer\/person\/irFu_DASH_pskzBw_GLE_\">Gei\u00dfert, Christian<\/a><\/td>\n<td class=\"size_116 withBorder\">Reiter<\/td>\n<td class=\"size_292 withBorder\">PSV Baden-W\u00fcrtt.<br \/>\nHardt (223)<br \/>\nRFV Graben e.V.<\/td>\n<td class=\"size_90 withBorder\">Amateur<\/td>\n<td class=\"size_90 withBorder\">2<\/td>\n<td class=\"size_84 withBorderTop textAlign_right\">6417<\/td>\n<\/tr>\n<tr class=\"odd\">\n<td class=\"size_54 withBorder textAlign_right\">65<\/td>\n<td class=\"size_228 withBorder\"><a href=\"https:\/\/www.fnverlag.de\/fn-erfolgsdaten\/constanze-pape-reiter-fahrer--ausbilder\/person\/WTNIEBzMRLw_GLE_\">Pape, Constanze<\/a><\/td>\n<td class=\"size_116 withBorder\">Reiter<\/td>\n<td class=\"size_292 withBorder\">PSV Baden-W\u00fcrtt.<br \/>\nB\u00f6blingen (006)<br \/>\nRV Jettingen<\/td>\n<td class=\"size_90 withBorder\">Nicht Amateur<\/td>\n<td class=\"size_90 withBorder\">2<\/td>\n<td class=\"size_84 withBorderTop textAlign_right\">6363<\/td>\n<\/tr>\n<tr class=\"even\">\n<td class=\"size_54 withBorder textAlign_right\">66<\/td>\n<td class=\"size_228 withBorder\"><a href=\"https:\/\/www.fnverlag.de\/fn-erfolgsdaten\/lisa-schill-huber-reiter-fahrer\/person\/94mFHW9mvKs_GLE_\">Schill-Huber, Lisa<\/a><\/td>\n<td class=\"size_116 withBorder\">Reiter<\/td>\n<td class=\"size_292 withBorder\">PSV Baden-W\u00fcrtt.<br \/>\nOrtenau (745)<br \/>\nRV Ichenheim<\/td>\n<td class=\"size_90 withBorder\">Amateur<\/td>\n<td class=\"size_90 withBorder\">2<\/td>\n<td class=\"size_84 withBorderTop textAlign_right\">6320<\/td>\n<\/tr>\n<tr class=\"odd\">\n<td class=\"size_54 withBorder textAlign_right\">67<\/td>\n<td class=\"size_228 withBorder\"><a href=\"https:\/\/www.fnverlag.de\/fn-erfolgsdaten\/stefanie-herhalt-reiter-fahrer--zuechter\/person\/ybf5O9jw3K8_GLE_\">Herhalt, Stefanie<\/a><\/td>\n<td class=\"size_116 withBorder\">Reiter<\/td>\n<td class=\"size_292 withBorder\">PSV Baden-W\u00fcrtt.<br \/>\nSchwarzwald-Baar (754)<br \/>\nRZ Frese Immenh\u00f6fe e.V.<\/td>\n<td class=\"size_90 withBorder\">Amateur<\/td>\n<td class=\"size_90 withBorder\">2<\/td>\n<td class=\"size_84 withBorderTop textAlign_right\">6301<\/td>\n<\/tr>\n<tr class=\"even\">\n<td class=\"size_54 withBorder textAlign_right\">68<\/td>\n<td class=\"size_228 withBorder\"><a href=\"https:\/\/www.fnverlag.de\/fn-erfolgsdaten\/franziska-ritter-reiter-fahrer\/person\/H8qj8HfXN0U_GLE_\">Ritter, Franziska<\/a><\/td>\n<td class=\"size_116 withBorder\">Reiter<\/td>\n<td class=\"size_292 withBorder\">PSV Baden-W\u00fcrtt.<br \/>\nOrtenau (745)<br \/>\nRRFV Mei\u00dfenheim<\/td>\n<td class=\"size_90 withBorder\">Nicht Amateur<\/td>\n<td class=\"size_90 withBorder\">2<\/td>\n<td class=\"size_84 withBorderTop textAlign_right\">6271<\/td>\n<\/tr>\n<tr class=\"odd\">\n<td class=\"size_54 withBorder textAlign_right\">69<\/td>\n<td class=\"size_228 withBorder\"><a href=\"https:\/\/www.fnverlag.de\/fn-erfolgsdaten\/rossen-raytchev-reiter-fahrer\/person\/emorNPSgqoM_GLE_\">Raytchev, Rossen<\/a><\/td>\n<td class=\"size_116 withBorder\">Reiter<\/td>\n<td class=\"size_292 withBorder\">PSV Baden-W\u00fcrtt.<br \/>\nDonau-Neckar (066)<br \/>\nRV Epfendorf<\/td>\n<td class=\"size_90 withBorder\">Nicht Amateur<\/td>\n<td class=\"size_90 withBorder\">1<\/td>\n<td class=\"size_84 withBorderTop textAlign_right\">6142<\/td>\n<\/tr>\n<tr class=\"even\">\n<td class=\"size_54 withBorder textAlign_right\">70<\/td>\n<td class=\"size_228 withBorder\"><a href=\"https:\/\/www.fnverlag.de\/fn-erfolgsdaten\/juliane-rabold-reiter-fahrer--zuechter\/person\/xcLVlYB0XRA_GLE_\">Rabold, Juliane<\/a><\/td>\n<td class=\"size_116 withBorder\">Reiter<\/td>\n<td class=\"size_292 withBorder\">PSV Baden-W\u00fcrtt.<br \/>\nBodensee (744)<br \/>\nRV Mindelsee e.V.<\/td>\n<td class=\"size_90 withBorder\">Nicht Amateur<\/td>\n<td class=\"size_90 withBorder\">2<\/td>\n<td class=\"size_84 withBorderTop textAlign_right\">6141<\/td>\n<\/tr>\n<tr class=\"odd\">\n<td class=\"size_54 withBorder textAlign_right\">71<\/td>\n<td class=\"size_228 withBorder\"><a href=\"https:\/\/www.fnverlag.de\/fn-erfolgsdaten\/christopher-kurz-reiter-fahrer--zuechter\/person\/4YQOqExft_PLUS_E_GLE_\">Kurz, Christopher<\/a><\/td>\n<td class=\"size_116 withBorder\">Reiter<\/td>\n<td class=\"size_292 withBorder\">PSV Baden-W\u00fcrtt.<br \/>\nKraichg.-Neckar-Odenw. (434)<br \/>\nRFV Sinsheim e.V.<\/td>\n<td class=\"size_90 withBorder\">Nicht Amateur<\/td>\n<td class=\"size_90 withBorder\">2<\/td>\n<td class=\"size_84 withBorderTop textAlign_right\">6135<\/td>\n<\/tr>\n<tr class=\"even\">\n<td class=\"size_54 withBorder textAlign_right\">72<\/td>\n<td class=\"size_228 withBorder\"><a href=\"https:\/\/www.fnverlag.de\/fn-erfolgsdaten\/anastasia-wetzstein-reiter-fahrer\/person\/dEK2c77SLSg_GLE_\">Wetzstein, Anastasia<\/a><\/td>\n<td class=\"size_116 withBorder\">Junger Reiter<\/td>\n<td class=\"size_292 withBorder\">PSV Baden-W\u00fcrtt.<br \/>\nB\u00f6blingen (006)<br \/>\nTV RG G\u00fcltstein<\/td>\n<td class=\"size_90 withBorder\">Nicht Amateur<\/td>\n<td class=\"size_90 withBorder\">2<\/td>\n<td class=\"size_84 withBorderTop textAlign_right\">6074<\/td>\n<\/tr>\n<tr class=\"odd\">\n<td class=\"size_54 withBorder textAlign_right\">73<\/td>\n<td class=\"size_228 withBorder\"><a href=\"https:\/\/www.fnverlag.de\/fn-erfolgsdaten\/katharina-schlosser-reiter-fahrer\/person\/iqdNAfur4Yc_GLE_\">Schlosser, Katharina<\/a><\/td>\n<td class=\"size_116 withBorder\">Reiter<\/td>\n<td class=\"size_292 withBorder\">PSV Baden-W\u00fcrtt.<br \/>\nOstalb (004)<br \/>\nRFV Jagstzell<\/td>\n<td class=\"size_90 withBorder\">Amateur<\/td>\n<td class=\"size_90 withBorder\">2<\/td>\n<td class=\"size_84 withBorderTop textAlign_right\">6005<\/td>\n<\/tr>\n<tr class=\"even\">\n<td class=\"size_54 withBorder textAlign_right\">74<\/td>\n<td class=\"size_228 withBorder\"><a href=\"https:\/\/www.fnverlag.de\/fn-erfolgsdaten\/thomas-grimm-reiter-fahrer--turnierfachkraft--ausbilder\/person\/BO_DASH_gADdGm74_GLE_\">Grimm, Thomas<\/a><\/td>\n<td class=\"size_116 withBorder\">Reiter<\/td>\n<td class=\"size_292 withBorder\">PSV Baden-W\u00fcrtt.<br \/>\nOrtenau (745)<br \/>\nRV Schutterwald<\/td>\n<td class=\"size_90 withBorder\">Nicht Amateur<\/td>\n<td class=\"size_90 withBorder\">2<\/td>\n<td class=\"size_84 withBorderTop textAlign_right\">5905<\/td>\n<\/tr>\n<tr class=\"odd\">\n<td class=\"size_54 withBorder textAlign_right\">75<\/td>\n<td class=\"size_228 withBorder\"><a href=\"https:\/\/www.fnverlag.de\/fn-erfolgsdaten\/nicole-hirzler-reiter-fahrer\/person\/tHd7yR786Q0_GLE_\">Hirzler, Nicole<\/a><\/td>\n<td class=\"size_116 withBorder\">Reiter<\/td>\n<td class=\"size_292 withBorder\">PSV Baden-W\u00fcrtt.<br \/>\nBreisgau-Kaiserstuhl (742)<br \/>\nRFSV Kenzingen e.V.<\/td>\n<td class=\"size_90 withBorder\">Amateur<\/td>\n<td class=\"size_90 withBorder\">2<\/td>\n<td class=\"size_84 withBorderTop textAlign_right\">5830<\/td>\n<\/tr>\n<tr class=\"even\">\n<td class=\"size_54 withBorder textAlign_right\">76<\/td>\n<td class=\"size_228 withBorder\"><a href=\"https:\/\/www.fnverlag.de\/fn-erfolgsdaten\/maximilian-weissbrod-reiter-fahrer--ausbilder\/person\/j6rzgtDjsRM_GLE_\">Wei\u00dfbrod, Maximilian<\/a><\/td>\n<td class=\"size_116 withBorder\">Reiter<\/td>\n<td class=\"size_292 withBorder\">PSV Baden-W\u00fcrtt.<br \/>\nBadische Pfalz (124)<br \/>\nPSG Winterheck-Walldorf e.V.<\/td>\n<td class=\"size_90 withBorder\">Nicht Amateur<\/td>\n<td class=\"size_90 withBorder\">2<\/td>\n<td class=\"size_84 withBorderTop textAlign_right\">5816<\/td>\n<\/tr>\n<tr class=\"odd\">\n<td class=\"size_54 withBorder textAlign_right\">77<\/td>\n<td class=\"size_228 withBorder\"><a href=\"https:\/\/www.fnverlag.de\/fn-erfolgsdaten\/joerg-widmaier-reiter-fahrer--turnierfachkraft--ausbilder\/person\/ILlP7C8xdUk_GLE_\">Widmaier, J\u00f6rg<\/a><\/td>\n<td class=\"size_116 withBorder\">Reiter<\/td>\n<td class=\"size_292 withBorder\">PSV Baden-W\u00fcrtt.<br \/>\nB\u00f6blingen (006)<br \/>\nPSZ Benzenb\u00fchl e.V.<\/td>\n<td class=\"size_90 withBorder\">Nicht Amateur<\/td>\n<td class=\"size_90 withBorder\">2<\/td>\n<td class=\"size_84 withBorderTop textAlign_right\">5664<\/td>\n<\/tr>\n<tr class=\"even\">\n<td class=\"size_54 withBorder textAlign_right\">78<\/td>\n<td class=\"size_228 withBorder\"><a href=\"https:\/\/www.fnverlag.de\/fn-erfolgsdaten\/joachim-durst-reiter-fahrer--ausbilder\/person\/_DASH_3Af5TVlU44_GLE_\">Durst, Joachim<\/a><\/td>\n<td class=\"size_116 withBorder\">Reiter<\/td>\n<td class=\"size_292 withBorder\">PSV Baden-W\u00fcrtt.<br \/>\nFranken (011)<br \/>\nRC G\u00fcglingen<\/td>\n<td class=\"size_90 withBorder\">Amateur<\/td>\n<td class=\"size_90 withBorder\">2<\/td>\n<td class=\"size_84 withBorderTop textAlign_right\">5475<\/td>\n<\/tr>\n<tr class=\"odd\">\n<td class=\"size_54 withBorder textAlign_right\">79<\/td>\n<td class=\"size_228 withBorder\"><a href=\"https:\/\/www.fnverlag.de\/fn-erfolgsdaten\/stefan-hirsch-reiter-fahrer--zuechter\/person\/5n26Gxzm0Ng_GLE_\">Hirsch, Stefan<\/a><\/td>\n<td class=\"size_116 withBorder\">Reiter<\/td>\n<td class=\"size_292 withBorder\">PSV Baden-W\u00fcrtt.<br \/>\nNordschwarzwald (059)<br \/>\nRV Nordstetten-Horb<\/td>\n<td class=\"size_90 withBorder\">Nicht Amateur<\/td>\n<td class=\"size_90 withBorder\">2<\/td>\n<td class=\"size_84 withBorderTop textAlign_right\">5473<\/td>\n<\/tr>\n<tr class=\"even\">\n<td class=\"size_54 withBorder textAlign_right\">80<\/td>\n<td class=\"size_228 withBorder\"><a href=\"https:\/\/www.fnverlag.de\/fn-erfolgsdaten\/carsten-kurz-reiter-fahrer--zuechter\/person\/UOvR3NZpTkM_GLE_\">Kurz, Carsten<\/a><\/td>\n<td class=\"size_116 withBorder\">Reiter<\/td>\n<td class=\"size_292 withBorder\">PSV Baden-W\u00fcrtt.<br \/>\nOberrhein (746)<br \/>\nMarkgr\u00e4fler RV Buggingen<\/td>\n<td class=\"size_90 withBorder\">Nicht Amateur<\/td>\n<td class=\"size_90 withBorder\">2<\/td>\n<td class=\"size_84 withBorderTop textAlign_right\">5382<\/td>\n<\/tr>\n<tr class=\"odd\">\n<td class=\"size_54 withBorder textAlign_right\">81<\/td>\n<td class=\"size_228 withBorder\"><a href=\"https:\/\/www.fnverlag.de\/fn-erfolgsdaten\/julius-ehinger-reiter-fahrer--ausbilder\/person\/kZIWU_DASH_c9TGQ_GLE_\">Ehinger, Julius<\/a><\/td>\n<td class=\"size_116 withBorder\">Reiter<\/td>\n<td class=\"size_292 withBorder\">PSV Baden-W\u00fcrtt.<br \/>\nOstalb (004)<br \/>\nRC Riesb\u00fcrg<\/td>\n<td class=\"size_90 withBorder\">Nicht Amateur<\/td>\n<td class=\"size_90 withBorder\">2<\/td>\n<td class=\"size_84 withBorderTop textAlign_right\">5289<\/td>\n<\/tr>\n<tr class=\"even\">\n<td class=\"size_54 withBorder textAlign_right\">82<\/td>\n<td class=\"size_228 withBorder\"><a href=\"https:\/\/www.fnverlag.de\/fn-erfolgsdaten\/patrik-majher-reiter-fahrer--zuechter\/person\/f7pKBkWjEYk_GLE_\">Majher, Patrik<\/a><\/td>\n<td class=\"size_116 withBorder\">Reiter<\/td>\n<td class=\"size_292 withBorder\">PSV Baden-W\u00fcrtt.<br \/>\nSchwarzwald-Baar (754)<br \/>\nRSG Riedwiese Fischbach<\/td>\n<td class=\"size_90 withBorder\">Nicht Amateur<\/td>\n<td class=\"size_90 withBorder\">2<\/td>\n<td class=\"size_84 withBorderTop textAlign_right\">5225<\/td>\n<\/tr>\n<tr class=\"odd\">\n<td class=\"size_54 withBorder textAlign_right\">83<\/td>\n<td class=\"size_228 withBorder\"><a href=\"https:\/\/www.fnverlag.de\/fn-erfolgsdaten\/julia-beck-reiter-fahrer\/person\/NCKQOLQ3Y8Q_GLE_\">Beck, Julia<\/a><\/td>\n<td class=\"size_116 withBorder\">Reiter<\/td>\n<td class=\"size_292 withBorder\">PSV Baden-W\u00fcrtt.<br \/>\nOrtenau (745)<br \/>\nRV Lahr<\/td>\n<td class=\"size_90 withBorder\">Nicht Amateur<\/td>\n<td class=\"size_90 withBorder\">3<\/td>\n<td class=\"size_84 withBorderTop textAlign_right\">5195<\/td>\n<\/tr>\n<tr class=\"even\">\n<td class=\"size_54 withBorder textAlign_right\">84<\/td>\n<td class=\"size_228 withBorder\"><a href=\"https:\/\/www.fnverlag.de\/fn-erfolgsdaten\/nina-merkel-reiter-fahrer\/person\/c_PLUS_NVOfJ76ew_GLE_\">Merkel, Nina<\/a><\/td>\n<td class=\"size_116 withBorder\">Reiter<\/td>\n<td class=\"size_292 withBorder\">PSV Baden-W\u00fcrtt.<br \/>\nKreis 75057<br \/>\nRC Bl\u00e4ttringen<\/td>\n<td class=\"size_90 withBorder\">Nicht Amateur<\/td>\n<td class=\"size_90 withBorder\">2<\/td>\n<td class=\"size_84 withBorderTop textAlign_right\">5140<\/td>\n<\/tr>\n<tr class=\"odd\">\n<td class=\"size_54 withBorder textAlign_right\">85<\/td>\n<td class=\"size_228 withBorder\"><a href=\"https:\/\/www.fnverlag.de\/fn-erfolgsdaten\/monika-niederlaender-reiter-fahrer--zuechter\/person\/NC1SFsIf9MI_GLE_\">Niederl\u00e4nder, Monika<\/a><\/td>\n<td class=\"size_116 withBorder\">Reiter<\/td>\n<td class=\"size_292 withBorder\">PSV Baden-W\u00fcrtt.<br \/>\nBodensee (744)<br \/>\nRV Bohlingen<\/td>\n<td class=\"size_90 withBorder\">Nicht Amateur<\/td>\n<td class=\"size_90 withBorder\">2<\/td>\n<td class=\"size_84 withBorderTop textAlign_right\">4952<\/td>\n<\/tr>\n<tr class=\"even\">\n<td class=\"size_54 withBorder textAlign_right\">86<\/td>\n<td class=\"size_228 withBorder\"><a href=\"https:\/\/www.fnverlag.de\/fn-erfolgsdaten\/ralf-rundel-reiter-fahrer--zuechter\/person\/VWbYgURgQW0_GLE_\">Rundel, Ralf<\/a><\/td>\n<td class=\"size_116 withBorder\">Reiter<\/td>\n<td class=\"size_292 withBorder\">PSV Baden-W\u00fcrtt.<br \/>\nOberschwaben (068)<br \/>\nRC Rupberg<\/td>\n<td class=\"size_90 withBorder\">Amateur<\/td>\n<td class=\"size_90 withBorder\">2<\/td>\n<td class=\"size_84 withBorderTop textAlign_right\">4906<\/td>\n<\/tr>\n<tr class=\"odd\">\n<td class=\"size_54 withBorder textAlign_right\">87<\/td>\n<td class=\"size_228 withBorder\"><a href=\"https:\/\/www.fnverlag.de\/fn-erfolgsdaten\/jennifer-sandra-dreher-reiter-fahrer\/person\/j_DASH_pdt20BsTc_GLE_\">Dreher, Jennifer-Sandra<\/a><\/td>\n<td class=\"size_116 withBorder\">Junger Reiter<\/td>\n<td class=\"size_292 withBorder\">PSV Baden-W\u00fcrtt.<br \/>\nBreisgau-Kaiserstuhl (742)<br \/>\nRC Gundelfingen<\/td>\n<td class=\"size_90 withBorder\">Nicht Amateur<\/td>\n<td class=\"size_90 withBorder\">2<\/td>\n<td class=\"size_84 withBorderTop textAlign_right\">4894<\/td>\n<\/tr>\n<tr class=\"even\">\n<td class=\"size_54 withBorder textAlign_right\">88<\/td>\n<td class=\"size_228 withBorder\"><a href=\"https:\/\/www.fnverlag.de\/fn-erfolgsdaten\/tim-honold-reiter-fahrer\/person\/fF8N1MbMp4g_GLE_\">Honold, Tim<\/a><\/td>\n<td class=\"size_116 withBorder\">Junger Reiter<\/td>\n<td class=\"size_292 withBorder\">PSV Baden-W\u00fcrtt.<br \/>\nAlb-Donau (003)<br \/>\nRSZ Illertissen e.V.<\/td>\n<td class=\"size_90 withBorder\">Nicht Amateur<\/td>\n<td class=\"size_90 withBorder\">2<\/td>\n<td class=\"size_84 withBorderTop textAlign_right\">4810<\/td>\n<\/tr>\n<tr class=\"odd\">\n<td class=\"size_54 withBorder textAlign_right\">89<\/td>\n<td class=\"size_228 withBorder\"><a href=\"https:\/\/www.fnverlag.de\/fn-erfolgsdaten\/maren-steinhilper-reiter-fahrer--ausbilder\/person\/qXKAwX6M1lg_GLE_\">Steinhilper, Maren<\/a><\/td>\n<td class=\"size_116 withBorder\">Reiter<\/td>\n<td class=\"size_292 withBorder\">PSV Baden-W\u00fcrtt.<br \/>\nHardt (223)<br \/>\nRV Kraichtal<\/td>\n<td class=\"size_90 withBorder\">Nicht Amateur<\/td>\n<td class=\"size_90 withBorder\">2<\/td>\n<td class=\"size_84 withBorderTop textAlign_right\">4776<\/td>\n<\/tr>\n<tr class=\"even\">\n<td class=\"size_54 withBorder textAlign_right\">90<\/td>\n<td class=\"size_228 withBorder\"><a href=\"https:\/\/www.fnverlag.de\/fn-erfolgsdaten\/arwen-charlotte-thaler-reiter-fahrer\/person\/5C79mXaYpZY_GLE_\">Thaler, Arwen-Charlotte<\/a><\/td>\n<td class=\"size_116 withBorder\">Junger Reiter<\/td>\n<td class=\"size_292 withBorder\">PSV Baden-W\u00fcrtt.<br \/>\nB\u00f6blingen (006)<br \/>\nRV Waldenbuch-Hasenhof e.V.<\/td>\n<td class=\"size_90 withBorder\">Amateur<\/td>\n<td class=\"size_90 withBorder\">2<\/td>\n<td class=\"size_84 withBorderTop textAlign_right\">4530<\/td>\n<\/tr>\n<tr class=\"odd\">\n<td class=\"size_54 withBorder textAlign_right\">91<\/td>\n<td class=\"size_228 withBorder\"><a href=\"https:\/\/www.fnverlag.de\/fn-erfolgsdaten\/jan-schon-reiter-fahrer\/person\/Lz1ULEEwrJ0_GLE_\">Schon, Jan<\/a><\/td>\n<td class=\"size_116 withBorder\">Junger Reiter<\/td>\n<td class=\"size_292 withBorder\">PSV Baden-W\u00fcrtt.<br \/>\nB\u00f6blingen (006)<br \/>\nTV RG G\u00fcltstein<\/td>\n<td class=\"size_90 withBorder\">Nicht Amateur<\/td>\n<td class=\"size_90 withBorder\">2<\/td>\n<td class=\"size_84 withBorderTop textAlign_right\">4464<\/td>\n<\/tr>\n<tr class=\"even\">\n<td class=\"size_54 withBorder textAlign_right\">92<\/td>\n<td class=\"size_228 withBorder\"><a href=\"https:\/\/www.fnverlag.de\/fn-erfolgsdaten\/jochen-zeh-reiter-fahrer\/person\/ogJyGWUQoVU_GLE_\">Zeh, Jochen<\/a><\/td>\n<td class=\"size_116 withBorder\">Reiter<\/td>\n<td class=\"size_292 withBorder\">PSV Baden-W\u00fcrtt.<br \/>\nStuttgart-Esslingen (008)<br \/>\nRFV Weilheim\/Teck<\/td>\n<td class=\"size_90 withBorder\">Amateur<\/td>\n<td class=\"size_90 withBorder\">3<\/td>\n<td class=\"size_84 withBorderTop textAlign_right\">4458<\/td>\n<\/tr>\n<tr class=\"odd\">\n<td class=\"size_54 withBorder textAlign_right\">93<\/td>\n<td class=\"size_228 withBorder\"><a href=\"https:\/\/www.fnverlag.de\/fn-erfolgsdaten\/natalie-steinhauser-reiter-fahrer\/person\/LZFdRfjoNbY_GLE_\">Steinhauser, Natalie<\/a><\/td>\n<td class=\"size_116 withBorder\">Reiter<\/td>\n<td class=\"size_292 withBorder\">PSV Baden-W\u00fcrtt.<br \/>\nBiberach (058)<br \/>\nReitsportzentrum am Bussenberg e.V.<\/td>\n<td class=\"size_90 withBorder\">Nicht Amateur<\/td>\n<td class=\"size_90 withBorder\">2<\/td>\n<td class=\"size_84 withBorderTop textAlign_right\">4397<\/td>\n<\/tr>\n<tr class=\"even\">\n<td class=\"size_54 withBorder textAlign_right\">94<\/td>\n<td class=\"size_228 withBorder\"><a href=\"https:\/\/www.fnverlag.de\/fn-erfolgsdaten\/lina-heinzler-reiter-fahrer\/person\/80OK7v5F0NY_GLE_\">Heinzler, Lina<\/a><\/td>\n<td class=\"size_116 withBorder\">Junior<\/td>\n<td class=\"size_292 withBorder\">PSV Baden-W\u00fcrtt.<br \/>\nOberschwaben (068)<br \/>\nRK Schmalegg<\/td>\n<td class=\"size_90 withBorder\">Nicht Amateur<\/td>\n<td class=\"size_90 withBorder\">2<\/td>\n<td class=\"size_84 withBorderTop textAlign_right\">4314<\/td>\n<\/tr>\n<tr class=\"odd\">\n<td class=\"size_54 withBorder textAlign_right\">95<\/td>\n<td class=\"size_228 withBorder\"><a href=\"https:\/\/www.fnverlag.de\/fn-erfolgsdaten\/fabian-beck-reiter-fahrer\/person\/v5W9mejTFA0_GLE_\">Beck, Fabian<\/a><\/td>\n<td class=\"size_116 withBorder\">Junior<\/td>\n<td class=\"size_292 withBorder\">PSV Baden-W\u00fcrtt.<br \/>\nMain-Tauber-Kreis (535)<br \/>\nRFV Buchen<\/td>\n<td class=\"size_90 withBorder\">Nicht Amateur<\/td>\n<td class=\"size_90 withBorder\">3<\/td>\n<td class=\"size_84 withBorderTop textAlign_right\">4274<\/td>\n<\/tr>\n<tr class=\"even\">\n<td class=\"size_54 withBorder textAlign_right\">96<\/td>\n<td class=\"size_228 withBorder\"><a href=\"https:\/\/www.fnverlag.de\/fn-erfolgsdaten\/emma-rock-reiter-fahrer\/person\/lrJ8Fr8SjZA_GLE_\">Rock, Emma<\/a><\/td>\n<td class=\"size_116 withBorder\">Reiter<\/td>\n<td class=\"size_292 withBorder\">PSV Baden-W\u00fcrtt.<br \/>\nAlb-Donau (003)<br \/>\nRSZ Illertissen e.V.<\/td>\n<td class=\"size_90 withBorder\">Amateur<\/td>\n<td class=\"size_90 withBorder\">3<\/td>\n<td class=\"size_84 withBorderTop textAlign_right\">4224<\/td>\n<\/tr>\n<tr class=\"odd\">\n<td class=\"size_54 withBorder textAlign_right\">97<\/td>\n<td class=\"size_228 withBorder\"><a href=\"https:\/\/www.fnverlag.de\/fn-erfolgsdaten\/cecilia-huttrop-hage-reiter-fahrer\/person\/dc78In3bLp8_GLE_\">Huttrop-Hage, Cecilia<\/a><\/td>\n<td class=\"size_116 withBorder\">Junior<\/td>\n<td class=\"size_292 withBorder\">PSV Baden-W\u00fcrtt.<br \/>\nOberrhein (746)<br \/>\nRC Hofgut Albf\u00fchren<\/td>\n<td class=\"size_90 withBorder\">Nicht Amateur<\/td>\n<td class=\"size_90 withBorder\">3<\/td>\n<td class=\"size_84 withBorderTop textAlign_right\">4216<\/td>\n<\/tr>\n<tr class=\"even\">\n<td class=\"size_54 withBorder textAlign_right\">98<\/td>\n<td class=\"size_228 withBorder\"><a href=\"https:\/\/www.fnverlag.de\/fn-erfolgsdaten\/mary-ann-fuchs-reiter-fahrer\/person\/U3hOVPNMdkQ_GLE_\">Fuchs, Mary-Ann<\/a><\/td>\n<td class=\"size_116 withBorder\">Reiter<\/td>\n<td class=\"size_292 withBorder\">PSV Baden-W\u00fcrtt.<br \/>\nBadische Pfalz (124)<br \/>\nRV Mannheim<\/td>\n<td class=\"size_90 withBorder\">Amateur<\/td>\n<td class=\"size_90 withBorder\">2<\/td>\n<td class=\"size_84 withBorderTop textAlign_right\">4167<\/td>\n<\/tr>\n<tr class=\"odd\">\n<td class=\"size_54 withBorder textAlign_right\">99<\/td>\n<td class=\"size_228 withBorder\"><a href=\"https:\/\/www.fnverlag.de\/fn-erfolgsdaten\/ramona-kunze-reiter-fahrer--ausbilder\/person\/4lOVQWIRrTk_GLE_\">Kunze, Ramona<\/a><\/td>\n<td class=\"size_116 withBorder\">Reiter<\/td>\n<td class=\"size_292 withBorder\">PSV Baden-W\u00fcrtt.<br \/>\nAlb-Donau (003)<br \/>\nRC Langenau<\/td>\n<td class=\"size_90 withBorder\">Nicht Amateur<\/td>\n<td class=\"size_90 withBorder\">2<\/td>\n<td class=\"size_84 withBorderTop textAlign_right\">4065<\/td>\n<\/tr>\n<tr class=\"even\">\n<td class=\"size_54 withBorder textAlign_right\">100<\/td>\n<td class=\"size_228 withBorder\"><a href=\"https:\/\/www.fnverlag.de\/fn-erfolgsdaten\/simon-runte-reiter-fahrer\/person\/xJmmUt_PLUS_ggo8_GLE_\">Runte, Simon<\/a><\/td>\n<td class=\"size_116 withBorder\">Reiter<\/td>\n<td class=\"size_292 withBorder\">PSV Baden-W\u00fcrtt.<br \/>\nB\u00f6blingen (006)<br \/>\nRC Aischbach G\u00fcltstein<\/td>\n<td class=\"size_90 withBorder\">Nicht Amateur<\/td>\n<td class=\"size_90 withBorder\">2<\/td>\n<td class=\"size_84 withBorderTop textAlign_right\">4054<\/td>\n<\/tr>\n<\/tbody>\n<\/table>\n<\/div>\n<\/div>\n<p>Quelle: FN-Erfolgsdaten 2023<\/p>\n<h3>Rangliste 2023 (Junge Reiter)<\/h3>\n<div class=\"blockElementInline clearfix width_100Percent paddingTop_5px toolbartableReiter\">\n<div class=\"blockElementInline clearfix width_100Percent paddingTop_5px toolbartableReiter\">\n<table id=\"tableReiter\" class=\"mojaBox border_1px dataTable\" aria-describedby=\"tableReiter_info\">\n<thead>\n<tr role=\"row\">\n<th class=\"size_54 titleBarCols textAlign_left grey withBorder textAlign_right ui-state-default\" tabindex=\"0\" title=\"Platz\" role=\"columnheader\" colspan=\"1\" rowspan=\"1\" aria-controls=\"tableReiter\" aria-label=\"Platz: activate to sort column ascending\">\n<div class=\"DataTables_sort_wrapper\">\n<div class=\"sortDownUnselected sortHeight_1row\">Platz<\/div>\n<\/div>\n<\/th>\n<th class=\"size_228 titleBarCols textAlign_left grey withBorder ui-state-default\" tabindex=\"0\" title=\"Name, Vorname\" role=\"columnheader\" colspan=\"1\" rowspan=\"1\" aria-controls=\"tableReiter\" aria-label=\"Name, Vorname: activate to sort column ascending\">\n<div class=\"DataTables_sort_wrapper\">\n<div class=\"sortDownUnselected sortHeight_1row\">Name, Vorname<\/div>\n<\/div>\n<\/th>\n<th class=\"size_116 titleBarCols textAlign_left grey withBorder ui-state-default\" tabindex=\"0\" title=\"Altersgruppe\" role=\"columnheader\" colspan=\"1\" rowspan=\"1\" aria-controls=\"tableReiter\" aria-label=\"Altersgruppe: activate to sort column ascending\">\n<div class=\"DataTables_sort_wrapper\">\n<div class=\"sortDownUnselected sortHeight_1row\">Altersgruppe<\/div>\n<\/div>\n<\/th>\n<th class=\"size_292 titleBarCols textAlign_left grey withBorder ui-state-default\" tabindex=\"0\" title=\"Verband, Kreis und Verein\" role=\"columnheader\" colspan=\"1\" rowspan=\"1\" aria-controls=\"tableReiter\" aria-label=\"Verband, Kreis und Verein: activate to sort column ascending\">\n<div class=\"DataTables_sort_wrapper\">\n<div class=\"sortDownUnselected sortHeight_1row\">Verband, Kreis und Verein<\/div>\n<\/div>\n<\/th>\n<th class=\"size_90 titleBarCols textAlign_left grey withBorder ui-state-default\" tabindex=\"0\" title=\"Option\" role=\"columnheader\" colspan=\"1\" rowspan=\"1\" aria-controls=\"tableReiter\" aria-label=\"Option: activate to sort column ascending\">\n<div class=\"DataTables_sort_wrapper\">\n<div class=\"sortDownUnselected sortHeight_1row\">Option<\/div>\n<\/div>\n<\/th>\n<th class=\"size_90 titleBarCols textAlign_left grey withBorder ui-state-default\" tabindex=\"0\" title=\"Leistungsklasse\" role=\"columnheader\" colspan=\"1\" rowspan=\"1\" aria-controls=\"tableReiter\" aria-label=\"LK: activate to sort column ascending\">\n<div class=\"DataTables_sort_wrapper\">\n<div class=\"sortDownUnselected sortHeight_1row\">LK<\/div>\n<\/div>\n<\/th>\n<th class=\"size_84 titleBarCols textAlign_left grey noBorder withBorderTop textAlign_right ui-state-default\" tabindex=\"0\" title=\"Ranglistenpunkte f\u00fcr\" role=\"columnheader\" colspan=\"1\" rowspan=\"1\" aria-controls=\"tableReiter\" aria-label=\"RLP: activate to sort column ascending\">\n<div class=\"DataTables_sort_wrapper\">\n<div class=\"sortDownUnselected sortHeight_1row\">RLP<\/div>\n<\/div>\n<\/th>\n<\/tr>\n<\/thead>\n<tbody role=\"alert\" aria-live=\"polite\" aria-relevant=\"all\">\n<tr class=\"odd\">\n<td class=\"size_54 withBorder textAlign_right\">1<\/td>\n<td class=\"size_228 withBorder\"><a href=\"https:\/\/www.fnverlag.de\/fn-erfolgsdaten\/alia-knack-reiter-fahrer\/person\/8h1rL4az4sM_GLE_\">Knack, Alia<\/a><\/td>\n<td class=\"size_116 withBorder\">Junger Reiter<\/td>\n<td class=\"size_292 withBorder\">PSV Baden-W\u00fcrtt.<br \/>\nBodensee (744)<br \/>\nRSZ Boll<\/td>\n<td class=\"size_90 withBorder\">Nicht Amateur<\/td>\n<td class=\"size_90 withBorder\">2<\/td>\n<td class=\"size_84 withBorderTop textAlign_right\">34283<\/td>\n<\/tr>\n<tr class=\"even\">\n<td class=\"size_54 withBorder textAlign_right\">2<\/td>\n<td class=\"size_228 withBorder\"><a href=\"https:\/\/www.fnverlag.de\/fn-erfolgsdaten\/elena-malin-reitzner-reiter-fahrer\/person\/olyfWFjfrEs_GLE_\">Reitzner, Elena-Malin<\/a><\/td>\n<td class=\"size_116 withBorder\">Junger Reiter<\/td>\n<td class=\"size_292 withBorder\">PSV Baden-W\u00fcrtt.<br \/>\nBadische Pfalz (124)<br \/>\nRFV 1952 Schwetzingen e.V.<\/td>\n<td class=\"size_90 withBorder\">Nicht Amateur<\/td>\n<td class=\"size_90 withBorder\">2<\/td>\n<td class=\"size_84 withBorderTop textAlign_right\">19941<\/td>\n<\/tr>\n<tr class=\"odd\">\n<td class=\"size_54 withBorder textAlign_right\">3<\/td>\n<td class=\"size_228 withBorder\"><a href=\"https:\/\/www.fnverlag.de\/fn-erfolgsdaten\/lea-sophia-gut-reiter-fahrer\/person\/GZp4EfCDc_PLUS_4_GLE_\">Gut, Lea Sophia<\/a><\/td>\n<td class=\"size_116 withBorder\">Junger Reiter<\/td>\n<td class=\"size_292 withBorder\">PSV Baden-W\u00fcrtt.<br \/>\nBiberach (058)<br \/>\nRV Sulmingen<\/td>\n<td class=\"size_90 withBorder\">Nicht Amateur<\/td>\n<td class=\"size_90 withBorder\">1<\/td>\n<td class=\"size_84 withBorderTop textAlign_right\">19410<\/td>\n<\/tr>\n<tr class=\"even\">\n<td class=\"size_54 withBorder textAlign_right\">4<\/td>\n<td class=\"size_228 withBorder\"><a href=\"https:\/\/www.fnverlag.de\/fn-erfolgsdaten\/julian-holzmann-reiter-fahrer\/person\/J0j5UZOK1no_GLE_\">Holzmann, Julian<\/a><\/td>\n<td class=\"size_116 withBorder\">Junger Reiter<\/td>\n<td class=\"size_292 withBorder\">PSV Baden-W\u00fcrtt.<br \/>\nBadische Pfalz (124)<br \/>\nPSG Schriesheim e.V.<\/td>\n<td class=\"size_90 withBorder\">Nicht Amateur<\/td>\n<td class=\"size_90 withBorder\">2<\/td>\n<td class=\"size_84 withBorderTop textAlign_right\">11105<\/td>\n<\/tr>\n<tr class=\"odd\">\n<td class=\"size_54 withBorder textAlign_right\">5<\/td>\n<td class=\"size_228 withBorder\"><a href=\"https:\/\/www.fnverlag.de\/fn-erfolgsdaten\/felicitas-funk-reiter-fahrer\/person\/uslGl1XRmWE_GLE_\">Funk, Felicitas<\/a><\/td>\n<td class=\"size_116 withBorder\">Junger Reiter<\/td>\n<td class=\"size_292 withBorder\">PSV Baden-W\u00fcrtt.<br \/>\nBodensee (744)<br \/>\nRSZ Boll<\/td>\n<td class=\"size_90 withBorder\">Nicht Amateur<\/td>\n<td class=\"size_90 withBorder\">2<\/td>\n<td class=\"size_84 withBorderTop textAlign_right\">8170<\/td>\n<\/tr>\n<tr class=\"even\">\n<td class=\"size_54 withBorder textAlign_right\">6<\/td>\n<td class=\"size_228 withBorder\"><a href=\"https:\/\/www.fnverlag.de\/fn-erfolgsdaten\/anastasia-wetzstein-reiter-fahrer\/person\/dEK2c77SLSg_GLE_\">Wetzstein, Anastasia<\/a><\/td>\n<td class=\"size_116 withBorder\">Junger Reiter<\/td>\n<td class=\"size_292 withBorder\">PSV Baden-W\u00fcrtt.<br \/>\nB\u00f6blingen (006)<br \/>\nTV RG G\u00fcltstein<\/td>\n<td class=\"size_90 withBorder\">Nicht Amateur<\/td>\n<td class=\"size_90 withBorder\">2<\/td>\n<td class=\"size_84 withBorderTop textAlign_right\">6074<\/td>\n<\/tr>\n<tr class=\"odd\">\n<td class=\"size_54 withBorder textAlign_right\">7<\/td>\n<td class=\"size_228 withBorder\"><a href=\"https:\/\/www.fnverlag.de\/fn-erfolgsdaten\/jennifer-sandra-dreher-reiter-fahrer\/person\/j_DASH_pdt20BsTc_GLE_\">Dreher, Jennifer-Sandra<\/a><\/td>\n<td class=\"size_116 withBorder\">Junger Reiter<\/td>\n<td class=\"size_292 withBorder\">PSV Baden-W\u00fcrtt.<br \/>\nBreisgau-Kaiserstuhl (742)<br \/>\nRC Gundelfingen<\/td>\n<td class=\"size_90 withBorder\">Nicht Amateur<\/td>\n<td class=\"size_90 withBorder\">2<\/td>\n<td class=\"size_84 withBorderTop textAlign_right\">4894<\/td>\n<\/tr>\n<tr class=\"even\">\n<td class=\"size_54 withBorder textAlign_right\">8<\/td>\n<td class=\"size_228 withBorder\"><a href=\"https:\/\/www.fnverlag.de\/fn-erfolgsdaten\/tim-honold-reiter-fahrer\/person\/fF8N1MbMp4g_GLE_\">Honold, Tim<\/a><\/td>\n<td class=\"size_116 withBorder\">Junger Reiter<\/td>\n<td class=\"size_292 withBorder\">PSV Baden-W\u00fcrtt.<br \/>\nAlb-Donau (003)<br \/>\nRSZ Illertissen e.V.<\/td>\n<td class=\"size_90 withBorder\">Nicht Amateur<\/td>\n<td class=\"size_90 withBorder\">2<\/td>\n<td class=\"size_84 withBorderTop textAlign_right\">4810<\/td>\n<\/tr>\n<tr class=\"odd\">\n<td class=\"size_54 withBorder textAlign_right\">9<\/td>\n<td class=\"size_228 withBorder\"><a href=\"https:\/\/www.fnverlag.de\/fn-erfolgsdaten\/arwen-charlotte-thaler-reiter-fahrer\/person\/5C79mXaYpZY_GLE_\">Thaler, Arwen-Charlotte<\/a><\/td>\n<td class=\"size_116 withBorder\">Junger Reiter<\/td>\n<td class=\"size_292 withBorder\">PSV Baden-W\u00fcrtt.<br \/>\nB\u00f6blingen (006)<br \/>\nRV Waldenbuch-Hasenhof e.V.<\/td>\n<td class=\"size_90 withBorder\">Amateur<\/td>\n<td class=\"size_90 withBorder\">2<\/td>\n<td class=\"size_84 withBorderTop textAlign_right\">4530<\/td>\n<\/tr>\n<tr class=\"even\">\n<td class=\"size_54 withBorder textAlign_right\">10<\/td>\n<td class=\"size_228 withBorder\"><a href=\"https:\/\/www.fnverlag.de\/fn-erfolgsdaten\/jan-schon-reiter-fahrer\/person\/Lz1ULEEwrJ0_GLE_\">Schon, Jan<\/a><\/td>\n<td class=\"size_116 withBorder\">Junger Reiter<\/td>\n<td class=\"size_292 withBorder\">PSV Baden-W\u00fcrtt.<br \/>\nB\u00f6blingen (006)<br \/>\nTV RG G\u00fcltstein<\/td>\n<td class=\"size_90 withBorder\">Nicht Amateur<\/td>\n<td class=\"size_90 withBorder\">2<\/td>\n<td class=\"size_84 withBorderTop textAlign_right\">4464<\/td>\n<\/tr>\n<tr class=\"odd\">\n<td class=\"size_54 withBorder textAlign_right\">11<\/td>\n<td class=\"size_228 withBorder\"><a href=\"https:\/\/www.fnverlag.de\/fn-erfolgsdaten\/sina-schuetze-reiter-fahrer\/person\/XYKrEkFugsY_GLE_\">Sch\u00fctze, Sina<\/a><\/td>\n<td class=\"size_116 withBorder\">Junger Reiter<\/td>\n<td class=\"size_292 withBorder\">PSV Baden-W\u00fcrtt.<br \/>\nOrtenau (745)<br \/>\nRV Lahr<\/td>\n<td class=\"size_90 withBorder\">Nicht Amateur<\/td>\n<td class=\"size_90 withBorder\">3<\/td>\n<td class=\"size_84 withBorderTop textAlign_right\">3184<\/td>\n<\/tr>\n<tr class=\"even\">\n<td class=\"size_54 withBorder textAlign_right\">12<\/td>\n<td class=\"size_228 withBorder\"><a href=\"https:\/\/www.fnverlag.de\/fn-erfolgsdaten\/lisa-braeuninger-reiter-fahrer\/person\/TYDWaIiCiZk_GLE_\">Br\u00e4uninger, Lisa<\/a><\/td>\n<td class=\"size_116 withBorder\">Junger Reiter<\/td>\n<td class=\"size_292 withBorder\">PSV Baden-W\u00fcrtt.<br \/>\nReutlingen (065)<br \/>\nRV Wannweil<\/td>\n<td class=\"size_90 withBorder\">Amateur<\/td>\n<td class=\"size_90 withBorder\">3<\/td>\n<td class=\"size_84 withBorderTop textAlign_right\">2291<\/td>\n<\/tr>\n<tr class=\"odd\">\n<td class=\"size_54 withBorder textAlign_right\">13<\/td>\n<td class=\"size_228 withBorder\"><a href=\"https:\/\/www.fnverlag.de\/fn-erfolgsdaten\/jessica-sophie-lachenmaier-reiter-fahrer\/person\/rc_PLUS_cQyJylDc_GLE_\">Lachenmaier, Jessica Sophie<\/a><\/td>\n<td class=\"size_116 withBorder\">Junger Reiter<\/td>\n<td class=\"size_292 withBorder\">PSV Baden-W\u00fcrtt.<br \/>\nZollern-Alb (057)<br \/>\nPS-Team Winterlingen e.V.<\/td>\n<td class=\"size_90 withBorder\">Nicht Amateur<\/td>\n<td class=\"size_90 withBorder\">3<\/td>\n<td class=\"size_84 withBorderTop textAlign_right\">1855<\/td>\n<\/tr>\n<tr class=\"even\">\n<td class=\"size_54 withBorder textAlign_right\">14<\/td>\n<td class=\"size_228 withBorder\"><a href=\"https:\/\/www.fnverlag.de\/fn-erfolgsdaten\/pia-sophie-hanke-reiter-fahrer\/person\/Dq6EsH4MmSE_GLE_\">Hanke, Pia-Sophie<\/a><\/td>\n<td class=\"size_116 withBorder\">Junger Reiter<\/td>\n<td class=\"size_292 withBorder\">PSV Baden-W\u00fcrtt.<br \/>\nNordschwarzwald (059)<br \/>\nRSC Salzstetten<\/td>\n<td class=\"size_90 withBorder\">Nicht Amateur<\/td>\n<td class=\"size_90 withBorder\">3<\/td>\n<td class=\"size_84 withBorderTop textAlign_right\">1702<\/td>\n<\/tr>\n<tr class=\"odd\">\n<td class=\"size_54 withBorder textAlign_right\">15<\/td>\n<td class=\"size_228 withBorder\"><a href=\"https:\/\/www.fnverlag.de\/fn-erfolgsdaten\/lukas-weiler-reiter-fahrer\/person\/w0VW6b4xsIk_GLE_\">Weiler, Lukas<\/a><\/td>\n<td class=\"size_116 withBorder\">Junger Reiter<\/td>\n<td class=\"size_292 withBorder\">PSV Baden-W\u00fcrtt.<br \/>\nHardt (223)<br \/>\nRFV Ubstadt-Weiher<\/td>\n<td class=\"size_90 withBorder\">Nicht Amateur<\/td>\n<td class=\"size_90 withBorder\">3<\/td>\n<td class=\"size_84 withBorderTop textAlign_right\">1573<\/td>\n<\/tr>\n<tr class=\"even\">\n<td class=\"size_54 withBorder textAlign_right\">16<\/td>\n<td class=\"size_228 withBorder\"><a href=\"https:\/\/www.fnverlag.de\/fn-erfolgsdaten\/liv-emma-sauter-reiter-fahrer\/person\/6zLwrLIX4XU_GLE_\">Sauter, Liv Emma<\/a><\/td>\n<td class=\"size_116 withBorder\">Junger Reiter<\/td>\n<td class=\"size_292 withBorder\">PSV Baden-W\u00fcrtt.<br \/>\nReutlingen (065)<br \/>\nVSFP Gest\u00fct Lerchenhof<\/td>\n<td class=\"size_90 withBorder\">Amateur<\/td>\n<td class=\"size_90 withBorder\">3<\/td>\n<td class=\"size_84 withBorderTop textAlign_right\">1551<\/td>\n<\/tr>\n<tr class=\"odd\">\n<td class=\"size_54 withBorder textAlign_right\">17<\/td>\n<td class=\"size_228 withBorder\"><a href=\"https:\/\/www.fnverlag.de\/fn-erfolgsdaten\/victoria-hoffmeister-reiter-fahrer\/person\/C699vnZVSWo_GLE_\">Hoffmeister, Victoria<\/a><\/td>\n<td class=\"size_116 withBorder\">Junger Reiter<\/td>\n<td class=\"size_292 withBorder\">PSV Baden-W\u00fcrtt.<br \/>\nZollern-Alb (057)<br \/>\nRV Balingen<\/td>\n<td class=\"size_90 withBorder\">Nicht Amateur<\/td>\n<td class=\"size_90 withBorder\">3<\/td>\n<td class=\"size_84 withBorderTop textAlign_right\">1335<\/td>\n<\/tr>\n<tr class=\"even\">\n<td class=\"size_54 withBorder textAlign_right\">18<\/td>\n<td class=\"size_228 withBorder\"><a href=\"https:\/\/www.fnverlag.de\/fn-erfolgsdaten\/jannik-kaestle-reiter-fahrer\/person\/I1bD8jFbUME_GLE_\">K\u00e4stle, Jannik<\/a><\/td>\n<td class=\"size_116 withBorder\">Junger Reiter<\/td>\n<td class=\"size_292 withBorder\">PSV Baden-W\u00fcrtt.<br \/>\nAlb-Donau (003)<br \/>\nRSG \u00d6pfingen<\/td>\n<td class=\"size_90 withBorder\">Nicht Amateur<\/td>\n<td class=\"size_90 withBorder\">3<\/td>\n<td class=\"size_84 withBorderTop textAlign_right\">1195<\/td>\n<\/tr>\n<tr class=\"odd\">\n<td class=\"size_54 withBorder textAlign_right\">19<\/td>\n<td class=\"size_228 withBorder\"><a href=\"https:\/\/www.fnverlag.de\/fn-erfolgsdaten\/jana-katrin-leitolf-reiter-fahrer\/person\/Su4bqtPiXrg_GLE_\">Leitolf, Jana-Katrin<\/a><\/td>\n<td class=\"size_116 withBorder\">Junger Reiter<\/td>\n<td class=\"size_292 withBorder\">PSV Baden-W\u00fcrtt.<br \/>\nRems-Murr (022)<br \/>\nRV Waiblingen<\/td>\n<td class=\"size_90 withBorder\">Nicht Amateur<\/td>\n<td class=\"size_90 withBorder\">3<\/td>\n<td class=\"size_84 withBorderTop textAlign_right\">1138<\/td>\n<\/tr>\n<tr class=\"even\">\n<td class=\"size_54 withBorder textAlign_right\">20<\/td>\n<td class=\"size_228 withBorder\"><a href=\"https:\/\/www.fnverlag.de\/fn-erfolgsdaten\/balazs-weisz-reiter-fahrer\/person\/cVzNi7K84Vs_GLE_\">Weisz, Balazs<\/a><\/td>\n<td class=\"size_116 withBorder\">Junger Reiter<\/td>\n<td class=\"size_292 withBorder\">PSV Baden-W\u00fcrtt.<br \/>\nOberschwaben (068)<br \/>\nRFV Fronhofen<\/td>\n<td class=\"size_90 withBorder\">Amateur<\/td>\n<td class=\"size_90 withBorder\">3<\/td>\n<td class=\"size_84 withBorderTop textAlign_right\">1067<\/td>\n<\/tr>\n<tr class=\"odd\">\n<td class=\"size_54 withBorder textAlign_right\">21<\/td>\n<td class=\"size_228 withBorder\"><a href=\"https:\/\/www.fnverlag.de\/fn-erfolgsdaten\/katharina-dietrich-reiter-fahrer\/person\/dh3g8qXnvJs_GLE_\">Dietrich, Katharina<\/a><\/td>\n<td class=\"size_116 withBorder\">Junger Reiter<\/td>\n<td class=\"size_292 withBorder\">PSV Baden-W\u00fcrtt.<br \/>\nBodensee (744)<br \/>\nRV Singen e.V.<\/td>\n<td class=\"size_90 withBorder\">Amateur<\/td>\n<td class=\"size_90 withBorder\">3<\/td>\n<td class=\"size_84 withBorderTop textAlign_right\">1009<\/td>\n<\/tr>\n<tr class=\"even\">\n<td class=\"size_54 withBorder textAlign_right\">22<\/td>\n<td class=\"size_228 withBorder\"><a href=\"https:\/\/www.fnverlag.de\/fn-erfolgsdaten\/geraldine-straumann-reiter-fahrer\/person\/_DASH_q3VA2Npnyc_GLE_\">Straumann, Geraldine<\/a><\/td>\n<td class=\"size_116 withBorder\">Junger Reiter<\/td>\n<td class=\"size_292 withBorder\">PSV Baden-W\u00fcrtt.<br \/>\nOberrhein (746)<br \/>\nPSG Kaltenherberge e.V.<\/td>\n<td class=\"size_90 withBorder\">Amateur<\/td>\n<td class=\"size_90 withBorder\">3<\/td>\n<td class=\"size_84 withBorderTop textAlign_right\">880<\/td>\n<\/tr>\n<tr class=\"odd\">\n<td class=\"size_54 withBorder textAlign_right\">23<\/td>\n<td class=\"size_228 withBorder\"><a href=\"https:\/\/www.fnverlag.de\/fn-erfolgsdaten\/jana-erkner-reiter-fahrer\/person\/qDP0VYuOccc_GLE_\">Erkner, Jana<\/a><\/td>\n<td class=\"size_116 withBorder\">Junger Reiter<\/td>\n<td class=\"size_292 withBorder\">PSV Baden-W\u00fcrtt.<br \/>\nReutlingen (065)<br \/>\nRK Pfullingen<\/td>\n<td class=\"size_90 withBorder\">Nicht Amateur<\/td>\n<td class=\"size_90 withBorder\">3<\/td>\n<td class=\"size_84 withBorderTop textAlign_right\">873<\/td>\n<\/tr>\n<tr class=\"even\">\n<td class=\"size_54 withBorder textAlign_right\">24<\/td>\n<td class=\"size_228 withBorder\"><a href=\"https:\/\/www.fnverlag.de\/fn-erfolgsdaten\/lara-sophie-strohm-reiter-fahrer\/person\/LWofzLFqqic_GLE_\">Strohm, Lara-Sophie<\/a><\/td>\n<td class=\"size_116 withBorder\">Junger Reiter<\/td>\n<td class=\"size_292 withBorder\">PSV Baden-W\u00fcrtt.<br \/>\nSchwarzwald-Baar (754)<br \/>\nRFV Schwenningen<\/td>\n<td class=\"size_90 withBorder\">Amateur<\/td>\n<td class=\"size_90 withBorder\">3<\/td>\n<td class=\"size_84 withBorderTop textAlign_right\">831<\/td>\n<\/tr>\n<tr class=\"odd\">\n<td class=\"size_54 withBorder textAlign_right\">25<\/td>\n<td class=\"size_228 withBorder\"><a href=\"https:\/\/www.fnverlag.de\/fn-erfolgsdaten\/aimee-schmitt-reiter-fahrer\/person\/joYruHqk8D4_GLE_\">Schmitt, Aimee<\/a><\/td>\n<td class=\"size_116 withBorder\">Junger Reiter<\/td>\n<td class=\"size_292 withBorder\">PSV Baden-W\u00fcrtt.<br \/>\nKraichg.-Neckar-Odenw. (434)<br \/>\nRFV Robern<\/td>\n<td class=\"size_90 withBorder\">Amateur<\/td>\n<td class=\"size_90 withBorder\">3<\/td>\n<td class=\"size_84 withBorderTop textAlign_right\">816<\/td>\n<\/tr>\n<tr class=\"even\">\n<td class=\"size_54 withBorder textAlign_right\">26<\/td>\n<td class=\"size_228 withBorder\"><a href=\"https:\/\/www.fnverlag.de\/fn-erfolgsdaten\/pia-hehnle-reiter-fahrer\/person\/IMjdObkd8ns_GLE_\">Hehnle, Pia<\/a><\/td>\n<td class=\"size_116 withBorder\">Junger Reiter<\/td>\n<td class=\"size_292 withBorder\">PSV Baden-W\u00fcrtt.<br \/>\nAlb-Donau (003)<br \/>\nRV Ulm-G\u00f6gglingen<\/td>\n<td class=\"size_90 withBorder\">Nicht Amateur<\/td>\n<td class=\"size_90 withBorder\">3<\/td>\n<td class=\"size_84 withBorderTop textAlign_right\">808<\/td>\n<\/tr>\n<tr class=\"odd\">\n<td class=\"size_54 withBorder textAlign_right\">27<\/td>\n<td class=\"size_228 withBorder\"><a href=\"https:\/\/www.fnverlag.de\/fn-erfolgsdaten\/nele-katharina-strasser-reiter-fahrer\/person\/nHcwNQnFcfQ_GLE_\">Strasser, Nele Katharina<\/a><\/td>\n<td class=\"size_116 withBorder\">Junger Reiter<\/td>\n<td class=\"size_292 withBorder\">PSV Baden-W\u00fcrtt.<br \/>\nOberschwaben (068)<br \/>\nRFV Zollenreute e.V.<\/td>\n<td class=\"size_90 withBorder\">Amateur<\/td>\n<td class=\"size_90 withBorder\">3<\/td>\n<td class=\"size_84 withBorderTop textAlign_right\">765<\/td>\n<\/tr>\n<tr class=\"even\">\n<td class=\"size_54 withBorder textAlign_right\">28<\/td>\n<td class=\"size_228 withBorder\"><a href=\"https:\/\/www.fnverlag.de\/fn-erfolgsdaten\/isabell-doerr-reiter-fahrer\/person\/conbMobN0Xg_GLE_\">D\u00f6rr, Isabell<\/a><\/td>\n<td class=\"size_116 withBorder\">Junger Reiter<\/td>\n<td class=\"size_292 withBorder\">PSV Baden-W\u00fcrtt.<br \/>\nHardt (223)<br \/>\nRFPZV Wiesental 1929<\/td>\n<td class=\"size_90 withBorder\">Amateur<\/td>\n<td class=\"size_90 withBorder\">3<\/td>\n<td class=\"size_84 withBorderTop textAlign_right\">748<\/td>\n<\/tr>\n<tr class=\"odd\">\n<td class=\"size_54 withBorder textAlign_right\">29<\/td>\n<td class=\"size_228 withBorder\"><a href=\"https:\/\/www.fnverlag.de\/fn-erfolgsdaten\/adrian-volckmann-reiter-fahrer\/person\/yIKiajjuKTo_GLE_\">Volckmann, Adrian<\/a><\/td>\n<td class=\"size_116 withBorder\">Junger Reiter<\/td>\n<td class=\"size_292 withBorder\">PSV Baden-W\u00fcrtt.<br \/>\nBadische Pfalz (124)<br \/>\nRG Mannheim-Neckarau e.V.<\/td>\n<td class=\"size_90 withBorder\">Amateur<\/td>\n<td class=\"size_90 withBorder\">3<\/td>\n<td class=\"size_84 withBorderTop textAlign_right\">698<\/td>\n<\/tr>\n<tr class=\"even\">\n<td class=\"size_54 withBorder textAlign_right\">30<\/td>\n<td class=\"size_228 withBorder\"><a href=\"https:\/\/www.fnverlag.de\/fn-erfolgsdaten\/nele-appolt-reiter-fahrer\/person\/24FejJWu_DASH_Ds_GLE_\">Appolt, Nele<\/a><\/td>\n<td class=\"size_116 withBorder\">Junger Reiter<\/td>\n<td class=\"size_292 withBorder\">PSV Baden-W\u00fcrtt.<br \/>\nBadische Pfalz (124)<br \/>\nPSG Winterheck-Walldorf e.V.<\/td>\n<td class=\"size_90 withBorder\">Amateur<\/td>\n<td class=\"size_90 withBorder\">3<\/td>\n<td class=\"size_84 withBorderTop textAlign_right\">633<\/td>\n<\/tr>\n<tr class=\"odd\">\n<td class=\"size_54 withBorder textAlign_right\">31<\/td>\n<td class=\"size_228 withBorder\"><a href=\"https:\/\/www.fnverlag.de\/fn-erfolgsdaten\/sinja-ortwein-reiter-fahrer\/person\/IusPTY6DqZg_GLE_\">Ortwein, Sinja<\/a><\/td>\n<td class=\"size_116 withBorder\">Junger Reiter<\/td>\n<td class=\"size_292 withBorder\">PSV Baden-W\u00fcrtt.<br \/>\nFranken (011)<br \/>\nRV Ilsfeld<\/td>\n<td class=\"size_90 withBorder\">Amateur<\/td>\n<td class=\"size_90 withBorder\">4<\/td>\n<td class=\"size_84 withBorderTop textAlign_right\">629<\/td>\n<\/tr>\n<tr class=\"even\">\n<td class=\"size_54 withBorder textAlign_right\">32<\/td>\n<td class=\"size_228 withBorder\"><a href=\"https:\/\/www.fnverlag.de\/fn-erfolgsdaten\/vivien-eggstein-reiter-fahrer\/person\/uztKq5dY8lY_GLE_\">Eggstein, Vivien<\/a><\/td>\n<td class=\"size_116 withBorder\">Junger Reiter<\/td>\n<td class=\"size_292 withBorder\">PSV Baden-W\u00fcrtt.<br \/>\nStuttgart-Esslingen (008)<br \/>\nRFV Weilheim\/Teck<\/td>\n<td class=\"size_90 withBorder\">Amateur<\/td>\n<td class=\"size_90 withBorder\">3<\/td>\n<td class=\"size_84 withBorderTop textAlign_right\">627<\/td>\n<\/tr>\n<tr class=\"odd\">\n<td class=\"size_54 withBorder textAlign_right\">33<\/td>\n<td class=\"size_228 withBorder\"><a href=\"https:\/\/www.fnverlag.de\/fn-erfolgsdaten\/lilly-schmitt-reiter-fahrer\/person\/GXI_DASH_9IPBXi0_GLE_\">Schmitt, Lilly<\/a><\/td>\n<td class=\"size_116 withBorder\">Junger Reiter<\/td>\n<td class=\"size_292 withBorder\">PSV Baden-W\u00fcrtt.<br \/>\nKraichg.-Neckar-Odenw. (434)<br \/>\nRFV Robern<\/td>\n<td class=\"size_90 withBorder\">Amateur<\/td>\n<td class=\"size_90 withBorder\">3<\/td>\n<td class=\"size_84 withBorderTop textAlign_right\">612<\/td>\n<\/tr>\n<tr class=\"even\">\n<td class=\"size_54 withBorder textAlign_right\">34<\/td>\n<td class=\"size_228 withBorder\"><a href=\"https:\/\/www.fnverlag.de\/fn-erfolgsdaten\/sophie-hauptmann-reiter-fahrer\/person\/FSsrC7wBizc_GLE_\">Hauptmann, Sophie<\/a><\/td>\n<td class=\"size_116 withBorder\">Junger Reiter<\/td>\n<td class=\"size_292 withBorder\">PSV Baden-W\u00fcrtt.<br \/>\nLudwigsburg (014)<br \/>\nRV Sersheim<\/td>\n<td class=\"size_90 withBorder\">Amateur<\/td>\n<td class=\"size_90 withBorder\">3<\/td>\n<td class=\"size_84 withBorderTop textAlign_right\">602<\/td>\n<\/tr>\n<tr class=\"odd\">\n<td class=\"size_54 withBorder textAlign_right\">35<\/td>\n<td class=\"size_228 withBorder\"><a href=\"https:\/\/www.fnverlag.de\/fn-erfolgsdaten\/lisa-boos-reiter-fahrer\/person\/6mTBXefD0HA_GLE_\">Boos, Lisa<\/a><\/td>\n<td class=\"size_116 withBorder\">Junger Reiter<\/td>\n<td class=\"size_292 withBorder\">PSV Baden-W\u00fcrtt.<br \/>\nBodensee (744)<br \/>\nRSZ Boll<\/td>\n<td class=\"size_90 withBorder\">Amateur<\/td>\n<td class=\"size_90 withBorder\">3<\/td>\n<td class=\"size_84 withBorderTop textAlign_right\">574<\/td>\n<\/tr>\n<tr class=\"even\">\n<td class=\"size_54 withBorder textAlign_right\">36<\/td>\n<td class=\"size_228 withBorder\"><a href=\"https:\/\/www.fnverlag.de\/fn-erfolgsdaten\/fabio-nicolosi-reiter-fahrer\/person\/JdfQW7KkMBk_GLE_\">Nicolosi, Fabio<\/a><\/td>\n<td class=\"size_116 withBorder\">Junger Reiter<\/td>\n<td class=\"size_292 withBorder\">PSV Baden-W\u00fcrtt.<br \/>\nOrtenau (745)<br \/>\nRC 77 Kippenheim e.V.<\/td>\n<td class=\"size_90 withBorder\">Amateur<\/td>\n<td class=\"size_90 withBorder\">4<\/td>\n<td class=\"size_84 withBorderTop textAlign_right\">563<\/td>\n<\/tr>\n<tr class=\"odd\">\n<td class=\"size_54 withBorder textAlign_right\">37<\/td>\n<td class=\"size_228 withBorder\"><a href=\"https:\/\/www.fnverlag.de\/fn-erfolgsdaten\/anna-pfitzer-reiter-fahrer\/person\/gvOMQZ262u0_GLE_\">Pfitzer, Anna<\/a><\/td>\n<td class=\"size_116 withBorder\">Junger Reiter<\/td>\n<td class=\"size_292 withBorder\">PSV Baden-W\u00fcrtt.<br \/>\nOstalb (004)<br \/>\nRFSG Neuler<\/td>\n<td class=\"size_90 withBorder\">Amateur<\/td>\n<td class=\"size_90 withBorder\">3<\/td>\n<td class=\"size_84 withBorderTop textAlign_right\">548<\/td>\n<\/tr>\n<tr class=\"even\">\n<td class=\"size_54 withBorder textAlign_right\">38<\/td>\n<td class=\"size_228 withBorder\"><a href=\"https:\/\/www.fnverlag.de\/fn-erfolgsdaten\/laurenz-lukas-reiter-fahrer\/person\/7wQQx0A_PLUS_XaQ_GLE_\">Lukas, Laurenz<\/a><\/td>\n<td class=\"size_116 withBorder\">Junger Reiter<\/td>\n<td class=\"size_292 withBorder\">PSV Baden-W\u00fcrtt.<br \/>\nOberrhein (746)<br \/>\nRV Dreil\u00e4ndereck<\/td>\n<td class=\"size_90 withBorder\">Nicht Amateur<\/td>\n<td class=\"size_90 withBorder\">3<\/td>\n<td class=\"size_84 withBorderTop textAlign_right\">537<\/td>\n<\/tr>\n<tr class=\"odd\">\n<td class=\"size_54 withBorder textAlign_right\">39<\/td>\n<td class=\"size_228 withBorder\"><a href=\"https:\/\/www.fnverlag.de\/fn-erfolgsdaten\/rebecca-pech-reiter-fahrer\/person\/pI4UsJiaBko_GLE_\">Pech, Rebecca<\/a><\/td>\n<td class=\"size_116 withBorder\">Junger Reiter<\/td>\n<td class=\"size_292 withBorder\">PSV Baden-W\u00fcrtt.<br \/>\nStaufen-Fils (009)<br \/>\nRV Gest\u00fct Birkhof<\/td>\n<td class=\"size_90 withBorder\">Amateur<\/td>\n<td class=\"size_90 withBorder\">3<\/td>\n<td class=\"size_84 withBorderTop textAlign_right\">464<\/td>\n<\/tr>\n<tr class=\"even\">\n<td class=\"size_54 withBorder textAlign_right\">40<\/td>\n<td class=\"size_228 withBorder\"><a href=\"https:\/\/www.fnverlag.de\/fn-erfolgsdaten\/anna-christ-reiter-fahrer\/person\/quRn9Fz0GW0_GLE_\">Christ, Anna<\/a><\/td>\n<td class=\"size_116 withBorder\">Junger Reiter<\/td>\n<td class=\"size_292 withBorder\">PSV Baden-W\u00fcrtt.<br \/>\nOberrhein (746)<br \/>\nRV Dreil\u00e4ndereck<\/td>\n<td class=\"size_90 withBorder\">Nicht Amateur<\/td>\n<td class=\"size_90 withBorder\">3<\/td>\n<td class=\"size_84 withBorderTop textAlign_right\">454<\/td>\n<\/tr>\n<tr class=\"odd\">\n<td class=\"size_54 withBorder textAlign_right\">41<\/td>\n<td class=\"size_228 withBorder\"><a href=\"https:\/\/www.fnverlag.de\/fn-erfolgsdaten\/pia-glaesel-reiter-fahrer\/person\/FTvPjQveU3g_GLE_\">Gl\u00e4sel, Pia<\/a><\/td>\n<td class=\"size_116 withBorder\">Junger Reiter<\/td>\n<td class=\"size_292 withBorder\">PSV Baden-W\u00fcrtt.<br \/>\nT\u00fcbingen (069)<br \/>\nT\u00fcbinger RG<\/td>\n<td class=\"size_90 withBorder\">Amateur<\/td>\n<td class=\"size_90 withBorder\">3<\/td>\n<td class=\"size_84 withBorderTop textAlign_right\">420<\/td>\n<\/tr>\n<tr class=\"even\">\n<td class=\"size_54 withBorder textAlign_right\">42<\/td>\n<td class=\"size_228 withBorder\"><a href=\"https:\/\/www.fnverlag.de\/fn-erfolgsdaten\/sofie-riester-reiter-fahrer\/person\/Gqn2BwjmnLU_GLE_\">Riester, Sofie<\/a><\/td>\n<td class=\"size_116 withBorder\">Junger Reiter<\/td>\n<td class=\"size_292 withBorder\">PSV Baden-W\u00fcrtt.<br \/>\nOrtenau (745)<br \/>\nRV Ichenheim<\/td>\n<td class=\"size_90 withBorder\">Amateur<\/td>\n<td class=\"size_90 withBorder\">3<\/td>\n<td class=\"size_84 withBorderTop textAlign_right\">358<\/td>\n<\/tr>\n<tr class=\"odd\">\n<td class=\"size_54 withBorder textAlign_right\">43<\/td>\n<td class=\"size_228 withBorder\"><a href=\"https:\/\/www.fnverlag.de\/fn-erfolgsdaten\/kira-theresia-eisele-reiter-fahrer\/person\/S0eL4SgEs0g_GLE_\">Eisele, Kira Theresia<\/a><\/td>\n<td class=\"size_116 withBorder\">Junger Reiter<\/td>\n<td class=\"size_292 withBorder\">PSV Baden-W\u00fcrtt.<br \/>\nOrtenau (745)<br \/>\nRV Lahr<\/td>\n<td class=\"size_90 withBorder\">Nicht Amateur<\/td>\n<td class=\"size_90 withBorder\">3<\/td>\n<td class=\"size_84 withBorderTop textAlign_right\">332<\/td>\n<\/tr>\n<tr class=\"even\">\n<td class=\"size_54 withBorder textAlign_right\">44<\/td>\n<td class=\"size_228 withBorder\"><a href=\"https:\/\/www.fnverlag.de\/fn-erfolgsdaten\/sina-tuerk-reiter-fahrer\/person\/mInaLN6Ci_PLUS_c_GLE_\">T\u00fcrk, Sina<\/a><\/td>\n<td class=\"size_116 withBorder\">Junger Reiter<\/td>\n<td class=\"size_292 withBorder\">PSV Baden-W\u00fcrtt.<br \/>\nOstalb (004)<br \/>\nReiterverein Aalen u. Umgebung e.V.<\/td>\n<td class=\"size_90 withBorder\">Nicht Amateur<\/td>\n<td class=\"size_90 withBorder\">3<\/td>\n<td class=\"size_84 withBorderTop textAlign_right\">331<\/td>\n<\/tr>\n<tr class=\"odd\">\n<td class=\"size_54 withBorder textAlign_right\">45<\/td>\n<td class=\"size_228 withBorder\"><a href=\"https:\/\/www.fnverlag.de\/fn-erfolgsdaten\/noah-mueller-reiter-fahrer\/person\/k02VO2dXbqQ_GLE_\">M\u00fcller, Noah<\/a><\/td>\n<td class=\"size_116 withBorder\">Junger Reiter<\/td>\n<td class=\"size_292 withBorder\">PSV Baden-W\u00fcrtt.<br \/>\nOrtenau (745)<br \/>\nRFV St.Leonhard B\u00fchl<\/td>\n<td class=\"size_90 withBorder\">Amateur<\/td>\n<td class=\"size_90 withBorder\">4<\/td>\n<td class=\"size_84 withBorderTop textAlign_right\">307<\/td>\n<\/tr>\n<tr class=\"even\">\n<td class=\"size_54 withBorder textAlign_right\">46<\/td>\n<td class=\"size_228 withBorder\"><a href=\"https:\/\/www.fnverlag.de\/fn-erfolgsdaten\/jana-schoupal-reiter-fahrer--ausbilder\/person\/HjSes6eXG_PLUS_U_GLE_\">Schoupal, Jana<\/a><\/td>\n<td class=\"size_116 withBorder\">Junger Reiter<\/td>\n<td class=\"size_292 withBorder\">PSV Baden-W\u00fcrtt.<br \/>\nBadische Pfalz (124)<br \/>\nRFV Mannheim-Friedrichsfeld<\/td>\n<td class=\"size_90 withBorder\">Nicht Amateur<\/td>\n<td class=\"size_90 withBorder\">4<\/td>\n<td class=\"size_84 withBorderTop textAlign_right\">298<\/td>\n<\/tr>\n<tr class=\"odd\">\n<td class=\"size_54 withBorder textAlign_right\">47<\/td>\n<td class=\"size_228 withBorder\"><a href=\"https:\/\/www.fnverlag.de\/fn-erfolgsdaten\/lea-hinger-reiter-fahrer\/person\/GduC6AOleO8_GLE_\">Hinger, Lea<\/a><\/td>\n<td class=\"size_116 withBorder\">Junger Reiter<\/td>\n<td class=\"size_292 withBorder\">PSV Baden-W\u00fcrtt.<br \/>\nHardt (223)<br \/>\nRV Kraichtal<\/td>\n<td class=\"size_90 withBorder\">Amateur<\/td>\n<td class=\"size_90 withBorder\">5<\/td>\n<td class=\"size_84 withBorderTop textAlign_right\">297<\/td>\n<\/tr>\n<tr class=\"even\">\n<td class=\"size_54 withBorder textAlign_right\">48<\/td>\n<td class=\"size_228 withBorder\"><a href=\"https:\/\/www.fnverlag.de\/fn-erfolgsdaten\/sarah-widmayer-reiter-fahrer\/person\/HK49JLbQMMw_GLE_\">Widmayer, Sarah<\/a><\/td>\n<td class=\"size_116 withBorder\">Junger Reiter<\/td>\n<td class=\"size_292 withBorder\">PSV Baden-W\u00fcrtt.<br \/>\nB\u00f6blingen (006)<br \/>\nLRFV Weil der Stadt<\/td>\n<td class=\"size_90 withBorder\">Amateur<\/td>\n<td class=\"size_90 withBorder\">4<\/td>\n<td class=\"size_84 withBorderTop textAlign_right\">282<\/td>\n<\/tr>\n<tr class=\"odd\">\n<td class=\"size_54 withBorder textAlign_right\">49<\/td>\n<td class=\"size_228 withBorder\"><a href=\"https:\/\/www.fnverlag.de\/fn-erfolgsdaten\/vivien-hofmaier-reiter-fahrer\/person\/k2LFaAe1sEY_GLE_\">Hofmaier, Vivien<\/a><\/td>\n<td class=\"size_116 withBorder\">Junger Reiter<\/td>\n<td class=\"size_292 withBorder\">PSV Baden-W\u00fcrtt.<br \/>\nAlb-Donau (003)<br \/>\nRFV Blaubeuren u.U.<\/td>\n<td class=\"size_90 withBorder\">Amateur<\/td>\n<td class=\"size_90 withBorder\">5<\/td>\n<td class=\"size_84 withBorderTop textAlign_right\">281<\/td>\n<\/tr>\n<tr class=\"even\">\n<td class=\"size_54 withBorder textAlign_right\">50<\/td>\n<td class=\"size_228 withBorder\"><a href=\"https:\/\/www.fnverlag.de\/fn-erfolgsdaten\/leonie-wenczel-reiter-fahrer\/person\/xNJnZoOPNgc_GLE_\">Wenczel, Leonie<\/a><\/td>\n<td class=\"size_116 withBorder\">Junger Reiter<\/td>\n<td class=\"size_292 withBorder\">PSV Baden-W\u00fcrtt.<br \/>\nB\u00f6blingen (006)<br \/>\nRFV Ehningen<\/td>\n<td class=\"size_90 withBorder\">Amateur<\/td>\n<td class=\"size_90 withBorder\">4<\/td>\n<td class=\"size_84 withBorderTop textAlign_right\">272<\/td>\n<\/tr>\n<tr class=\"odd\">\n<td class=\"size_54 withBorder textAlign_right\">51<\/td>\n<td class=\"size_228 withBorder\"><a href=\"https:\/\/www.fnverlag.de\/fn-erfolgsdaten\/anna-bischofberger-reiter-fahrer\/person\/Lh_PLUS_Yn2j4MwQ_GLE_\">Bischofberger, Anna<\/a><\/td>\n<td class=\"size_116 withBorder\">Junger Reiter<\/td>\n<td class=\"size_292 withBorder\">PSV Baden-W\u00fcrtt.<br \/>\nOberschwaben (068)<br \/>\nRFV Ki\u00dflegg e.V.<\/td>\n<td class=\"size_90 withBorder\">Amateur<\/td>\n<td class=\"size_90 withBorder\">4<\/td>\n<td class=\"size_84 withBorderTop textAlign_right\">269<\/td>\n<\/tr>\n<tr class=\"even\">\n<td class=\"size_54 withBorder textAlign_right\">52<\/td>\n<td class=\"size_228 withBorder\"><a href=\"https:\/\/www.fnverlag.de\/fn-erfolgsdaten\/julia-ruehle-reiter-fahrer\/person\/jW7tQ1EG99M_GLE_\">R\u00fchle, Julia<\/a><\/td>\n<td class=\"size_116 withBorder\">Junger Reiter<\/td>\n<td class=\"size_292 withBorder\">PSV Baden-W\u00fcrtt.<br \/>\nReutlingen (065)<br \/>\nRV Reutlingen<\/td>\n<td class=\"size_90 withBorder\">Amateur<\/td>\n<td class=\"size_90 withBorder\">4<\/td>\n<td class=\"size_84 withBorderTop textAlign_right\">262<\/td>\n<\/tr>\n<tr class=\"odd\">\n<td class=\"size_54 withBorder textAlign_right\">53<\/td>\n<td class=\"size_228 withBorder\"><a href=\"https:\/\/www.fnverlag.de\/fn-erfolgsdaten\/selina-traut-reiter-fahrer\/person\/G9cT1viI_PLUS_Mc_GLE_\">Traut, Selina<\/a><\/td>\n<td class=\"size_116 withBorder\">Junger Reiter<\/td>\n<td class=\"size_292 withBorder\">PSV Baden-W\u00fcrtt.<br \/>\nOberschwaben (068)<br \/>\nRFV Wangen 1925<\/td>\n<td class=\"size_90 withBorder\">Amateur<\/td>\n<td class=\"size_90 withBorder\">3<\/td>\n<td class=\"size_84 withBorderTop textAlign_right\">255<\/td>\n<\/tr>\n<tr class=\"even\">\n<td class=\"size_54 withBorder textAlign_right\">54<\/td>\n<td class=\"size_228 withBorder\"><a href=\"https:\/\/www.fnverlag.de\/fn-erfolgsdaten\/lars-allgaier-reiter-fahrer\/person\/HFfRG9eJ7_DASH_4_GLE_\">Allgaier, Lars<\/a><\/td>\n<td class=\"size_116 withBorder\">Junger Reiter<\/td>\n<td class=\"size_292 withBorder\">PSV Baden-W\u00fcrtt.<br \/>\nOberrhein (746)<br \/>\nRV Schopfheim<\/td>\n<td class=\"size_90 withBorder\">Amateur<\/td>\n<td class=\"size_90 withBorder\">4<\/td>\n<td class=\"size_84 withBorderTop textAlign_right\">250<\/td>\n<\/tr>\n<tr class=\"odd\">\n<td class=\"size_54 withBorder textAlign_right\">55<\/td>\n<td class=\"size_228 withBorder\"><a href=\"https:\/\/www.fnverlag.de\/fn-erfolgsdaten\/henriette-roll-reiter-fahrer--ausbilder\/person\/okRuMwTK9ro_GLE_\">Roll, Henriette<\/a><\/td>\n<td class=\"size_116 withBorder\">Junger Reiter<\/td>\n<td class=\"size_292 withBorder\">PSV Baden-W\u00fcrtt.<br \/>\nLudwigsburg (014)<br \/>\nPferdesportteam Talhof Korntal e.V.<\/td>\n<td class=\"size_90 withBorder\">Nicht Amateur<\/td>\n<td class=\"size_90 withBorder\">4<\/td>\n<td class=\"size_84 withBorderTop textAlign_right\">247<\/td>\n<\/tr>\n<tr class=\"even\">\n<td class=\"size_54 withBorder textAlign_right\">56<\/td>\n<td class=\"size_228 withBorder\"><a href=\"https:\/\/www.fnverlag.de\/fn-erfolgsdaten\/paula-aichelmann-reiter-fahrer\/person\/hImfSFMasZs_GLE_\">Aichelmann, Paula<\/a><\/td>\n<td class=\"size_116 withBorder\">Junger Reiter<\/td>\n<td class=\"size_292 withBorder\">PSV Baden-W\u00fcrtt.<br \/>\nBodensee (744)<br \/>\nRV Singen e.V.<\/td>\n<td class=\"size_90 withBorder\">Amateur<\/td>\n<td class=\"size_90 withBorder\">4<\/td>\n<td class=\"size_84 withBorderTop textAlign_right\">236<\/td>\n<\/tr>\n<tr class=\"odd\">\n<td class=\"size_54 withBorder textAlign_right\">57<\/td>\n<td class=\"size_228 withBorder\"><a href=\"https:\/\/www.fnverlag.de\/fn-erfolgsdaten\/anna-lena-schmidt-reiter-fahrer\/person\/FdlQlll0XAM_GLE_\">Schmidt, Anna Lena<\/a><\/td>\n<td class=\"size_116 withBorder\">Junger Reiter<\/td>\n<td class=\"size_292 withBorder\">PSV Baden-W\u00fcrtt.<br \/>\nT\u00fcbingen (069)<br \/>\nRV Pulverm\u00fchle Du\u00dflingen<\/td>\n<td class=\"size_90 withBorder\">Amateur<\/td>\n<td class=\"size_90 withBorder\">4<\/td>\n<td class=\"size_84 withBorderTop textAlign_right\">230<\/td>\n<\/tr>\n<tr class=\"even\">\n<td class=\"size_54 withBorder textAlign_right\">58<\/td>\n<td class=\"size_228 withBorder\"><a href=\"https:\/\/www.fnverlag.de\/fn-erfolgsdaten\/lea-koenig-reiter-fahrer\/person\/VcPt_DASH_7Py2eE_GLE_\">K\u00f6nig, Lea<\/a><\/td>\n<td class=\"size_116 withBorder\">Junger Reiter<\/td>\n<td class=\"size_292 withBorder\">PSV Baden-W\u00fcrtt.<br \/>\nHeidenheim (010)<br \/>\nRSG Dettinger Alb<\/td>\n<td class=\"size_90 withBorder\">Amateur<\/td>\n<td class=\"size_90 withBorder\">4<\/td>\n<td class=\"size_84 withBorderTop textAlign_right\">223<\/td>\n<\/tr>\n<tr class=\"odd\">\n<td class=\"size_54 withBorder textAlign_right\">58<\/td>\n<td class=\"size_228 withBorder\"><a href=\"https:\/\/www.fnverlag.de\/fn-erfolgsdaten\/kim-weireter-reiter-fahrer\/person\/ol3lmHPnccw_GLE_\">Weireter, Kim<\/a><\/td>\n<td class=\"size_116 withBorder\">Junger Reiter<\/td>\n<td class=\"size_292 withBorder\">PSV Baden-W\u00fcrtt.<br \/>\nHeidenheim (010)<br \/>\nRFV Steinheim<\/td>\n<td class=\"size_90 withBorder\">Amateur<\/td>\n<td class=\"size_90 withBorder\">4<\/td>\n<td class=\"size_84 withBorderTop textAlign_right\">223<\/td>\n<\/tr>\n<tr class=\"even\">\n<td class=\"size_54 withBorder textAlign_right\">60<\/td>\n<td class=\"size_228 withBorder\"><a href=\"https:\/\/www.fnverlag.de\/fn-erfolgsdaten\/leonie-niess-reiter-fahrer\/person\/cUzNFKeuTjI_GLE_\">Nie\u00df, Leonie<\/a><\/td>\n<td class=\"size_116 withBorder\">Junger Reiter<\/td>\n<td class=\"size_292 withBorder\">PSV Baden-W\u00fcrtt.<br \/>\nBiberach (058)<br \/>\nRV Mietingen<\/td>\n<td class=\"size_90 withBorder\">Amateur<\/td>\n<td class=\"size_90 withBorder\">5<\/td>\n<td class=\"size_84 withBorderTop textAlign_right\">218<\/td>\n<\/tr>\n<tr class=\"odd\">\n<td class=\"size_54 withBorder textAlign_right\">61<\/td>\n<td class=\"size_228 withBorder\"><a href=\"https:\/\/www.fnverlag.de\/fn-erfolgsdaten\/jana-hoechster-reiter-fahrer\/person\/J1NCPGuKFRs_GLE_\">H\u00f6chster, Jana<\/a><\/td>\n<td class=\"size_116 withBorder\">Junger Reiter<\/td>\n<td class=\"size_292 withBorder\">PSV Baden-W\u00fcrtt.<br \/>\nDonau-Neckar (066)<br \/>\nRSV Dreiherrenstein e.V.<\/td>\n<td class=\"size_90 withBorder\">Amateur<\/td>\n<td class=\"size_90 withBorder\">4<\/td>\n<td class=\"size_84 withBorderTop textAlign_right\">213<\/td>\n<\/tr>\n<tr class=\"even\">\n<td class=\"size_54 withBorder textAlign_right\">62<\/td>\n<td class=\"size_228 withBorder\"><a href=\"https:\/\/www.fnverlag.de\/fn-erfolgsdaten\/vivien-albicker-reiter-fahrer\/person\/n63bvuZbLTA_GLE_\">Albicker, Vivien<\/a><\/td>\n<td class=\"size_116 withBorder\">Junger Reiter<\/td>\n<td class=\"size_292 withBorder\">PSV Baden-W\u00fcrtt.<br \/>\nOberrhein (746)<br \/>\nPSV Wolfsgrube Klettgau-Erzingen e.V.<\/td>\n<td class=\"size_90 withBorder\">Amateur<\/td>\n<td class=\"size_90 withBorder\">4<\/td>\n<td class=\"size_84 withBorderTop textAlign_right\">207<\/td>\n<\/tr>\n<tr class=\"odd\">\n<td class=\"size_54 withBorder textAlign_right\">63<\/td>\n<td class=\"size_228 withBorder\"><a href=\"https:\/\/www.fnverlag.de\/fn-erfolgsdaten\/julian-kleinferchner-reiter-fahrer--ausbilder\/person\/H6Jg24GSiX4_GLE_\">Kleinferchner, Julian<\/a><\/td>\n<td class=\"size_116 withBorder\">Junger Reiter<\/td>\n<td class=\"size_292 withBorder\">PSV Baden-W\u00fcrtt.<br \/>\nOberrhein (746)<br \/>\nRV Dreil\u00e4ndereck<\/td>\n<td class=\"size_90 withBorder\">Nicht Amateur<\/td>\n<td class=\"size_90 withBorder\">4<\/td>\n<td class=\"size_84 withBorderTop textAlign_right\">201<\/td>\n<\/tr>\n<tr class=\"even\">\n<td class=\"size_54 withBorder textAlign_right\">63<\/td>\n<td class=\"size_228 withBorder\"><a href=\"https:\/\/www.fnverlag.de\/fn-erfolgsdaten\/elias-walter-reiter-fahrer\/person\/WfxztJwOklg_GLE_\">Walter, Elias<\/a><\/td>\n<td class=\"size_116 withBorder\">Junger Reiter<\/td>\n<td class=\"size_292 withBorder\">PSV Baden-W\u00fcrtt.<br \/>\nBiberach (058)<br \/>\nRV Moosbeuren<\/td>\n<td class=\"size_90 withBorder\">Amateur<\/td>\n<td class=\"size_90 withBorder\">5<\/td>\n<td class=\"size_84 withBorderTop textAlign_right\">201<\/td>\n<\/tr>\n<tr class=\"odd\">\n<td class=\"size_54 withBorder textAlign_right\">65<\/td>\n<td class=\"size_228 withBorder\"><a href=\"https:\/\/www.fnverlag.de\/fn-erfolgsdaten\/laura-schwenninger-reiter-fahrer\/person\/6KbgWuyVQCY_GLE_\">Schwenninger, Laura<\/a><\/td>\n<td class=\"size_116 withBorder\">Junger Reiter<\/td>\n<td class=\"size_292 withBorder\">PSV Baden-W\u00fcrtt.<br \/>\nBadische Pfalz (124)<br \/>\nPSG Winterheck-Walldorf e.V.<\/td>\n<td class=\"size_90 withBorder\">Amateur<\/td>\n<td class=\"size_90 withBorder\">3<\/td>\n<td class=\"size_84 withBorderTop textAlign_right\">199<\/td>\n<\/tr>\n<tr class=\"even\">\n<td class=\"size_54 withBorder textAlign_right\">66<\/td>\n<td class=\"size_228 withBorder\"><a href=\"https:\/\/www.fnverlag.de\/fn-erfolgsdaten\/felicia-velte-reiter-fahrer\/person\/Rv3FHcGvMtk_GLE_\">Velte, Felicia<\/a><\/td>\n<td class=\"size_116 withBorder\">Junger Reiter<\/td>\n<td class=\"size_292 withBorder\">PSV Baden-W\u00fcrtt.<br \/>\nH\u00fcgelland (326)<br \/>\nRFV K\u00f6nigsbach<\/td>\n<td class=\"size_90 withBorder\">Amateur<\/td>\n<td class=\"size_90 withBorder\">4<\/td>\n<td class=\"size_84 withBorderTop textAlign_right\">196<\/td>\n<\/tr>\n<tr class=\"odd\">\n<td class=\"size_54 withBorder textAlign_right\">67<\/td>\n<td class=\"size_228 withBorder\"><a href=\"https:\/\/www.fnverlag.de\/fn-erfolgsdaten\/ophelia-hertkorn-reiter-fahrer\/person\/tcs7ZYo2Gws_GLE_\">Hertkorn, Ophelia<\/a><\/td>\n<td class=\"size_116 withBorder\">Junger Reiter<\/td>\n<td class=\"size_292 withBorder\">PSV Baden-W\u00fcrtt.<br \/>\nDonau-Neckar (066)<br \/>\nRFV Rottweil u.U.<\/td>\n<td class=\"size_90 withBorder\">Amateur<\/td>\n<td class=\"size_90 withBorder\">3<\/td>\n<td class=\"size_84 withBorderTop textAlign_right\">193<\/td>\n<\/tr>\n<tr class=\"even\">\n<td class=\"size_54 withBorder textAlign_right\">68<\/td>\n<td class=\"size_228 withBorder\"><a href=\"https:\/\/www.fnverlag.de\/fn-erfolgsdaten\/leoni-grossberger-reiter-fahrer\/person\/l_PLUS_3QlL2Ymb8_GLE_\">Gro\u00dfberger, Leoni<\/a><\/td>\n<td class=\"size_116 withBorder\">Junger Reiter<\/td>\n<td class=\"size_292 withBorder\">PSV Baden-W\u00fcrtt.<br \/>\nHeidenheim (010)<br \/>\nRV Dettingen am Albuch<\/td>\n<td class=\"size_90 withBorder\">Amateur<\/td>\n<td class=\"size_90 withBorder\">4<\/td>\n<td class=\"size_84 withBorderTop textAlign_right\">192<\/td>\n<\/tr>\n<tr class=\"odd\">\n<td class=\"size_54 withBorder textAlign_right\">68<\/td>\n<td class=\"size_228 withBorder\"><a href=\"https:\/\/www.fnverlag.de\/fn-erfolgsdaten\/lucy-hauser-reiter-fahrer\/person\/cpB6RQ_DASH_ofGY_GLE_\">Hauser, Lucy<\/a><\/td>\n<td class=\"size_116 withBorder\">Junger Reiter<\/td>\n<td class=\"size_292 withBorder\">PSV Baden-W\u00fcrtt.<br \/>\nB\u00f6blingen (006)<br \/>\nPSV G\u00e4ufelden-Weildorf e.V.<\/td>\n<td class=\"size_90 withBorder\">Amateur<\/td>\n<td class=\"size_90 withBorder\">5<\/td>\n<td class=\"size_84 withBorderTop textAlign_right\">192<\/td>\n<\/tr>\n<tr class=\"even\">\n<td class=\"size_54 withBorder textAlign_right\">70<\/td>\n<td class=\"size_228 withBorder\"><a href=\"https:\/\/www.fnverlag.de\/fn-erfolgsdaten\/katarina-markovic-reiter-fahrer\/person\/FpCF_PLUS_iE6cjQ_GLE_\">Markovic, Katarina<\/a><\/td>\n<td class=\"size_116 withBorder\">Junger Reiter<\/td>\n<td class=\"size_292 withBorder\">PSV Baden-W\u00fcrtt.<br \/>\nHardt (223)<br \/>\nRFV Rot<\/td>\n<td class=\"size_90 withBorder\">Amateur<\/td>\n<td class=\"size_90 withBorder\">4<\/td>\n<td class=\"size_84 withBorderTop textAlign_right\">185<\/td>\n<\/tr>\n<tr class=\"odd\">\n<td class=\"size_54 withBorder textAlign_right\">71<\/td>\n<td class=\"size_228 withBorder\"><a href=\"https:\/\/www.fnverlag.de\/fn-erfolgsdaten\/louisa-katharina-piper-reiter-fahrer\/person\/rLw5OIF9yLc_GLE_\">Piper, Louisa Katharina<\/a><\/td>\n<td class=\"size_116 withBorder\">Junger Reiter<\/td>\n<td class=\"size_292 withBorder\">PSV Baden-W\u00fcrtt.<br \/>\nBadische Pfalz (124)<br \/>\nRFV Mannheim-Friedrichsfeld<\/td>\n<td class=\"size_90 withBorder\">Amateur<\/td>\n<td class=\"size_90 withBorder\">4<\/td>\n<td class=\"size_84 withBorderTop textAlign_right\">183<\/td>\n<\/tr>\n<tr class=\"even\">\n<td class=\"size_54 withBorder textAlign_right\">72<\/td>\n<td class=\"size_228 withBorder\"><a href=\"https:\/\/www.fnverlag.de\/fn-erfolgsdaten\/marc-niederberger-reiter-fahrer\/person\/BVJpMjW7cRw_GLE_\">Niederberger, Marc<\/a><\/td>\n<td class=\"size_116 withBorder\">Junger Reiter<\/td>\n<td class=\"size_292 withBorder\">PSV Baden-W\u00fcrtt.<br \/>\nHeidenheim (010)<br \/>\nRV Dettingen am Albuch<\/td>\n<td class=\"size_90 withBorder\">Amateur<\/td>\n<td class=\"size_90 withBorder\">4<\/td>\n<td class=\"size_84 withBorderTop textAlign_right\">180<\/td>\n<\/tr>\n<tr class=\"odd\">\n<td class=\"size_54 withBorder textAlign_right\">73<\/td>\n<td class=\"size_228 withBorder\"><a href=\"https:\/\/www.fnverlag.de\/fn-erfolgsdaten\/svenja-duhme-reiter-fahrer\/person\/UfFwlbn2Ia0_GLE_\">Duhme, Svenja<\/a><\/td>\n<td class=\"size_116 withBorder\">Junger Reiter<\/td>\n<td class=\"size_292 withBorder\">PSV Baden-W\u00fcrtt.<br \/>\nLudwigsburg (014)<br \/>\nPferdesportteam Talhof Korntal e.V.<\/td>\n<td class=\"size_90 withBorder\">Amateur<\/td>\n<td class=\"size_90 withBorder\">5<\/td>\n<td class=\"size_84 withBorderTop textAlign_right\">178<\/td>\n<\/tr>\n<tr class=\"even\">\n<td class=\"size_54 withBorder textAlign_right\">73<\/td>\n<td class=\"size_228 withBorder\"><a href=\"https:\/\/www.fnverlag.de\/fn-erfolgsdaten\/felix-heizmann-reiter-fahrer\/person\/eZiE01j87IQ_GLE_\">Heizmann, Felix<\/a><\/td>\n<td class=\"size_116 withBorder\">Junger Reiter<\/td>\n<td class=\"size_292 withBorder\">PSV Baden-W\u00fcrtt.<br \/>\nBreisgau-Kaiserstuhl (742)<br \/>\nRFSV Kenzingen e.V.<\/td>\n<td class=\"size_90 withBorder\">Amateur<\/td>\n<td class=\"size_90 withBorder\">5<\/td>\n<td class=\"size_84 withBorderTop textAlign_right\">178<\/td>\n<\/tr>\n<tr class=\"odd\">\n<td class=\"size_54 withBorder textAlign_right\">75<\/td>\n<td class=\"size_228 withBorder\"><a href=\"https:\/\/www.fnverlag.de\/fn-erfolgsdaten\/paula-schlamp-reiter-fahrer\/person\/tNXJGfW6jtA_GLE_\">Schlamp, Paula<\/a><\/td>\n<td class=\"size_116 withBorder\">Junger Reiter<\/td>\n<td class=\"size_292 withBorder\">PSV Baden-W\u00fcrtt.<br \/>\nB\u00f6blingen (006)<br \/>\nPSV G\u00e4ufelden-Weildorf e.V.<\/td>\n<td class=\"size_90 withBorder\">Amateur<\/td>\n<td class=\"size_90 withBorder\">4<\/td>\n<td class=\"size_84 withBorderTop textAlign_right\">171<\/td>\n<\/tr>\n<tr class=\"even\">\n<td class=\"size_54 withBorder textAlign_right\">76<\/td>\n<td class=\"size_228 withBorder\"><a href=\"https:\/\/www.fnverlag.de\/fn-erfolgsdaten\/alina-krane-reiter-fahrer\/person\/YNtQQOu_PLUS_upA_GLE_\">Krane, Alina<\/a><\/td>\n<td class=\"size_116 withBorder\">Junger Reiter<\/td>\n<td class=\"size_292 withBorder\">PSV Baden-W\u00fcrtt.<br \/>\nOberrhein (746)<br \/>\nRV Schopfheim<\/td>\n<td class=\"size_90 withBorder\">Amateur<\/td>\n<td class=\"size_90 withBorder\">4<\/td>\n<td class=\"size_84 withBorderTop textAlign_right\">168<\/td>\n<\/tr>\n<tr class=\"odd\">\n<td class=\"size_54 withBorder textAlign_right\">77<\/td>\n<td class=\"size_228 withBorder\"><a href=\"https:\/\/www.fnverlag.de\/fn-erfolgsdaten\/theresia-glaesel-reiter-fahrer\/person\/r0lLSezYqoU_GLE_\">Gl\u00e4sel, Theresia<\/a><\/td>\n<td class=\"size_116 withBorder\">Junger Reiter<\/td>\n<td class=\"size_292 withBorder\">PSV Baden-W\u00fcrtt.<br \/>\nT\u00fcbingen (069)<br \/>\nT\u00fcbinger RG<\/td>\n<td class=\"size_90 withBorder\">Amateur<\/td>\n<td class=\"size_90 withBorder\">3<\/td>\n<td class=\"size_84 withBorderTop textAlign_right\">167<\/td>\n<\/tr>\n<tr class=\"even\">\n<td class=\"size_54 withBorder textAlign_right\">78<\/td>\n<td class=\"size_228 withBorder\"><a href=\"https:\/\/www.fnverlag.de\/fn-erfolgsdaten\/leonie-mercedes-wolff-reiter-fahrer\/person\/uDRl8mVcDU8_GLE_\">Wolff, Leonie Mercedes<\/a><\/td>\n<td class=\"size_116 withBorder\">Junger Reiter<\/td>\n<td class=\"size_292 withBorder\">PSV Baden-W\u00fcrtt.<br \/>\nRems-Murr (022)<br \/>\nRV Waiblingen<\/td>\n<td class=\"size_90 withBorder\">Amateur<\/td>\n<td class=\"size_90 withBorder\">4<\/td>\n<td class=\"size_84 withBorderTop textAlign_right\">151<\/td>\n<\/tr>\n<tr class=\"odd\">\n<td class=\"size_54 withBorder textAlign_right\">79<\/td>\n<td class=\"size_228 withBorder\"><a href=\"https:\/\/www.fnverlag.de\/fn-erfolgsdaten\/laura-stuehler-reiter-fahrer\/person\/wveHcgxIaRg_GLE_\">St\u00fchler, Laura<\/a><\/td>\n<td class=\"size_116 withBorder\">Junger Reiter<\/td>\n<td class=\"size_292 withBorder\">PSV Baden-W\u00fcrtt.<br \/>\nRems-Murr (022)<br \/>\nRV Winnenden u.U.e.V.<\/td>\n<td class=\"size_90 withBorder\">Amateur<\/td>\n<td class=\"size_90 withBorder\">4<\/td>\n<td class=\"size_84 withBorderTop textAlign_right\">143<\/td>\n<\/tr>\n<tr class=\"even\">\n<td class=\"size_54 withBorder textAlign_right\">80<\/td>\n<td class=\"size_228 withBorder\"><a href=\"https:\/\/www.fnverlag.de\/fn-erfolgsdaten\/johannes-heckenberger-reiter-fahrer\/person\/EEY_PLUS_sog3EmA_GLE_\">Heckenberger, Johannes<\/a><\/td>\n<td class=\"size_116 withBorder\">Junger Reiter<\/td>\n<td class=\"size_292 withBorder\">PSV Baden-W\u00fcrtt.<br \/>\nAlb-Donau (003)<br \/>\nRSZ Josefshof im Winkel<\/td>\n<td class=\"size_90 withBorder\">Amateur<\/td>\n<td class=\"size_90 withBorder\">3<\/td>\n<td class=\"size_84 withBorderTop textAlign_right\">141<\/td>\n<\/tr>\n<tr class=\"odd\">\n<td class=\"size_54 withBorder textAlign_right\">80<\/td>\n<td class=\"size_228 withBorder\"><a href=\"https:\/\/www.fnverlag.de\/fn-erfolgsdaten\/jonathan-haeussler-reiter-fahrer\/person\/YoMBqxaDR0o_GLE_\">H\u00e4u\u00dfler, Jonathan<\/a><\/td>\n<td class=\"size_116 withBorder\">Junger Reiter<\/td>\n<td class=\"size_292 withBorder\">PSV Baden-W\u00fcrtt.<br \/>\nRems-Murr (022)<br \/>\nPSV Welzheim &#8211; Hohe Tanne<\/td>\n<td class=\"size_90 withBorder\">Amateur<\/td>\n<td class=\"size_90 withBorder\">4<\/td>\n<td class=\"size_84 withBorderTop textAlign_right\">141<\/td>\n<\/tr>\n<tr class=\"even\">\n<td class=\"size_54 withBorder textAlign_right\">82<\/td>\n<td class=\"size_228 withBorder\"><a href=\"https:\/\/www.fnverlag.de\/fn-erfolgsdaten\/mareike-schaefer-reiter-fahrer\/person\/5ZJrnHfkTyE_GLE_\">Sch\u00e4fer, Mareike<\/a><\/td>\n<td class=\"size_116 withBorder\">Junger Reiter<\/td>\n<td class=\"size_292 withBorder\">PSV Baden-W\u00fcrtt.<br \/>\nOstalb (004)<br \/>\nRSG Hornbergwiese Eigenzell e.V.<\/td>\n<td class=\"size_90 withBorder\">Amateur<\/td>\n<td class=\"size_90 withBorder\">4<\/td>\n<td class=\"size_84 withBorderTop textAlign_right\">139<\/td>\n<\/tr>\n<tr class=\"odd\">\n<td class=\"size_54 withBorder textAlign_right\">83<\/td>\n<td class=\"size_228 withBorder\"><a href=\"https:\/\/www.fnverlag.de\/fn-erfolgsdaten\/pia-silm-reiter-fahrer\/person\/qMLkgpOgisI_GLE_\">Silm, Pia<\/a><\/td>\n<td class=\"size_116 withBorder\">Junger Reiter<\/td>\n<td class=\"size_292 withBorder\">PSV Baden-W\u00fcrtt.<br \/>\nOberrhein (746)<br \/>\nRC Caballus Gri\u00dfheim e.V.<\/td>\n<td class=\"size_90 withBorder\">Amateur<\/td>\n<td class=\"size_90 withBorder\">5<\/td>\n<td class=\"size_84 withBorderTop textAlign_right\">135<\/td>\n<\/tr>\n<tr class=\"even\">\n<td class=\"size_54 withBorder textAlign_right\">83<\/td>\n<td class=\"size_228 withBorder\"><a href=\"https:\/\/www.fnverlag.de\/fn-erfolgsdaten\/rebecca-harnau-reiter-fahrer\/person\/U7NT_DASH_XBz7JU_GLE_\">Harnau, Rebecca<\/a><\/td>\n<td class=\"size_116 withBorder\">Junger Reiter<\/td>\n<td class=\"size_292 withBorder\">PSV Baden-W\u00fcrtt.<br \/>\nBiberach (058)<br \/>\nRFV Riedlingen<\/td>\n<td class=\"size_90 withBorder\">Amateur<\/td>\n<td class=\"size_90 withBorder\">4<\/td>\n<td class=\"size_84 withBorderTop textAlign_right\">135<\/td>\n<\/tr>\n<tr class=\"odd\">\n<td class=\"size_54 withBorder textAlign_right\">85<\/td>\n<td class=\"size_228 withBorder\"><a href=\"https:\/\/www.fnverlag.de\/fn-erfolgsdaten\/laura-marie-schaefer-reiter-fahrer\/person\/KYlSKob9lVM_GLE_\">Sch\u00e4fer, Laura Marie<\/a><\/td>\n<td class=\"size_116 withBorder\">Junger Reiter<\/td>\n<td class=\"size_292 withBorder\">PSV Baden-W\u00fcrtt.<br \/>\nReutlingen (065)<br \/>\nRFV Ehestetten<\/td>\n<td class=\"size_90 withBorder\">Amateur<\/td>\n<td class=\"size_90 withBorder\">3<\/td>\n<td class=\"size_84 withBorderTop textAlign_right\">131<\/td>\n<\/tr>\n<tr class=\"even\">\n<td class=\"size_54 withBorder textAlign_right\">86<\/td>\n<td class=\"size_228 withBorder\"><a href=\"https:\/\/www.fnverlag.de\/fn-erfolgsdaten\/laura-breithaupt-reiter-fahrer\/person\/lRf5huJCewQ_GLE_\">Breithaupt, Laura<\/a><\/td>\n<td class=\"size_116 withBorder\">Junger Reiter<\/td>\n<td class=\"size_292 withBorder\">PSV Baden-W\u00fcrtt.<br \/>\nOrtenau (745)<br \/>\nRRFV Mei\u00dfenheim<\/td>\n<td class=\"size_90 withBorder\">Amateur<\/td>\n<td class=\"size_90 withBorder\">4<\/td>\n<td class=\"size_84 withBorderTop textAlign_right\">127<\/td>\n<\/tr>\n<tr class=\"odd\">\n<td class=\"size_54 withBorder textAlign_right\">87<\/td>\n<td class=\"size_228 withBorder\"><a href=\"https:\/\/www.fnverlag.de\/fn-erfolgsdaten\/emma-kolb-reiter-fahrer\/person\/K82pXMTUwYk_GLE_\">Kolb, Emma<\/a><\/td>\n<td class=\"size_116 withBorder\">Junger Reiter<\/td>\n<td class=\"size_292 withBorder\">PSV Baden-W\u00fcrtt.<br \/>\nBadische Pfalz (124)<br \/>\nRV Eppelheim<\/td>\n<td class=\"size_90 withBorder\">Amateur<\/td>\n<td class=\"size_90 withBorder\">5<\/td>\n<td class=\"size_84 withBorderTop textAlign_right\">120<\/td>\n<\/tr>\n<tr class=\"even\">\n<td class=\"size_54 withBorder textAlign_right\">88<\/td>\n<td class=\"size_228 withBorder\"><a href=\"https:\/\/www.fnverlag.de\/fn-erfolgsdaten\/aaron-lukas-kendzia-reiter-fahrer\/person\/x7_PLUS_vTukb3I8_GLE_\">Kendzia, Aaron Lukas<\/a><\/td>\n<td class=\"size_116 withBorder\">Junger Reiter<\/td>\n<td class=\"size_292 withBorder\">PSV Baden-W\u00fcrtt.<br \/>\nBadische Pfalz (124)<br \/>\nRV Eppelheim<\/td>\n<td class=\"size_90 withBorder\">Amateur<\/td>\n<td class=\"size_90 withBorder\">4<\/td>\n<td class=\"size_84 withBorderTop textAlign_right\">116<\/td>\n<\/tr>\n<tr class=\"odd\">\n<td class=\"size_54 withBorder textAlign_right\">89<\/td>\n<td class=\"size_228 withBorder\"><a href=\"https:\/\/www.fnverlag.de\/fn-erfolgsdaten\/romy-eichkorn-reiter-fahrer\/person\/NwKX_DASH_4IwLQM_GLE_\">Eichkorn, Romy<\/a><\/td>\n<td class=\"size_116 withBorder\">Junger Reiter<\/td>\n<td class=\"size_292 withBorder\">PSV Baden-W\u00fcrtt.<br \/>\nH\u00fcgelland (326)<br \/>\nRSG K\u00f6nigsbach-Hegenach<\/td>\n<td class=\"size_90 withBorder\">Amateur<\/td>\n<td class=\"size_90 withBorder\">5<\/td>\n<td class=\"size_84 withBorderTop textAlign_right\">110<\/td>\n<\/tr>\n<tr class=\"even\">\n<td class=\"size_54 withBorder textAlign_right\">90<\/td>\n<td class=\"size_228 withBorder\"><a href=\"https:\/\/www.fnverlag.de\/fn-erfolgsdaten\/lorenz-guenter-kraut-reiter-fahrer\/person\/_PLUS_oVwCnyO4Gk_GLE_\">Kraut, Lorenz G\u00fcnter<\/a><\/td>\n<td class=\"size_116 withBorder\">Junger Reiter<\/td>\n<td class=\"size_292 withBorder\">PSV Baden-W\u00fcrtt.<br \/>\nZollern-Alb (057)<br \/>\nRV Balingen<\/td>\n<td class=\"size_90 withBorder\">Amateur<\/td>\n<td class=\"size_90 withBorder\">3<\/td>\n<td class=\"size_84 withBorderTop textAlign_right\">109<\/td>\n<\/tr>\n<tr class=\"odd\">\n<td class=\"size_54 withBorder textAlign_right\">91<\/td>\n<td class=\"size_228 withBorder\"><a href=\"https:\/\/www.fnverlag.de\/fn-erfolgsdaten\/chiara-kiralj-reiter-fahrer\/person\/wUj3j_PLUS_d82EA_GLE_\">Kiralj, Chiara<\/a><\/td>\n<td class=\"size_116 withBorder\">Junger Reiter<\/td>\n<td class=\"size_292 withBorder\">PSV Baden-W\u00fcrtt.<br \/>\nBiberach (058)<br \/>\nReitsportzentrum am Bussenberg e.V.<\/td>\n<td class=\"size_90 withBorder\">Amateur<\/td>\n<td class=\"size_90 withBorder\">4<\/td>\n<td class=\"size_84 withBorderTop textAlign_right\">108<\/td>\n<\/tr>\n<tr class=\"even\">\n<td class=\"size_54 withBorder textAlign_right\">91<\/td>\n<td class=\"size_228 withBorder\"><a href=\"https:\/\/www.fnverlag.de\/fn-erfolgsdaten\/andre-reinhardt-reiter-fahrer\/person\/Rf9eAvhe5QE_GLE_\">Reinhardt, Andre<\/a><\/td>\n<td class=\"size_116 withBorder\">Junger Reiter<\/td>\n<td class=\"size_292 withBorder\">PSV Baden-W\u00fcrtt.<br \/>\nBiberach (058)<br \/>\nReitsportzentrum am Bussenberg e.V.<\/td>\n<td class=\"size_90 withBorder\">Amateur<\/td>\n<td class=\"size_90 withBorder\">5<\/td>\n<td class=\"size_84 withBorderTop textAlign_right\">108<\/td>\n<\/tr>\n<tr class=\"odd\">\n<td class=\"size_54 withBorder textAlign_right\">93<\/td>\n<td class=\"size_228 withBorder\"><a href=\"https:\/\/www.fnverlag.de\/fn-erfolgsdaten\/annika-boettinger-reiter-fahrer--ausbilder\/person\/MxII31s58_DASH_o_GLE_\">B\u00f6ttinger, Annika<\/a><\/td>\n<td class=\"size_116 withBorder\">Junger Reiter<\/td>\n<td class=\"size_292 withBorder\">PSV Baden-W\u00fcrtt.<br \/>\nNordschwarzwald (059)<br \/>\nReit.-u.Fahrverein Gechingen e.V.<\/td>\n<td class=\"size_90 withBorder\">Amateur<\/td>\n<td class=\"size_90 withBorder\">5<\/td>\n<td class=\"size_84 withBorderTop textAlign_right\">100<\/td>\n<\/tr>\n<tr class=\"even\">\n<td class=\"size_54 withBorder textAlign_right\">94<\/td>\n<td class=\"size_228 withBorder\"><a href=\"https:\/\/www.fnverlag.de\/fn-erfolgsdaten\/jule-schmidt-reiter-fahrer\/person\/RZbLGVtNKN0_GLE_\">Schmidt, Jule<\/a><\/td>\n<td class=\"size_116 withBorder\">Junger Reiter<\/td>\n<td class=\"size_292 withBorder\">PSV Baden-W\u00fcrtt.<br \/>\nT\u00fcbingen (069)<br \/>\nRV Pulverm\u00fchle Du\u00dflingen<\/td>\n<td class=\"size_90 withBorder\">Amateur<\/td>\n<td class=\"size_90 withBorder\">4<\/td>\n<td class=\"size_84 withBorderTop textAlign_right\">99<\/td>\n<\/tr>\n<tr class=\"odd\">\n<td class=\"size_54 withBorder textAlign_right\">95<\/td>\n<td class=\"size_228 withBorder\"><a href=\"https:\/\/www.fnverlag.de\/fn-erfolgsdaten\/petra-fuchs-reiter-fahrer\/person\/yGHT1ErgI8M_GLE_\">Fuchs, Petra<\/a><\/td>\n<td class=\"size_116 withBorder\">Junger Reiter<\/td>\n<td class=\"size_292 withBorder\">PSV Baden-W\u00fcrtt.<br \/>\nLudwigsburg (014)<br \/>\nRFV M\u00fcnchingen<\/td>\n<td class=\"size_90 withBorder\">Amateur<\/td>\n<td class=\"size_90 withBorder\">5<\/td>\n<td class=\"size_84 withBorderTop textAlign_right\">98<\/td>\n<\/tr>\n<tr class=\"even\">\n<td class=\"size_54 withBorder textAlign_right\">95<\/td>\n<td class=\"size_228 withBorder\"><a href=\"https:\/\/www.fnverlag.de\/fn-erfolgsdaten\/sina-knapps-reiter-fahrer\/person\/du2UGygUTj8_GLE_\">Knapps, Sina<\/a><\/td>\n<td class=\"size_116 withBorder\">Junger Reiter<\/td>\n<td class=\"size_292 withBorder\">PSV Baden-W\u00fcrtt.<br \/>\nOrtenau (745)<br \/>\nRFV Nu\u00dfbach<\/td>\n<td class=\"size_90 withBorder\">Amateur<\/td>\n<td class=\"size_90 withBorder\">5<\/td>\n<td class=\"size_84 withBorderTop textAlign_right\">98<\/td>\n<\/tr>\n<tr class=\"odd\">\n<td class=\"size_54 withBorder textAlign_right\">97<\/td>\n<td class=\"size_228 withBorder\"><a href=\"https:\/\/www.fnverlag.de\/fn-erfolgsdaten\/julia-rieber-reiter-fahrer\/person\/Aj5ktoJc4C4_GLE_\">Rieber, Julia<\/a><\/td>\n<td class=\"size_116 withBorder\">Junger Reiter<\/td>\n<td class=\"size_292 withBorder\">PSV Baden-W\u00fcrtt.<br \/>\nH\u00fcgelland (326)<br \/>\nRSG K\u00f6nigsbach-Hegenach<\/td>\n<td class=\"size_90 withBorder\">Amateur<\/td>\n<td class=\"size_90 withBorder\">5<\/td>\n<td class=\"size_84 withBorderTop textAlign_right\">95<\/td>\n<\/tr>\n<tr class=\"even\">\n<td class=\"size_54 withBorder textAlign_right\">98<\/td>\n<td class=\"size_228 withBorder\"><a href=\"https:\/\/www.fnverlag.de\/fn-erfolgsdaten\/mika-lingner-reiter-fahrer\/person\/zX5cLvzW8WQ_GLE_\">Lingner, Mika<\/a><\/td>\n<td class=\"size_116 withBorder\">Junger Reiter<\/td>\n<td class=\"size_292 withBorder\">PSV Baden-W\u00fcrtt.<br \/>\nHardt (223)<br \/>\nRFZV Sp\u00f6ck<\/td>\n<td class=\"size_90 withBorder\">Nicht Amateur<\/td>\n<td class=\"size_90 withBorder\">3<\/td>\n<td class=\"size_84 withBorderTop textAlign_right\">93<\/td>\n<\/tr>\n<tr class=\"odd\">\n<td class=\"size_54 withBorder textAlign_right\">98<\/td>\n<td class=\"size_228 withBorder\"><a href=\"https:\/\/www.fnverlag.de\/fn-erfolgsdaten\/helena-bendel-reiter-fahrer\/person\/N2l83FgM7bM_GLE_\">Bendel, Helena<\/a><\/td>\n<td class=\"size_116 withBorder\">Junger Reiter<\/td>\n<td class=\"size_292 withBorder\">PSV Baden-W\u00fcrtt.<br \/>\nOberschwaben (068)<br \/>\nRFV Bad Wurzach<\/td>\n<td class=\"size_90 withBorder\">Amateur<\/td>\n<td class=\"size_90 withBorder\">5<\/td>\n<td class=\"size_84 withBorderTop textAlign_right\">93<\/td>\n<\/tr>\n<tr class=\"even\">\n<td class=\"size_54 withBorder textAlign_right\">100<\/td>\n<td class=\"size_228 withBorder\"><a href=\"https:\/\/www.fnverlag.de\/fn-erfolgsdaten\/lara-ritzau-reiter-fahrer\/person\/WBNi15scgh8_GLE_\">Ritzau, Lara<\/a><\/td>\n<td class=\"size_116 withBorder\">Junger Reiter<\/td>\n<td class=\"size_292 withBorder\">PSV Baden-W\u00fcrtt.<br \/>\nFranken (011)<br \/>\nRV Ilsfeld<\/td>\n<td class=\"size_90 withBorder\">Amateur<\/td>\n<td class=\"size_90 withBorder\">5<\/td>\n<td class=\"size_84 withBorderTop textAlign_right\">90<\/td>\n<\/tr>\n<\/tbody>\n<\/table>\n<\/div>\n<p>Quelle: FN-Erfolgsdaten 2023<\/p>\n<\/div>\n<div><\/div>\n<h3>Rangliste 2023 (Junioren)<\/h3>\n<div>\n<table id=\"tableReiter\" class=\"mojaBox border_1px dataTable\" aria-describedby=\"tableReiter_info\">\n<thead>\n<tr role=\"row\">\n<th class=\"size_54 titleBarCols textAlign_left grey withBorder textAlign_right ui-state-default\" tabindex=\"0\" title=\"Platz\" role=\"columnheader\" colspan=\"1\" rowspan=\"1\" aria-controls=\"tableReiter\" aria-label=\"Platz: activate to sort column ascending\">\n<div class=\"DataTables_sort_wrapper\">\n<div class=\"sortDownUnselected sortHeight_1row\">Platz<\/div>\n<\/div>\n<\/th>\n<th class=\"size_228 titleBarCols textAlign_left grey withBorder ui-state-default\" tabindex=\"0\" title=\"Name, Vorname\" role=\"columnheader\" colspan=\"1\" rowspan=\"1\" aria-controls=\"tableReiter\" aria-label=\"Name, Vorname: activate to sort column ascending\">\n<div class=\"DataTables_sort_wrapper\">\n<div class=\"sortDownUnselected sortHeight_1row\">Name, Vorname<\/div>\n<\/div>\n<\/th>\n<th class=\"size_116 titleBarCols textAlign_left grey withBorder ui-state-default\" tabindex=\"0\" title=\"Altersgruppe\" role=\"columnheader\" colspan=\"1\" rowspan=\"1\" aria-controls=\"tableReiter\" aria-label=\"Altersgruppe: activate to sort column ascending\">\n<div class=\"DataTables_sort_wrapper\">\n<div class=\"sortDownUnselected sortHeight_1row\">Altersgruppe<\/div>\n<\/div>\n<\/th>\n<th class=\"size_292 titleBarCols textAlign_left grey withBorder ui-state-default\" tabindex=\"0\" title=\"Verband, Kreis und Verein\" role=\"columnheader\" colspan=\"1\" rowspan=\"1\" aria-controls=\"tableReiter\" aria-label=\"Verband, Kreis und Verein: activate to sort column ascending\">\n<div class=\"DataTables_sort_wrapper\">\n<div class=\"sortDownUnselected sortHeight_1row\">Verband, Kreis und Verein<\/div>\n<\/div>\n<\/th>\n<th class=\"size_90 titleBarCols textAlign_left grey withBorder ui-state-default\" tabindex=\"0\" title=\"Option\" role=\"columnheader\" colspan=\"1\" rowspan=\"1\" aria-controls=\"tableReiter\" aria-label=\"Option: activate to sort column ascending\">\n<div class=\"DataTables_sort_wrapper\">\n<div class=\"sortDownUnselected sortHeight_1row\">Option<\/div>\n<\/div>\n<\/th>\n<th class=\"size_90 titleBarCols textAlign_left grey withBorder ui-state-default\" tabindex=\"0\" title=\"Leistungsklasse\" role=\"columnheader\" colspan=\"1\" rowspan=\"1\" aria-controls=\"tableReiter\" aria-label=\"LK: activate to sort column ascending\">\n<div class=\"DataTables_sort_wrapper\">\n<div class=\"sortDownUnselected sortHeight_1row\">LK<\/div>\n<\/div>\n<\/th>\n<th class=\"size_84 titleBarCols textAlign_left grey noBorder withBorderTop textAlign_right ui-state-default\" tabindex=\"0\" title=\"Ranglistenpunkte f\u00fcr\" role=\"columnheader\" colspan=\"1\" rowspan=\"1\" aria-controls=\"tableReiter\" aria-label=\"RLP: activate to sort column ascending\">\n<div class=\"DataTables_sort_wrapper\">\n<div class=\"sortDownUnselected sortHeight_1row\">RLP<\/div>\n<\/div>\n<\/th>\n<\/tr>\n<\/thead>\n<tbody role=\"alert\" aria-live=\"polite\" aria-relevant=\"all\">\n<tr class=\"odd\">\n<td class=\"size_54 withBorder textAlign_right\">1<\/td>\n<td class=\"size_228 withBorder\"><a href=\"https:\/\/www.fnverlag.de\/fn-erfolgsdaten\/karla-schumacher-reiter-fahrer\/person\/hY677nZpyAI_GLE_\">Schumacher, Karla<\/a><\/td>\n<td class=\"size_116 withBorder\">Junior<\/td>\n<td class=\"size_292 withBorder\">PSV Baden-W\u00fcrtt.<br \/>\nBadische Pfalz (124)<br \/>\nTG Birkigh\u00f6fe Eppelheim<\/td>\n<td class=\"size_90 withBorder\">Nicht Amateur<\/td>\n<td class=\"size_90 withBorder\">2<\/td>\n<td class=\"size_84 withBorderTop textAlign_right\">8919<\/td>\n<\/tr>\n<tr class=\"even\">\n<td class=\"size_54 withBorder textAlign_right\">2<\/td>\n<td class=\"size_228 withBorder\"><a href=\"https:\/\/www.fnverlag.de\/fn-erfolgsdaten\/nick-armbruster-reiter-fahrer\/person\/1n0vpU8QQ9A_GLE_\">Armbruster, Nick<\/a><\/td>\n<td class=\"size_116 withBorder\">Junior<\/td>\n<td class=\"size_292 withBorder\">PSV Baden-W\u00fcrtt.<br \/>\nOrtenau (745)<br \/>\nRV Schutterwald<\/td>\n<td class=\"size_90 withBorder\">Nicht Amateur<\/td>\n<td class=\"size_90 withBorder\">2<\/td>\n<td class=\"size_84 withBorderTop textAlign_right\">7366<\/td>\n<\/tr>\n<tr class=\"odd\">\n<td class=\"size_54 withBorder textAlign_right\">3<\/td>\n<td class=\"size_228 withBorder\"><a href=\"https:\/\/www.fnverlag.de\/fn-erfolgsdaten\/lina-heinzler-reiter-fahrer\/person\/80OK7v5F0NY_GLE_\">Heinzler, Lina<\/a><\/td>\n<td class=\"size_116 withBorder\">Junior<\/td>\n<td class=\"size_292 withBorder\">PSV Baden-W\u00fcrtt.<br \/>\nOberschwaben (068)<br \/>\nRK Schmalegg<\/td>\n<td class=\"size_90 withBorder\">Nicht Amateur<\/td>\n<td class=\"size_90 withBorder\">2<\/td>\n<td class=\"size_84 withBorderTop textAlign_right\">4314<\/td>\n<\/tr>\n<tr class=\"even\">\n<td class=\"size_54 withBorder textAlign_right\">4<\/td>\n<td class=\"size_228 withBorder\"><a href=\"https:\/\/www.fnverlag.de\/fn-erfolgsdaten\/fabian-beck-reiter-fahrer\/person\/v5W9mejTFA0_GLE_\">Beck, Fabian<\/a><\/td>\n<td class=\"size_116 withBorder\">Junior<\/td>\n<td class=\"size_292 withBorder\">PSV Baden-W\u00fcrtt.<br \/>\nMain-Tauber-Kreis (535)<br \/>\nRFV Buchen<\/td>\n<td class=\"size_90 withBorder\">Nicht Amateur<\/td>\n<td class=\"size_90 withBorder\">3<\/td>\n<td class=\"size_84 withBorderTop textAlign_right\">4274<\/td>\n<\/tr>\n<tr class=\"odd\">\n<td class=\"size_54 withBorder textAlign_right\">5<\/td>\n<td class=\"size_228 withBorder\"><a href=\"https:\/\/www.fnverlag.de\/fn-erfolgsdaten\/cecilia-huttrop-hage-reiter-fahrer\/person\/dc78In3bLp8_GLE_\">Huttrop-Hage, Cecilia<\/a><\/td>\n<td class=\"size_116 withBorder\">Junior<\/td>\n<td class=\"size_292 withBorder\">PSV Baden-W\u00fcrtt.<br \/>\nOberrhein (746)<br \/>\nRC Hofgut Albf\u00fchren<\/td>\n<td class=\"size_90 withBorder\">Nicht Amateur<\/td>\n<td class=\"size_90 withBorder\">3<\/td>\n<td class=\"size_84 withBorderTop textAlign_right\">4216<\/td>\n<\/tr>\n<tr class=\"even\">\n<td class=\"size_54 withBorder textAlign_right\">6<\/td>\n<td class=\"size_228 withBorder\"><a href=\"https:\/\/www.fnverlag.de\/fn-erfolgsdaten\/elisabeth-maria-geisinger-reiter-fahrer\/person\/orXVaTCccmI_GLE_\">Geisinger, Elisabeth Maria<\/a><\/td>\n<td class=\"size_116 withBorder\">Junior<\/td>\n<td class=\"size_292 withBorder\">PSV Baden-W\u00fcrtt.<br \/>\nStuttgart-Esslingen (008)<br \/>\nRV Reichenbach-Hochdorf<\/td>\n<td class=\"size_90 withBorder\">Amateur<\/td>\n<td class=\"size_90 withBorder\">3<\/td>\n<td class=\"size_84 withBorderTop textAlign_right\">3339<\/td>\n<\/tr>\n<tr class=\"odd\">\n<td class=\"size_54 withBorder textAlign_right\">7<\/td>\n<td class=\"size_228 withBorder\"><a href=\"https:\/\/www.fnverlag.de\/fn-erfolgsdaten\/jessica-angst-reiter-fahrer\/person\/_PLUS_9_PLUS_kdNtc70A_GLE_\">Angst, Jessica<\/a><\/td>\n<td class=\"size_116 withBorder\">Junior<\/td>\n<td class=\"size_292 withBorder\">PSV Baden-W\u00fcrtt.<br \/>\nZollern-Alb (057)<br \/>\nRC Hofgut Meisterhaus<\/td>\n<td class=\"size_90 withBorder\">Amateur<\/td>\n<td class=\"size_90 withBorder\">3<\/td>\n<td class=\"size_84 withBorderTop textAlign_right\">2771<\/td>\n<\/tr>\n<tr class=\"even\">\n<td class=\"size_54 withBorder textAlign_right\">8<\/td>\n<td class=\"size_228 withBorder\"><a href=\"https:\/\/www.fnverlag.de\/fn-erfolgsdaten\/joel-ehinger-reiter-fahrer\/person\/dFmGDOllYLA_GLE_\">Ehinger, Joel<\/a><\/td>\n<td class=\"size_116 withBorder\">Junior<\/td>\n<td class=\"size_292 withBorder\">PSV Baden-W\u00fcrtt.<br \/>\nOstalb (004)<br \/>\nRC Riesb\u00fcrg<\/td>\n<td class=\"size_90 withBorder\">Amateur<\/td>\n<td class=\"size_90 withBorder\">3<\/td>\n<td class=\"size_84 withBorderTop textAlign_right\">2676<\/td>\n<\/tr>\n<tr class=\"odd\">\n<td class=\"size_54 withBorder textAlign_right\">9<\/td>\n<td class=\"size_228 withBorder\"><a href=\"https:\/\/www.fnverlag.de\/fn-erfolgsdaten\/marie-claire-olm-reiter-fahrer\/person\/nh2z0OtOK3g_GLE_\">Olm, Marie-Claire<\/a><\/td>\n<td class=\"size_116 withBorder\">Junior<\/td>\n<td class=\"size_292 withBorder\">PSV Baden-W\u00fcrtt.<br \/>\nHardt (223)<br \/>\nPF Malsch<\/td>\n<td class=\"size_90 withBorder\">Nicht Amateur<\/td>\n<td class=\"size_90 withBorder\">3<\/td>\n<td class=\"size_84 withBorderTop textAlign_right\">2137<\/td>\n<\/tr>\n<tr class=\"even\">\n<td class=\"size_54 withBorder textAlign_right\">10<\/td>\n<td class=\"size_228 withBorder\"><a href=\"https:\/\/www.fnverlag.de\/fn-erfolgsdaten\/lenny-maier-reiter-fahrer\/person\/2bHRS4cjgV0_GLE_\">Maier, Lenny<\/a><\/td>\n<td class=\"size_116 withBorder\">Junior<\/td>\n<td class=\"size_292 withBorder\">PSV Baden-W\u00fcrtt.<br \/>\nOstalb (004)<br \/>\nRSG unterm Hohenrechberg e.V.<\/td>\n<td class=\"size_90 withBorder\">Amateur<\/td>\n<td class=\"size_90 withBorder\">3<\/td>\n<td class=\"size_84 withBorderTop textAlign_right\">1964<\/td>\n<\/tr>\n<tr class=\"odd\">\n<td class=\"size_54 withBorder textAlign_right\">11<\/td>\n<td class=\"size_228 withBorder\"><a href=\"https:\/\/www.fnverlag.de\/fn-erfolgsdaten\/sebastian-honold-reiter-fahrer\/person\/Bq0vR8UuDLw_GLE_\">Honold, Sebastian<\/a><\/td>\n<td class=\"size_116 withBorder\">Junior<\/td>\n<td class=\"size_292 withBorder\">PSV Baden-W\u00fcrtt.<br \/>\nHeidenheim (010)<br \/>\nRSG Dettinger Alb<\/td>\n<td class=\"size_90 withBorder\">Amateur<\/td>\n<td class=\"size_90 withBorder\">2<\/td>\n<td class=\"size_84 withBorderTop textAlign_right\">1807<\/td>\n<\/tr>\n<tr class=\"even\">\n<td class=\"size_54 withBorder textAlign_right\">12<\/td>\n<td class=\"size_228 withBorder\"><a href=\"https:\/\/www.fnverlag.de\/fn-erfolgsdaten\/colin-sorg-reiter-fahrer\/person\/S6yfCk5eZcY_GLE_\">Sorg, Colin<\/a><\/td>\n<td class=\"size_116 withBorder\">Junior<\/td>\n<td class=\"size_292 withBorder\">PSV Baden-W\u00fcrtt.<br \/>\nOberschwaben (068)<br \/>\nRFV Fronhofen<\/td>\n<td class=\"size_90 withBorder\">Amateur<\/td>\n<td class=\"size_90 withBorder\">3<\/td>\n<td class=\"size_84 withBorderTop textAlign_right\">1801<\/td>\n<\/tr>\n<tr class=\"odd\">\n<td class=\"size_54 withBorder textAlign_right\">13<\/td>\n<td class=\"size_228 withBorder\"><a href=\"https:\/\/www.fnverlag.de\/fn-erfolgsdaten\/allegra-elisabeth-huettig-reiter-fahrer\/person\/f4wEIJGIcSU_GLE_\">H\u00fcttig, Allegra Elisabeth<\/a><\/td>\n<td class=\"size_116 withBorder\">Junior<\/td>\n<td class=\"size_292 withBorder\">PSV Baden-W\u00fcrtt.<br \/>\nReutlingen (065)<br \/>\nVSFP Gest\u00fct Lerchenhof<\/td>\n<td class=\"size_90 withBorder\">Amateur<\/td>\n<td class=\"size_90 withBorder\">3<\/td>\n<td class=\"size_84 withBorderTop textAlign_right\">1714<\/td>\n<\/tr>\n<tr class=\"even\">\n<td class=\"size_54 withBorder textAlign_right\">14<\/td>\n<td class=\"size_228 withBorder\"><a href=\"https:\/\/www.fnverlag.de\/fn-erfolgsdaten\/mia-cara-brugger-reiter-fahrer\/person\/Wa_PLUS_MTPY6_DASH_Y4_GLE_\">Brugger, Mia Cara<\/a><\/td>\n<td class=\"size_116 withBorder\">Junior<\/td>\n<td class=\"size_292 withBorder\">PSV Baden-W\u00fcrtt.<br \/>\nOstalb (004)<br \/>\nRFV Rindelbach u.U.<\/td>\n<td class=\"size_90 withBorder\">Amateur<\/td>\n<td class=\"size_90 withBorder\">3<\/td>\n<td class=\"size_84 withBorderTop textAlign_right\">1654<\/td>\n<\/tr>\n<tr class=\"odd\">\n<td class=\"size_54 withBorder textAlign_right\">15<\/td>\n<td class=\"size_228 withBorder\"><a href=\"https:\/\/www.fnverlag.de\/fn-erfolgsdaten\/greta-voelker-reiter-fahrer\/person\/WvQ0V8uULd0_GLE_\">V\u00f6lker, Greta<\/a><\/td>\n<td class=\"size_116 withBorder\">Junior<\/td>\n<td class=\"size_292 withBorder\">PSV Baden-W\u00fcrtt.<br \/>\nReutlingen (065)<br \/>\nRFV Trochtelfingen<\/td>\n<td class=\"size_90 withBorder\">Nicht Amateur<\/td>\n<td class=\"size_90 withBorder\">3<\/td>\n<td class=\"size_84 withBorderTop textAlign_right\">1618<\/td>\n<\/tr>\n<tr class=\"even\">\n<td class=\"size_54 withBorder textAlign_right\">16<\/td>\n<td class=\"size_228 withBorder\"><a href=\"https:\/\/www.fnverlag.de\/fn-erfolgsdaten\/vroni-grueber-reiter-fahrer\/person\/EjhVn5XboqI_GLE_\">Gr\u00fcber, Vroni<\/a><\/td>\n<td class=\"size_116 withBorder\">Junior<\/td>\n<td class=\"size_292 withBorder\">PSV Baden-W\u00fcrtt.<br \/>\nKraichg.-Neckar-Odenw. (434)<br \/>\nRFV Robern<\/td>\n<td class=\"size_90 withBorder\">Amateur<\/td>\n<td class=\"size_90 withBorder\">3<\/td>\n<td class=\"size_84 withBorderTop textAlign_right\">1617<\/td>\n<\/tr>\n<tr class=\"odd\">\n<td class=\"size_54 withBorder textAlign_right\">17<\/td>\n<td class=\"size_228 withBorder\"><a href=\"https:\/\/www.fnverlag.de\/fn-erfolgsdaten\/ben-dreher-reiter-fahrer\/person\/BPxAOM4TAyY_GLE_\">Dreher, Ben<\/a><\/td>\n<td class=\"size_116 withBorder\">Junior<\/td>\n<td class=\"size_292 withBorder\">PSV Baden-W\u00fcrtt.<br \/>\nOberrhein (746)<br \/>\nRV Dreil\u00e4ndereck<\/td>\n<td class=\"size_90 withBorder\">Amateur<\/td>\n<td class=\"size_90 withBorder\">4<\/td>\n<td class=\"size_84 withBorderTop textAlign_right\">1565<\/td>\n<\/tr>\n<tr class=\"even\">\n<td class=\"size_54 withBorder textAlign_right\">18<\/td>\n<td class=\"size_228 withBorder\"><a href=\"https:\/\/www.fnverlag.de\/fn-erfolgsdaten\/maxime-fuess-reiter-fahrer\/person\/bpJYpKY80Lw_GLE_\">F\u00fc\u00df, Maxime<\/a><\/td>\n<td class=\"size_116 withBorder\">Junior<\/td>\n<td class=\"size_292 withBorder\">PSV Baden-W\u00fcrtt.<br \/>\nAlb-Donau (003)<br \/>\nRSG \u00d6pfingen<\/td>\n<td class=\"size_90 withBorder\">Amateur<\/td>\n<td class=\"size_90 withBorder\">4<\/td>\n<td class=\"size_84 withBorderTop textAlign_right\">1351<\/td>\n<\/tr>\n<tr class=\"odd\">\n<td class=\"size_54 withBorder textAlign_right\">19<\/td>\n<td class=\"size_228 withBorder\"><a href=\"https:\/\/www.fnverlag.de\/fn-erfolgsdaten\/nick-semler-reiter-fahrer--zuechter\/person\/MRLHwk8SZUU_GLE_\">Semler, Nick<\/a><\/td>\n<td class=\"size_116 withBorder\">Junior<\/td>\n<td class=\"size_292 withBorder\">PSV Baden-W\u00fcrtt.<br \/>\nFranken (011)<br \/>\nRV Ilsfeld<\/td>\n<td class=\"size_90 withBorder\">Amateur<\/td>\n<td class=\"size_90 withBorder\">4<\/td>\n<td class=\"size_84 withBorderTop textAlign_right\">1344<\/td>\n<\/tr>\n<tr class=\"even\">\n<td class=\"size_54 withBorder textAlign_right\">20<\/td>\n<td class=\"size_228 withBorder\"><a href=\"https:\/\/www.fnverlag.de\/fn-erfolgsdaten\/lena-sophie-dreher-reiter-fahrer\/person\/3fYCDN6y69E_GLE_\">Dreher, Lena-Sophie<\/a><\/td>\n<td class=\"size_116 withBorder\">Junior<\/td>\n<td class=\"size_292 withBorder\">PSV Baden-W\u00fcrtt.<br \/>\nBreisgau-Kaiserstuhl (742)<br \/>\nRC Gundelfingen<\/td>\n<td class=\"size_90 withBorder\">Nicht Amateur<\/td>\n<td class=\"size_90 withBorder\">3<\/td>\n<td class=\"size_84 withBorderTop textAlign_right\">1222<\/td>\n<\/tr>\n<tr class=\"odd\">\n<td class=\"size_54 withBorder textAlign_right\">21<\/td>\n<td class=\"size_228 withBorder\"><a href=\"https:\/\/www.fnverlag.de\/fn-erfolgsdaten\/anna-burger-reiter-fahrer\/person\/UuoSr_DASH_o12Z0_GLE_\">Burger, Anna<\/a><\/td>\n<td class=\"size_116 withBorder\">Junior<\/td>\n<td class=\"size_292 withBorder\">PSV Baden-W\u00fcrtt.<br \/>\nB\u00f6blingen (006)<br \/>\nPSZ Benzenb\u00fchl e.V.<\/td>\n<td class=\"size_90 withBorder\">Amateur<\/td>\n<td class=\"size_90 withBorder\">3<\/td>\n<td class=\"size_84 withBorderTop textAlign_right\">1145<\/td>\n<\/tr>\n<tr class=\"even\">\n<td class=\"size_54 withBorder textAlign_right\">22<\/td>\n<td class=\"size_228 withBorder\"><a href=\"https:\/\/www.fnverlag.de\/fn-erfolgsdaten\/thierri-wagner-reiter-fahrer--zuechter\/person\/wv2Fyjlx51o_GLE_\">Wagner, Thierri<\/a><\/td>\n<td class=\"size_116 withBorder\">Junior<\/td>\n<td class=\"size_292 withBorder\">PSV Baden-W\u00fcrtt.<br \/>\nOberschwaben (068)<br \/>\nReitclub Sigmaringen e.V.<\/td>\n<td class=\"size_90 withBorder\">Nicht Amateur<\/td>\n<td class=\"size_90 withBorder\">3<\/td>\n<td class=\"size_84 withBorderTop textAlign_right\">1118<\/td>\n<\/tr>\n<tr class=\"odd\">\n<td class=\"size_54 withBorder textAlign_right\">23<\/td>\n<td class=\"size_228 withBorder\"><a href=\"https:\/\/www.fnverlag.de\/fn-erfolgsdaten\/luisa-sophie-roth-reiter-fahrer\/person\/bEvoF91sQ7Q_GLE_\">Roth, Luisa Sophie<\/a><\/td>\n<td class=\"size_116 withBorder\">Junior<\/td>\n<td class=\"size_292 withBorder\">PSV Baden-W\u00fcrtt.<br \/>\nB\u00f6blingen (006)<br \/>\nRV Waldenbuch-Hasenhof e.V.<\/td>\n<td class=\"size_90 withBorder\">Amateur<\/td>\n<td class=\"size_90 withBorder\">5<\/td>\n<td class=\"size_84 withBorderTop textAlign_right\">1081<\/td>\n<\/tr>\n<tr class=\"even\">\n<td class=\"size_54 withBorder textAlign_right\">24<\/td>\n<td class=\"size_228 withBorder\"><a href=\"https:\/\/www.fnverlag.de\/fn-erfolgsdaten\/alina-schmiederer-reiter-fahrer\/person\/2Oy38_PLUS_Xi_PLUS_OY_GLE_\">Schmiederer, Alina<\/a><\/td>\n<td class=\"size_116 withBorder\">Junior<\/td>\n<td class=\"size_292 withBorder\">PSV Baden-W\u00fcrtt.<br \/>\nAlb-Donau (003)<br \/>\nRC Riedheim<\/td>\n<td class=\"size_90 withBorder\">Amateur<\/td>\n<td class=\"size_90 withBorder\">3<\/td>\n<td class=\"size_84 withBorderTop textAlign_right\">1067<\/td>\n<\/tr>\n<tr class=\"odd\">\n<td class=\"size_54 withBorder textAlign_right\">25<\/td>\n<td class=\"size_228 withBorder\"><a href=\"https:\/\/www.fnverlag.de\/fn-erfolgsdaten\/maximiliane-fimpel-reiter-fahrer\/person\/MAPOb3Gcajc_GLE_\">Fimpel, Maximiliane<\/a><\/td>\n<td class=\"size_116 withBorder\">Junior<\/td>\n<td class=\"size_292 withBorder\">PSV Baden-W\u00fcrtt.<br \/>\nOberschwaben (068)<br \/>\nRFV Ki\u00dflegg e.V.<\/td>\n<td class=\"size_90 withBorder\">Amateur<\/td>\n<td class=\"size_90 withBorder\">3<\/td>\n<td class=\"size_84 withBorderTop textAlign_right\">1036<\/td>\n<\/tr>\n<tr class=\"even\">\n<td class=\"size_54 withBorder textAlign_right\">26<\/td>\n<td class=\"size_228 withBorder\"><a href=\"https:\/\/www.fnverlag.de\/fn-erfolgsdaten\/mia-sophie-hauss-reiter-fahrer\/person\/ICkvqv6jj5w_GLE_\">Hau\u00df, Mia Sophie<\/a><\/td>\n<td class=\"size_116 withBorder\">Junior<\/td>\n<td class=\"size_292 withBorder\">PSV Baden-W\u00fcrtt.<br \/>\nOrtenau (745)<br \/>\nRV Kehl-Sundheim e.V.<\/td>\n<td class=\"size_90 withBorder\">Amateur<\/td>\n<td class=\"size_90 withBorder\">3<\/td>\n<td class=\"size_84 withBorderTop textAlign_right\">1017<\/td>\n<\/tr>\n<tr class=\"odd\">\n<td class=\"size_54 withBorder textAlign_right\">27<\/td>\n<td class=\"size_228 withBorder\"><a href=\"https:\/\/www.fnverlag.de\/fn-erfolgsdaten\/jannik-ege-reiter-fahrer--zuechter\/person\/NnsE9ulC2No_GLE_\">Ege, Jannik<\/a><\/td>\n<td class=\"size_116 withBorder\">Junior<\/td>\n<td class=\"size_292 withBorder\">PSV Baden-W\u00fcrtt.<br \/>\nBiberach (058)<br \/>\nRC Ri\u00dfegg<\/td>\n<td class=\"size_90 withBorder\">Amateur<\/td>\n<td class=\"size_90 withBorder\">3<\/td>\n<td class=\"size_84 withBorderTop textAlign_right\">937<\/td>\n<\/tr>\n<tr class=\"even\">\n<td class=\"size_54 withBorder textAlign_right\">28<\/td>\n<td class=\"size_228 withBorder\"><a href=\"https:\/\/www.fnverlag.de\/fn-erfolgsdaten\/milena-lauer-reiter-fahrer\/person\/bJXWmwqWD_PLUS_w_GLE_\">Lauer, Milena<\/a><\/td>\n<td class=\"size_116 withBorder\">Junior<\/td>\n<td class=\"size_292 withBorder\">PSV Baden-W\u00fcrtt.<br \/>\nOrtenau (745)<br \/>\nRRFV Mei\u00dfenheim<\/td>\n<td class=\"size_90 withBorder\">Amateur<\/td>\n<td class=\"size_90 withBorder\">4<\/td>\n<td class=\"size_84 withBorderTop textAlign_right\">899<\/td>\n<\/tr>\n<tr class=\"odd\">\n<td class=\"size_54 withBorder textAlign_right\">29<\/td>\n<td class=\"size_228 withBorder\"><a href=\"https:\/\/www.fnverlag.de\/fn-erfolgsdaten\/collin-wenz-reiter-fahrer\/person\/3oVI3dqfeVA_GLE_\">Wenz, Collin<\/a><\/td>\n<td class=\"size_116 withBorder\">Junior<\/td>\n<td class=\"size_292 withBorder\">PSV Baden-W\u00fcrtt.<br \/>\nLudwigsburg (014)<br \/>\nRV Sersheim<\/td>\n<td class=\"size_90 withBorder\">Amateur<\/td>\n<td class=\"size_90 withBorder\">3<\/td>\n<td class=\"size_84 withBorderTop textAlign_right\">873<\/td>\n<\/tr>\n<tr class=\"even\">\n<td class=\"size_54 withBorder textAlign_right\">30<\/td>\n<td class=\"size_228 withBorder\"><a href=\"https:\/\/www.fnverlag.de\/fn-erfolgsdaten\/fabian-herre-reiter-fahrer\/person\/0tfBfxBBypE_GLE_\">Herre, Fabian<\/a><\/td>\n<td class=\"size_116 withBorder\">Junior<\/td>\n<td class=\"size_292 withBorder\">PSV Baden-W\u00fcrtt.<br \/>\nZollern-Alb (057)<br \/>\nRSZ Hohenzollern<\/td>\n<td class=\"size_90 withBorder\">Amateur<\/td>\n<td class=\"size_90 withBorder\">3<\/td>\n<td class=\"size_84 withBorderTop textAlign_right\">856<\/td>\n<\/tr>\n<tr class=\"odd\">\n<td class=\"size_54 withBorder textAlign_right\">31<\/td>\n<td class=\"size_228 withBorder\"><a href=\"https:\/\/www.fnverlag.de\/fn-erfolgsdaten\/emma-pufke-reiter-fahrer\/person\/GW4Wwaxi32Y_GLE_\">Pufke, Emma<\/a><\/td>\n<td class=\"size_116 withBorder\">Junior<\/td>\n<td class=\"size_292 withBorder\">PSV Baden-W\u00fcrtt.<br \/>\nZollern-Alb (057)<br \/>\nRSZ Hohenzollern<\/td>\n<td class=\"size_90 withBorder\">Amateur<\/td>\n<td class=\"size_90 withBorder\">3<\/td>\n<td class=\"size_84 withBorderTop textAlign_right\">830<\/td>\n<\/tr>\n<tr class=\"even\">\n<td class=\"size_54 withBorder textAlign_right\">32<\/td>\n<td class=\"size_228 withBorder\"><a href=\"https:\/\/www.fnverlag.de\/fn-erfolgsdaten\/tanita-muckle-reiter-fahrer\/person\/a7qQ_DASH_7m6KCA_GLE_\">Muckle, Tanita<\/a><\/td>\n<td class=\"size_116 withBorder\">Junior<\/td>\n<td class=\"size_292 withBorder\">PSV Baden-W\u00fcrtt.<br \/>\nKraichg.-Neckar-Odenw. (434)<br \/>\nRFV Robern<\/td>\n<td class=\"size_90 withBorder\">Amateur<\/td>\n<td class=\"size_90 withBorder\">4<\/td>\n<td class=\"size_84 withBorderTop textAlign_right\">824<\/td>\n<\/tr>\n<tr class=\"odd\">\n<td class=\"size_54 withBorder textAlign_right\">33<\/td>\n<td class=\"size_228 withBorder\"><a href=\"https:\/\/www.fnverlag.de\/fn-erfolgsdaten\/chiara-hannelies-koenig-reiter-fahrer\/person\/aLWjMAW8L4w_GLE_\">K\u00f6nig, Chiara Hannelies<\/a><\/td>\n<td class=\"size_116 withBorder\">Junior<\/td>\n<td class=\"size_292 withBorder\">PSV Baden-W\u00fcrtt.<br \/>\nH\u00fcgelland (326)<br \/>\nRV Rotensol<\/td>\n<td class=\"size_90 withBorder\">Amateur<\/td>\n<td class=\"size_90 withBorder\">5<\/td>\n<td class=\"size_84 withBorderTop textAlign_right\">750<\/td>\n<\/tr>\n<tr class=\"even\">\n<td class=\"size_54 withBorder textAlign_right\">34<\/td>\n<td class=\"size_228 withBorder\"><a href=\"https:\/\/www.fnverlag.de\/fn-erfolgsdaten\/jana-roth-reiter-fahrer\/person\/dNZJDFvRVJY_GLE_\">Roth, Jana<\/a><\/td>\n<td class=\"size_116 withBorder\">Junior<\/td>\n<td class=\"size_292 withBorder\">PSV Baden-W\u00fcrtt.<br \/>\nOberschwaben (068)<br \/>\nRFV Fronhofen<\/td>\n<td class=\"size_90 withBorder\">Amateur<\/td>\n<td class=\"size_90 withBorder\">5<\/td>\n<td class=\"size_84 withBorderTop textAlign_right\">716<\/td>\n<\/tr>\n<tr class=\"odd\">\n<td class=\"size_54 withBorder textAlign_right\">35<\/td>\n<td class=\"size_228 withBorder\"><a href=\"https:\/\/www.fnverlag.de\/fn-erfolgsdaten\/finja-hofmann-reiter-fahrer\/person\/x_DASH_udJ66GROg_GLE_\">Hofmann, Finja<\/a><\/td>\n<td class=\"size_116 withBorder\">Junior<\/td>\n<td class=\"size_292 withBorder\">PSV Baden-W\u00fcrtt.<br \/>\nFranken (011)<br \/>\nRV Obersulm<\/td>\n<td class=\"size_90 withBorder\">Amateur<\/td>\n<td class=\"size_90 withBorder\">4<\/td>\n<td class=\"size_84 withBorderTop textAlign_right\">685<\/td>\n<\/tr>\n<tr class=\"even\">\n<td class=\"size_54 withBorder textAlign_right\">36<\/td>\n<td class=\"size_228 withBorder\"><a href=\"https:\/\/www.fnverlag.de\/fn-erfolgsdaten\/laura-marie-hanser-reiter-fahrer\/person\/DcYJRN4Nc0U_GLE_\">Hanser, Laura Marie<\/a><\/td>\n<td class=\"size_116 withBorder\">Junior<\/td>\n<td class=\"size_292 withBorder\">PSV Baden-W\u00fcrtt.<br \/>\nOberschwaben (068)<br \/>\nRV Meckenbeuren-Madenreute e.V<\/td>\n<td class=\"size_90 withBorder\">Amateur<\/td>\n<td class=\"size_90 withBorder\">3<\/td>\n<td class=\"size_84 withBorderTop textAlign_right\">658<\/td>\n<\/tr>\n<tr class=\"odd\">\n<td class=\"size_54 withBorder textAlign_right\">37<\/td>\n<td class=\"size_228 withBorder\"><a href=\"https:\/\/www.fnverlag.de\/fn-erfolgsdaten\/lara-wunderle-reiter-fahrer\/person\/Mpi3fkmBFwY_GLE_\">Wunderle, Lara<\/a><\/td>\n<td class=\"size_116 withBorder\">Junior<\/td>\n<td class=\"size_292 withBorder\">PSV Baden-W\u00fcrtt.<br \/>\nOberrhein (746)<br \/>\nRV Schopfheim<\/td>\n<td class=\"size_90 withBorder\">Amateur<\/td>\n<td class=\"size_90 withBorder\">4<\/td>\n<td class=\"size_84 withBorderTop textAlign_right\">608<\/td>\n<\/tr>\n<tr class=\"even\">\n<td class=\"size_54 withBorder textAlign_right\">38<\/td>\n<td class=\"size_228 withBorder\"><a href=\"https:\/\/www.fnverlag.de\/fn-erfolgsdaten\/leonie-remsch-reiter-fahrer\/person\/Tzjc1BwKhCk_GLE_\">Remsch, Leonie<\/a><\/td>\n<td class=\"size_116 withBorder\">Junior<\/td>\n<td class=\"size_292 withBorder\">PSV Baden-W\u00fcrtt.<br \/>\nOberschwaben (068)<br \/>\nRFV Oberschwaben<\/td>\n<td class=\"size_90 withBorder\">Amateur<\/td>\n<td class=\"size_90 withBorder\">4<\/td>\n<td class=\"size_84 withBorderTop textAlign_right\">584<\/td>\n<\/tr>\n<tr class=\"odd\">\n<td class=\"size_54 withBorder textAlign_right\">39<\/td>\n<td class=\"size_228 withBorder\"><a href=\"https:\/\/www.fnverlag.de\/fn-erfolgsdaten\/luisa-koelz-reiter-fahrer\/person\/t_DASH_j4fBA5lhc_GLE_\">K\u00f6lz, Luisa<\/a><\/td>\n<td class=\"size_116 withBorder\">Junior<\/td>\n<td class=\"size_292 withBorder\">PSV Baden-W\u00fcrtt.<br \/>\nFranken (011)<br \/>\nRA SV Leingarten e.V.<\/td>\n<td class=\"size_90 withBorder\">Amateur<\/td>\n<td class=\"size_90 withBorder\">3<\/td>\n<td class=\"size_84 withBorderTop textAlign_right\">559<\/td>\n<\/tr>\n<tr class=\"even\">\n<td class=\"size_54 withBorder textAlign_right\">40<\/td>\n<td class=\"size_228 withBorder\"><a href=\"https:\/\/www.fnverlag.de\/fn-erfolgsdaten\/valerie-eisele-reiter-fahrer\/person\/y7_DASH_2nEk8gkk_GLE_\">Eisele, Valerie<\/a><\/td>\n<td class=\"size_116 withBorder\">Junior<\/td>\n<td class=\"size_292 withBorder\">PSV Baden-W\u00fcrtt.<br \/>\nH\u00fcgelland (326)<br \/>\nRZV Neub\u00e4rental<\/td>\n<td class=\"size_90 withBorder\">Amateur<\/td>\n<td class=\"size_90 withBorder\">4<\/td>\n<td class=\"size_84 withBorderTop textAlign_right\">504<\/td>\n<\/tr>\n<tr class=\"odd\">\n<td class=\"size_54 withBorder textAlign_right\">41<\/td>\n<td class=\"size_228 withBorder\"><a href=\"https:\/\/www.fnverlag.de\/fn-erfolgsdaten\/jara-krieg-reiter-fahrer\/person\/ec_PLUS_sTNps_DASH_Nk_GLE_\">Krieg, Jara<\/a><\/td>\n<td class=\"size_116 withBorder\">Junior<\/td>\n<td class=\"size_292 withBorder\">PSV Baden-W\u00fcrtt.<br \/>\nOrtenau (745)<br \/>\nRV Lahr<\/td>\n<td class=\"size_90 withBorder\">Nicht Amateur<\/td>\n<td class=\"size_90 withBorder\">3<\/td>\n<td class=\"size_84 withBorderTop textAlign_right\">495<\/td>\n<\/tr>\n<tr class=\"even\">\n<td class=\"size_54 withBorder textAlign_right\">42<\/td>\n<td class=\"size_228 withBorder\"><a href=\"https:\/\/www.fnverlag.de\/fn-erfolgsdaten\/mathilda-glaesel-reiter-fahrer\/person\/pEJBoWWb87g_GLE_\">Gl\u00e4sel, Mathilda<\/a><\/td>\n<td class=\"size_116 withBorder\">Junior<\/td>\n<td class=\"size_292 withBorder\">PSV Baden-W\u00fcrtt.<br \/>\nT\u00fcbingen (069)<br \/>\nT\u00fcbinger RG<\/td>\n<td class=\"size_90 withBorder\">Amateur<\/td>\n<td class=\"size_90 withBorder\">4<\/td>\n<td class=\"size_84 withBorderTop textAlign_right\">469<\/td>\n<\/tr>\n<tr class=\"odd\">\n<td class=\"size_54 withBorder textAlign_right\">43<\/td>\n<td class=\"size_228 withBorder\"><a href=\"https:\/\/www.fnverlag.de\/fn-erfolgsdaten\/charlotte-wahby-reiter-fahrer\/person\/J9crLTcUVjI_GLE_\">Wahby, Charlotte<\/a><\/td>\n<td class=\"size_116 withBorder\">Junior<\/td>\n<td class=\"size_292 withBorder\">PSV Baden-W\u00fcrtt.<br \/>\nHardt (223)<br \/>\nPSG Bruchsaler M\u00fchle e.V.<\/td>\n<td class=\"size_90 withBorder\">Amateur<\/td>\n<td class=\"size_90 withBorder\">4<\/td>\n<td class=\"size_84 withBorderTop textAlign_right\">462<\/td>\n<\/tr>\n<tr class=\"even\">\n<td class=\"size_54 withBorder textAlign_right\">44<\/td>\n<td class=\"size_228 withBorder\"><a href=\"https:\/\/www.fnverlag.de\/fn-erfolgsdaten\/leonie-wolf-reiter-fahrer\/person\/8XcYMpa1AzY_GLE_\">Wolf, Leonie<\/a><\/td>\n<td class=\"size_116 withBorder\">Junior<\/td>\n<td class=\"size_292 withBorder\">PSV Baden-W\u00fcrtt.<br \/>\nBadische Pfalz (124)<br \/>\nTG Birkigh\u00f6fe Eppelheim<\/td>\n<td class=\"size_90 withBorder\">Amateur<\/td>\n<td class=\"size_90 withBorder\">3<\/td>\n<td class=\"size_84 withBorderTop textAlign_right\">458<\/td>\n<\/tr>\n<tr class=\"odd\">\n<td class=\"size_54 withBorder textAlign_right\">45<\/td>\n<td class=\"size_228 withBorder\"><a href=\"https:\/\/www.fnverlag.de\/fn-erfolgsdaten\/klara-enzinger-reiter-fahrer\/person\/H7yYE8VohZY_GLE_\">Enzinger, Klara<\/a><\/td>\n<td class=\"size_116 withBorder\">Junior<\/td>\n<td class=\"size_292 withBorder\">PSV Baden-W\u00fcrtt.<br \/>\nT\u00fcbingen (069)<br \/>\nRFV B\u00fchl<\/td>\n<td class=\"size_90 withBorder\">Amateur<\/td>\n<td class=\"size_90 withBorder\">4<\/td>\n<td class=\"size_84 withBorderTop textAlign_right\">455<\/td>\n<\/tr>\n<tr class=\"even\">\n<td class=\"size_54 withBorder textAlign_right\">46<\/td>\n<td class=\"size_228 withBorder\"><a href=\"https:\/\/www.fnverlag.de\/fn-erfolgsdaten\/vanessa-koelz-reiter-fahrer\/person\/6Lxstk8JQPo_GLE_\">K\u00f6lz, Vanessa<\/a><\/td>\n<td class=\"size_116 withBorder\">Junior<\/td>\n<td class=\"size_292 withBorder\">PSV Baden-W\u00fcrtt.<br \/>\nRems-Murr (022)<br \/>\nPSV Burkhardshof<\/td>\n<td class=\"size_90 withBorder\">Nicht Amateur<\/td>\n<td class=\"size_90 withBorder\">3<\/td>\n<td class=\"size_84 withBorderTop textAlign_right\">451<\/td>\n<\/tr>\n<tr class=\"odd\">\n<td class=\"size_54 withBorder textAlign_right\">47<\/td>\n<td class=\"size_228 withBorder\"><a href=\"https:\/\/www.fnverlag.de\/fn-erfolgsdaten\/sinja-holl-reiter-fahrer\/person\/jMBrCdz2xWA_GLE_\">Holl, Sinja<\/a><\/td>\n<td class=\"size_116 withBorder\">Junior<\/td>\n<td class=\"size_292 withBorder\">PSV Baden-W\u00fcrtt.<br \/>\nStaufen-Fils (009)<br \/>\nLPSV Donzdorf Alb\/Fils<\/td>\n<td class=\"size_90 withBorder\">Amateur<\/td>\n<td class=\"size_90 withBorder\">5<\/td>\n<td class=\"size_84 withBorderTop textAlign_right\">441<\/td>\n<\/tr>\n<tr class=\"even\">\n<td class=\"size_54 withBorder textAlign_right\">47<\/td>\n<td class=\"size_228 withBorder\"><a href=\"https:\/\/www.fnverlag.de\/fn-erfolgsdaten\/milena-zorn-reiter-fahrer--ausbilder\/person\/bbOs1Ud7Igo_GLE_\">Zorn, Milena<\/a><\/td>\n<td class=\"size_116 withBorder\">Junior<\/td>\n<td class=\"size_292 withBorder\">PSV Baden-W\u00fcrtt.<br \/>\nOrtenau (745)<br \/>\nRC Altenheim<\/td>\n<td class=\"size_90 withBorder\">Amateur<\/td>\n<td class=\"size_90 withBorder\">4<\/td>\n<td class=\"size_84 withBorderTop textAlign_right\">441<\/td>\n<\/tr>\n<tr class=\"odd\">\n<td class=\"size_54 withBorder textAlign_right\">49<\/td>\n<td class=\"size_228 withBorder\"><a href=\"https:\/\/www.fnverlag.de\/fn-erfolgsdaten\/elin-sorg-reiter-fahrer\/person\/43vhonlq1HI_GLE_\">Sorg, Elin<\/a><\/td>\n<td class=\"size_116 withBorder\">Junior<\/td>\n<td class=\"size_292 withBorder\">PSV Baden-W\u00fcrtt.<br \/>\nOberschwaben (068)<br \/>\nRFV Fronhofen<\/td>\n<td class=\"size_90 withBorder\">Amateur<\/td>\n<td class=\"size_90 withBorder\">4<\/td>\n<td class=\"size_84 withBorderTop textAlign_right\">440<\/td>\n<\/tr>\n<tr class=\"even\">\n<td class=\"size_54 withBorder textAlign_right\">50<\/td>\n<td class=\"size_228 withBorder\"><a href=\"https:\/\/www.fnverlag.de\/fn-erfolgsdaten\/mariella-paravia-reiter-fahrer\/person\/SwGlLBZ43iQ_GLE_\">Paravia, Mariella<\/a><\/td>\n<td class=\"size_116 withBorder\">Junior<\/td>\n<td class=\"size_292 withBorder\">PSV Baden-W\u00fcrtt.<br \/>\nHardt (223)<br \/>\nPF Blankenloch 1972 e.V.<\/td>\n<td class=\"size_90 withBorder\">Amateur<\/td>\n<td class=\"size_90 withBorder\">4<\/td>\n<td class=\"size_84 withBorderTop textAlign_right\">438<\/td>\n<\/tr>\n<tr class=\"odd\">\n<td class=\"size_54 withBorder textAlign_right\">51<\/td>\n<td class=\"size_228 withBorder\"><a href=\"https:\/\/www.fnverlag.de\/fn-erfolgsdaten\/emma-stierle-reiter-fahrer\/person\/Fze_PLUS_qXbfECk_GLE_\">Stierle, Emma<\/a><\/td>\n<td class=\"size_116 withBorder\">Junior<\/td>\n<td class=\"size_292 withBorder\">PSV Baden-W\u00fcrtt.<br \/>\nBodensee (744)<br \/>\nRFV Ziegelhof<\/td>\n<td class=\"size_90 withBorder\">Amateur<\/td>\n<td class=\"size_90 withBorder\">4<\/td>\n<td class=\"size_84 withBorderTop textAlign_right\">418<\/td>\n<\/tr>\n<tr class=\"even\">\n<td class=\"size_54 withBorder textAlign_right\">52<\/td>\n<td class=\"size_228 withBorder\"><a href=\"https:\/\/www.fnverlag.de\/fn-erfolgsdaten\/moritz-steimle-reiter-fahrer\/person\/2ZJ_PLUS_h0zoXhU_GLE_\">Steimle, Moritz<\/a><\/td>\n<td class=\"size_116 withBorder\">Junior<\/td>\n<td class=\"size_292 withBorder\">PSV Baden-W\u00fcrtt.<br \/>\nOberschwaben (068)<br \/>\nRFV Wolfegg<\/td>\n<td class=\"size_90 withBorder\">Amateur<\/td>\n<td class=\"size_90 withBorder\">5<\/td>\n<td class=\"size_84 withBorderTop textAlign_right\">395<\/td>\n<\/tr>\n<tr class=\"odd\">\n<td class=\"size_54 withBorder textAlign_right\">53<\/td>\n<td class=\"size_228 withBorder\"><a href=\"https:\/\/www.fnverlag.de\/fn-erfolgsdaten\/carolina-bez-reiter-fahrer\/person\/jqd8RQFbUOM_GLE_\">Bez, Carolina<\/a><\/td>\n<td class=\"size_116 withBorder\">Junior<\/td>\n<td class=\"size_292 withBorder\">PSV Baden-W\u00fcrtt.<br \/>\nReutlingen (065)<br \/>\nRK Pfullingen<\/td>\n<td class=\"size_90 withBorder\">Amateur<\/td>\n<td class=\"size_90 withBorder\">3<\/td>\n<td class=\"size_84 withBorderTop textAlign_right\">393<\/td>\n<\/tr>\n<tr class=\"even\">\n<td class=\"size_54 withBorder textAlign_right\">54<\/td>\n<td class=\"size_228 withBorder\"><a href=\"https:\/\/www.fnverlag.de\/fn-erfolgsdaten\/nathalie-schreckenhoefer-reiter-fahrer\/person\/aiJEdh_PLUS_e_PLUS_eo_GLE_\">Schreckenh\u00f6fer, Nathalie<\/a><\/td>\n<td class=\"size_116 withBorder\">Junior<\/td>\n<td class=\"size_292 withBorder\">PSV Baden-W\u00fcrtt.<br \/>\nOstalb (004)<br \/>\nRFV M\u00f6gglingen<\/td>\n<td class=\"size_90 withBorder\">Amateur<\/td>\n<td class=\"size_90 withBorder\">4<\/td>\n<td class=\"size_84 withBorderTop textAlign_right\">387<\/td>\n<\/tr>\n<tr class=\"odd\">\n<td class=\"size_54 withBorder textAlign_right\">55<\/td>\n<td class=\"size_228 withBorder\"><a href=\"https:\/\/www.fnverlag.de\/fn-erfolgsdaten\/chiara-ebrahimi-reiter-fahrer\/person\/ugXr0FenNNI_GLE_\">Ebrahimi, Chiara<\/a><\/td>\n<td class=\"size_116 withBorder\">Junior<\/td>\n<td class=\"size_292 withBorder\">PSV Baden-W\u00fcrtt.<br \/>\nZollern-Alb (057)<br \/>\nRC Hofgut Meisterhaus<\/td>\n<td class=\"size_90 withBorder\">Amateur<\/td>\n<td class=\"size_90 withBorder\">3<\/td>\n<td class=\"size_84 withBorderTop textAlign_right\">379<\/td>\n<\/tr>\n<tr class=\"even\">\n<td class=\"size_54 withBorder textAlign_right\">56<\/td>\n<td class=\"size_228 withBorder\"><a href=\"https:\/\/www.fnverlag.de\/fn-erfolgsdaten\/hanna-oelmaier-reiter-fahrer\/person\/_PLUS_9kMUSpmctM_GLE_\">Oelmaier, Hanna<\/a><\/td>\n<td class=\"size_116 withBorder\">Junior<\/td>\n<td class=\"size_292 withBorder\">PSV Baden-W\u00fcrtt.<br \/>\nAlb-Donau (003)<br \/>\nRSZ Josefshof im Winkel<\/td>\n<td class=\"size_90 withBorder\">Amateur<\/td>\n<td class=\"size_90 withBorder\">4<\/td>\n<td class=\"size_84 withBorderTop textAlign_right\">378<\/td>\n<\/tr>\n<tr class=\"odd\">\n<td class=\"size_54 withBorder textAlign_right\">57<\/td>\n<td class=\"size_228 withBorder\"><a href=\"https:\/\/www.fnverlag.de\/fn-erfolgsdaten\/merle-hoffmann-reiter-fahrer\/person\/IRRpWcrYfz0_GLE_\">Hoffmann, Merle<\/a><\/td>\n<td class=\"size_116 withBorder\">Junior<\/td>\n<td class=\"size_292 withBorder\">PSV Baden-W\u00fcrtt.<br \/>\nDonau-Neckar (066)<br \/>\nTrossinger RSG<\/td>\n<td class=\"size_90 withBorder\">Amateur<\/td>\n<td class=\"size_90 withBorder\">4<\/td>\n<td class=\"size_84 withBorderTop textAlign_right\">374<\/td>\n<\/tr>\n<tr class=\"even\">\n<td class=\"size_54 withBorder textAlign_right\">58<\/td>\n<td class=\"size_228 withBorder\"><a href=\"https:\/\/www.fnverlag.de\/fn-erfolgsdaten\/lena-habisreutinger-reiter-fahrer\/person\/vVVDyixaHMA_GLE_\">Habisreutinger, Lena<\/a><\/td>\n<td class=\"size_116 withBorder\">Junior<\/td>\n<td class=\"size_292 withBorder\">PSV Baden-W\u00fcrtt.<br \/>\nOberschwaben (068)<br \/>\nRV Meckenbeuren-Madenreute e.V<\/td>\n<td class=\"size_90 withBorder\">Amateur<\/td>\n<td class=\"size_90 withBorder\">4<\/td>\n<td class=\"size_84 withBorderTop textAlign_right\">369<\/td>\n<\/tr>\n<tr class=\"odd\">\n<td class=\"size_54 withBorder textAlign_right\">59<\/td>\n<td class=\"size_228 withBorder\"><a href=\"https:\/\/www.fnverlag.de\/fn-erfolgsdaten\/sarah-chiara-ott-reiter-fahrer\/person\/E6KW1hte0sU_GLE_\">Ott, Sarah Chiara<\/a><\/td>\n<td class=\"size_116 withBorder\">Junior<\/td>\n<td class=\"size_292 withBorder\">PSV Baden-W\u00fcrtt.<br \/>\nOberschwaben (068)<br \/>\nRFV Bad Waldsee e.V.<\/td>\n<td class=\"size_90 withBorder\">Nicht Amateur<\/td>\n<td class=\"size_90 withBorder\">3<\/td>\n<td class=\"size_84 withBorderTop textAlign_right\">356<\/td>\n<\/tr>\n<tr class=\"even\">\n<td class=\"size_54 withBorder textAlign_right\">60<\/td>\n<td class=\"size_228 withBorder\"><a href=\"https:\/\/www.fnverlag.de\/fn-erfolgsdaten\/magdalena-rose-reiter-fahrer\/person\/XBPjGwZJAdQ_GLE_\">Rose, Magdalena<\/a><\/td>\n<td class=\"size_116 withBorder\">Junior<\/td>\n<td class=\"size_292 withBorder\">PSV Baden-W\u00fcrtt.<br \/>\nOberrhein (746)<br \/>\nPSV Wolfsgrube Klettgau-Erzingen e.V.<\/td>\n<td class=\"size_90 withBorder\">Amateur<\/td>\n<td class=\"size_90 withBorder\">3<\/td>\n<td class=\"size_84 withBorderTop textAlign_right\">339<\/td>\n<\/tr>\n<tr class=\"odd\">\n<td class=\"size_54 withBorder textAlign_right\">61<\/td>\n<td class=\"size_228 withBorder\"><a href=\"https:\/\/www.fnverlag.de\/fn-erfolgsdaten\/rosalie-heine-reiter-fahrer\/person\/1kcNrMIRyFA_GLE_\">Heine, Rosalie<\/a><\/td>\n<td class=\"size_116 withBorder\">Junior<\/td>\n<td class=\"size_292 withBorder\">PSV Baden-W\u00fcrtt.<br \/>\nOberschwaben (068)<br \/>\nRFV Hauerz<\/td>\n<td class=\"size_90 withBorder\">Amateur<\/td>\n<td class=\"size_90 withBorder\">5<\/td>\n<td class=\"size_84 withBorderTop textAlign_right\">336<\/td>\n<\/tr>\n<tr class=\"even\">\n<td class=\"size_54 withBorder textAlign_right\">62<\/td>\n<td class=\"size_228 withBorder\"><a href=\"https:\/\/www.fnverlag.de\/fn-erfolgsdaten\/leonie-hammann-reiter-fahrer\/person\/5stmcbpm79k_GLE_\">Hammann, Leonie<\/a><\/td>\n<td class=\"size_116 withBorder\">Junior<\/td>\n<td class=\"size_292 withBorder\">PSV Baden-W\u00fcrtt.<br \/>\nNordschwarzwald (059)<br \/>\nPferdesportteam Tr\u00f6gelsbach Altensteig e.V.<\/td>\n<td class=\"size_90 withBorder\">Amateur<\/td>\n<td class=\"size_90 withBorder\">4<\/td>\n<td class=\"size_84 withBorderTop textAlign_right\">327<\/td>\n<\/tr>\n<tr class=\"odd\">\n<td class=\"size_54 withBorder textAlign_right\">63<\/td>\n<td class=\"size_228 withBorder\"><a href=\"https:\/\/www.fnverlag.de\/fn-erfolgsdaten\/romy-hack-reiter-fahrer\/person\/tMjRa4jADuI_GLE_\">Hack, Romy<\/a><\/td>\n<td class=\"size_116 withBorder\">Junior<\/td>\n<td class=\"size_292 withBorder\">PSV Baden-W\u00fcrtt.<br \/>\nSchwarzwald-Baar (754)<br \/>\nRSG Gnadental<\/td>\n<td class=\"size_90 withBorder\">Amateur<\/td>\n<td class=\"size_90 withBorder\">4<\/td>\n<td class=\"size_84 withBorderTop textAlign_right\">325<\/td>\n<\/tr>\n<tr class=\"even\">\n<td class=\"size_54 withBorder textAlign_right\">64<\/td>\n<td class=\"size_228 withBorder\"><a href=\"https:\/\/www.fnverlag.de\/fn-erfolgsdaten\/maxie-luise-maier-reiter-fahrer\/person\/l5cSlOfIp2A_GLE_\">Maier, Maxie Luise<\/a><\/td>\n<td class=\"size_116 withBorder\">Junior<\/td>\n<td class=\"size_292 withBorder\">PSV Baden-W\u00fcrtt.<br \/>\nHeidenheim (010)<br \/>\nRFV Steinheim<\/td>\n<td class=\"size_90 withBorder\">Amateur<\/td>\n<td class=\"size_90 withBorder\">4<\/td>\n<td class=\"size_84 withBorderTop textAlign_right\">319<\/td>\n<\/tr>\n<tr class=\"odd\">\n<td class=\"size_54 withBorder textAlign_right\">65<\/td>\n<td class=\"size_228 withBorder\"><a href=\"https:\/\/www.fnverlag.de\/fn-erfolgsdaten\/nina-scheuerle-reiter-fahrer\/person\/Z0e_PLUS__PLUS_zr1zPE_GLE_\">Scheuerle, Nina<\/a><\/td>\n<td class=\"size_116 withBorder\">Junior<\/td>\n<td class=\"size_292 withBorder\">PSV Baden-W\u00fcrtt.<br \/>\nB\u00f6blingen (006)<br \/>\nPSV G\u00e4ufelden-Weildorf e.V.<\/td>\n<td class=\"size_90 withBorder\">Amateur<\/td>\n<td class=\"size_90 withBorder\">4<\/td>\n<td class=\"size_84 withBorderTop textAlign_right\">304<\/td>\n<\/tr>\n<tr class=\"even\">\n<td class=\"size_54 withBorder textAlign_right\">66<\/td>\n<td class=\"size_228 withBorder\"><a href=\"https:\/\/www.fnverlag.de\/fn-erfolgsdaten\/leander-pech-reiter-fahrer\/person\/dpDgt8CJbDE_GLE_\">Pech, Leander<\/a><\/td>\n<td class=\"size_116 withBorder\">Junior<\/td>\n<td class=\"size_292 withBorder\">PSV Baden-W\u00fcrtt.<br \/>\nStaufen-Fils (009)<br \/>\nRV Gest\u00fct Birkhof<\/td>\n<td class=\"size_90 withBorder\">Amateur<\/td>\n<td class=\"size_90 withBorder\">4<\/td>\n<td class=\"size_84 withBorderTop textAlign_right\">293<\/td>\n<\/tr>\n<tr class=\"odd\">\n<td class=\"size_54 withBorder textAlign_right\">67<\/td>\n<td class=\"size_228 withBorder\"><a href=\"https:\/\/www.fnverlag.de\/fn-erfolgsdaten\/lena-weindler-reiter-fahrer\/person\/mDzUh0ZnQ4w_GLE_\">Weindler, Lena<\/a><\/td>\n<td class=\"size_116 withBorder\">Junior<\/td>\n<td class=\"size_292 withBorder\">PSV Baden-W\u00fcrtt.<br \/>\nOberschwaben (068)<br \/>\nRV Meckenbeuren-Madenreute e.V<\/td>\n<td class=\"size_90 withBorder\">Amateur<\/td>\n<td class=\"size_90 withBorder\">4<\/td>\n<td class=\"size_84 withBorderTop textAlign_right\">292<\/td>\n<\/tr>\n<tr class=\"even\">\n<td class=\"size_54 withBorder textAlign_right\">68<\/td>\n<td class=\"size_228 withBorder\"><a href=\"https:\/\/www.fnverlag.de\/fn-erfolgsdaten\/lilly-boeser-reiter-fahrer\/person\/fdY13J54aI4_GLE_\">B\u00f6ser, Lilly<\/a><\/td>\n<td class=\"size_116 withBorder\">Junior<\/td>\n<td class=\"size_292 withBorder\">PSV Baden-W\u00fcrtt.<br \/>\nOberrhein (746)<br \/>\nRC Caballus Gri\u00dfheim e.V.<\/td>\n<td class=\"size_90 withBorder\">Amateur<\/td>\n<td class=\"size_90 withBorder\">4<\/td>\n<td class=\"size_84 withBorderTop textAlign_right\">280<\/td>\n<\/tr>\n<tr class=\"odd\">\n<td class=\"size_54 withBorder textAlign_right\">69<\/td>\n<td class=\"size_228 withBorder\"><a href=\"https:\/\/www.fnverlag.de\/fn-erfolgsdaten\/shakira-weber-reiter-fahrer\/person\/WQAMfziJaVo_GLE_\">Weber, Shakira<\/a><\/td>\n<td class=\"size_116 withBorder\">Junior<\/td>\n<td class=\"size_292 withBorder\">PSV Baden-W\u00fcrtt.<br \/>\nBodensee (744)<br \/>\nRC Schoren-Engen e.V.<\/td>\n<td class=\"size_90 withBorder\">Amateur<\/td>\n<td class=\"size_90 withBorder\">4<\/td>\n<td class=\"size_84 withBorderTop textAlign_right\">278<\/td>\n<\/tr>\n<tr class=\"even\">\n<td class=\"size_54 withBorder textAlign_right\">70<\/td>\n<td class=\"size_228 withBorder\"><a href=\"https:\/\/www.fnverlag.de\/fn-erfolgsdaten\/ann-sophie-mayr-reiter-fahrer\/person\/15cx_DASH_WtVCP8_GLE_\">Mayr, Ann-Sophie<\/a><\/td>\n<td class=\"size_116 withBorder\">Junior<\/td>\n<td class=\"size_292 withBorder\">PSV Baden-W\u00fcrtt.<br \/>\nBadische Pfalz (124)<br \/>\nTG Birkigh\u00f6fe Eppelheim<\/td>\n<td class=\"size_90 withBorder\">Amateur<\/td>\n<td class=\"size_90 withBorder\">3<\/td>\n<td class=\"size_84 withBorderTop textAlign_right\">273<\/td>\n<\/tr>\n<tr class=\"odd\">\n<td class=\"size_54 withBorder textAlign_right\">71<\/td>\n<td class=\"size_228 withBorder\"><a href=\"https:\/\/www.fnverlag.de\/fn-erfolgsdaten\/fritz-sontheim-reiter-fahrer\/person\/JBb3uDI70kU_GLE_\">Sontheim, Fritz<\/a><\/td>\n<td class=\"size_116 withBorder\">Junior<\/td>\n<td class=\"size_292 withBorder\">PSV Baden-W\u00fcrtt.<br \/>\nOberschwaben (068)<br \/>\nRFV Lieshof<\/td>\n<td class=\"size_90 withBorder\">Amateur<\/td>\n<td class=\"size_90 withBorder\">4<\/td>\n<td class=\"size_84 withBorderTop textAlign_right\">270<\/td>\n<\/tr>\n<tr class=\"even\">\n<td class=\"size_54 withBorder textAlign_right\">72<\/td>\n<td class=\"size_228 withBorder\"><a href=\"https:\/\/www.fnverlag.de\/fn-erfolgsdaten\/jana-prasser-reiter-fahrer\/person\/_DASH_GtHMMUmYjM_GLE_\">Prasser, Jana<\/a><\/td>\n<td class=\"size_116 withBorder\">Junior<\/td>\n<td class=\"size_292 withBorder\">PSV Baden-W\u00fcrtt.<br \/>\nBiberach (058)<br \/>\nRSC Rupertshof e.V.<\/td>\n<td class=\"size_90 withBorder\">Amateur<\/td>\n<td class=\"size_90 withBorder\">3<\/td>\n<td class=\"size_84 withBorderTop textAlign_right\">265<\/td>\n<\/tr>\n<tr class=\"odd\">\n<td class=\"size_54 withBorder textAlign_right\">73<\/td>\n<td class=\"size_228 withBorder\"><a href=\"https:\/\/www.fnverlag.de\/fn-erfolgsdaten\/sofia-prukna-reiter-fahrer\/person\/xuFMPSkQoVs_GLE_\">Prukna, Sofia<\/a><\/td>\n<td class=\"size_116 withBorder\">Junior<\/td>\n<td class=\"size_292 withBorder\">PSV Baden-W\u00fcrtt.<br \/>\nMain-Tauber-Kreis (535)<br \/>\nRV Osterburken<\/td>\n<td class=\"size_90 withBorder\">Amateur<\/td>\n<td class=\"size_90 withBorder\">5<\/td>\n<td class=\"size_84 withBorderTop textAlign_right\">264<\/td>\n<\/tr>\n<tr class=\"even\">\n<td class=\"size_54 withBorder textAlign_right\">74<\/td>\n<td class=\"size_228 withBorder\"><a href=\"https:\/\/www.fnverlag.de\/fn-erfolgsdaten\/finja-haug-reiter-fahrer\/person\/gqedOixYb98_GLE_\">Haug, Finja<\/a><\/td>\n<td class=\"size_116 withBorder\">Junior<\/td>\n<td class=\"size_292 withBorder\">PSV Baden-W\u00fcrtt.<br \/>\nNordschwarzwald (059)<br \/>\nRSC Salzstetten<\/td>\n<td class=\"size_90 withBorder\">Amateur<\/td>\n<td class=\"size_90 withBorder\">4<\/td>\n<td class=\"size_84 withBorderTop textAlign_right\">245<\/td>\n<\/tr>\n<tr class=\"odd\">\n<td class=\"size_54 withBorder textAlign_right\">75<\/td>\n<td class=\"size_228 withBorder\"><a href=\"https:\/\/www.fnverlag.de\/fn-erfolgsdaten\/sophia-duchet-reiter-fahrer\/person\/RxG_PLUS_pkAIueA_GLE_\">Duchet, Sophia<\/a><\/td>\n<td class=\"size_116 withBorder\">Junior<\/td>\n<td class=\"size_292 withBorder\">PSV Baden-W\u00fcrtt.<br \/>\nBodensee (744)<br \/>\nSportpferdezentrum Aach e.V.<\/td>\n<td class=\"size_90 withBorder\">Amateur<\/td>\n<td class=\"size_90 withBorder\">5<\/td>\n<td class=\"size_84 withBorderTop textAlign_right\">241<\/td>\n<\/tr>\n<tr class=\"even\">\n<td class=\"size_54 withBorder textAlign_right\">75<\/td>\n<td class=\"size_228 withBorder\"><a href=\"https:\/\/www.fnverlag.de\/fn-erfolgsdaten\/lena-lieb-reiter-fahrer\/person\/5UpHaAadArY_GLE_\">Lieb, Lena<\/a><\/td>\n<td class=\"size_116 withBorder\">Junior<\/td>\n<td class=\"size_292 withBorder\">PSV Baden-W\u00fcrtt.<br \/>\nOstalb (004)<br \/>\nRFV Essingen<\/td>\n<td class=\"size_90 withBorder\">Nicht Amateur<\/td>\n<td class=\"size_90 withBorder\">4<\/td>\n<td class=\"size_84 withBorderTop textAlign_right\">241<\/td>\n<\/tr>\n<tr class=\"odd\">\n<td class=\"size_54 withBorder textAlign_right\">77<\/td>\n<td class=\"size_228 withBorder\"><a href=\"https:\/\/www.fnverlag.de\/fn-erfolgsdaten\/johanna-elgass-reiter-fahrer\/person\/BBHTv48scnM_GLE_\">Elgass, Johanna<\/a><\/td>\n<td class=\"size_116 withBorder\">Junior<\/td>\n<td class=\"size_292 withBorder\">PSV Baden-W\u00fcrtt.<br \/>\nOberschwaben (068)<br \/>\nRFV Isny-Rohrdorf<\/td>\n<td class=\"size_90 withBorder\">Amateur<\/td>\n<td class=\"size_90 withBorder\">5<\/td>\n<td class=\"size_84 withBorderTop textAlign_right\">235<\/td>\n<\/tr>\n<tr class=\"even\">\n<td class=\"size_54 withBorder textAlign_right\">78<\/td>\n<td class=\"size_228 withBorder\"><a href=\"https:\/\/www.fnverlag.de\/fn-erfolgsdaten\/josie-jakob-reiter-fahrer--ausbilder\/person\/UnGbmTLxRe8_GLE_\">Jakob, Josie<\/a><\/td>\n<td class=\"size_116 withBorder\">Junior<\/td>\n<td class=\"size_292 withBorder\">PSV Baden-W\u00fcrtt.<br \/>\nH\u00fcgelland (326)<br \/>\nPF Straubenhardt<\/td>\n<td class=\"size_90 withBorder\">Amateur<\/td>\n<td class=\"size_90 withBorder\">4<\/td>\n<td class=\"size_84 withBorderTop textAlign_right\">230<\/td>\n<\/tr>\n<tr class=\"odd\">\n<td class=\"size_54 withBorder textAlign_right\">79<\/td>\n<td class=\"size_228 withBorder\"><a href=\"https:\/\/www.fnverlag.de\/fn-erfolgsdaten\/ella-kraski-reiter-fahrer\/person\/cXRz08i9rLw_GLE_\">Kraski, Ella<\/a><\/td>\n<td class=\"size_116 withBorder\">Junior<\/td>\n<td class=\"size_292 withBorder\">PSV Baden-W\u00fcrtt.<br \/>\nBadische Pfalz (124)<br \/>\nRFV Mannheim-Friedrichsfeld<\/td>\n<td class=\"size_90 withBorder\">Amateur<\/td>\n<td class=\"size_90 withBorder\">5<\/td>\n<td class=\"size_84 withBorderTop textAlign_right\">227<\/td>\n<\/tr>\n<tr class=\"even\">\n<td class=\"size_54 withBorder textAlign_right\">80<\/td>\n<td class=\"size_228 withBorder\"><a href=\"https:\/\/www.fnverlag.de\/fn-erfolgsdaten\/linda-theresia-wolff-reiter-fahrer\/person\/siZpzERLUB4_GLE_\">Wolff, Linda Theresia<\/a><\/td>\n<td class=\"size_116 withBorder\">Junior<\/td>\n<td class=\"size_292 withBorder\">PSV Baden-W\u00fcrtt.<br \/>\nOberschwaben (068)<br \/>\nRV Meckenbeuren-Madenreute e.V<\/td>\n<td class=\"size_90 withBorder\">Amateur<\/td>\n<td class=\"size_90 withBorder\">5<\/td>\n<td class=\"size_84 withBorderTop textAlign_right\">221<\/td>\n<\/tr>\n<tr class=\"odd\">\n<td class=\"size_54 withBorder textAlign_right\">81<\/td>\n<td class=\"size_228 withBorder\"><a href=\"https:\/\/www.fnverlag.de\/fn-erfolgsdaten\/katharina-dobler-reiter-fahrer\/person\/Iulk1bBzXHE_GLE_\">Dobler, Katharina<\/a><\/td>\n<td class=\"size_116 withBorder\">Junior<\/td>\n<td class=\"size_292 withBorder\">PSV Baden-W\u00fcrtt.<br \/>\nOberschwaben (068)<br \/>\nRFV Hauerz<\/td>\n<td class=\"size_90 withBorder\">Amateur<\/td>\n<td class=\"size_90 withBorder\">5<\/td>\n<td class=\"size_84 withBorderTop textAlign_right\">214<\/td>\n<\/tr>\n<tr class=\"even\">\n<td class=\"size_54 withBorder textAlign_right\">82<\/td>\n<td class=\"size_228 withBorder\"><a href=\"https:\/\/www.fnverlag.de\/fn-erfolgsdaten\/jana-zimmerle-reiter-fahrer\/person\/dH9Hbb9OVm0_GLE_\">Zimmerle, Jana<\/a><\/td>\n<td class=\"size_116 withBorder\">Junior<\/td>\n<td class=\"size_292 withBorder\">PSV Baden-W\u00fcrtt.<br \/>\nOstalb (004)<br \/>\nRFV Essingen<\/td>\n<td class=\"size_90 withBorder\">Amateur<\/td>\n<td class=\"size_90 withBorder\">5<\/td>\n<td class=\"size_84 withBorderTop textAlign_right\">211<\/td>\n<\/tr>\n<tr class=\"odd\">\n<td class=\"size_54 withBorder textAlign_right\">83<\/td>\n<td class=\"size_228 withBorder\"><a href=\"https:\/\/www.fnverlag.de\/fn-erfolgsdaten\/paul-dieti-reiter-fahrer\/person\/TTmwu9MaSYc_GLE_\">Dieti, Paul<\/a><\/td>\n<td class=\"size_116 withBorder\">Junior<\/td>\n<td class=\"size_292 withBorder\">PSV Baden-W\u00fcrtt.<br \/>\nStuttgart-Esslingen (008)<br \/>\nRFV Weilheim\/Teck<\/td>\n<td class=\"size_90 withBorder\">Amateur<\/td>\n<td class=\"size_90 withBorder\">4<\/td>\n<td class=\"size_84 withBorderTop textAlign_right\">209<\/td>\n<\/tr>\n<tr class=\"even\">\n<td class=\"size_54 withBorder textAlign_right\">84<\/td>\n<td class=\"size_228 withBorder\"><a href=\"https:\/\/www.fnverlag.de\/fn-erfolgsdaten\/milena-schneider-reiter-fahrer\/person\/Qm01cZIMvk8_GLE_\">Schneider, Milena<\/a><\/td>\n<td class=\"size_116 withBorder\">Junior<\/td>\n<td class=\"size_292 withBorder\">PSV Baden-W\u00fcrtt.<br \/>\nSchwarzwald-Baar (754)<br \/>\nRZ Frese Immenh\u00f6fe e.V.<\/td>\n<td class=\"size_90 withBorder\">Amateur<\/td>\n<td class=\"size_90 withBorder\">4<\/td>\n<td class=\"size_84 withBorderTop textAlign_right\">208<\/td>\n<\/tr>\n<tr class=\"odd\">\n<td class=\"size_54 withBorder textAlign_right\">85<\/td>\n<td class=\"size_228 withBorder\"><a href=\"https:\/\/www.fnverlag.de\/fn-erfolgsdaten\/kathrin-zappe-reiter-fahrer\/person\/IIk_PLUS_Y5UrFug_GLE_\">Zappe, Kathrin<\/a><\/td>\n<td class=\"size_116 withBorder\">Junior<\/td>\n<td class=\"size_292 withBorder\">PSV Baden-W\u00fcrtt.<br \/>\nOstalb (004)<br \/>\nRSG Ostalb<\/td>\n<td class=\"size_90 withBorder\">Amateur<\/td>\n<td class=\"size_90 withBorder\">5<\/td>\n<td class=\"size_84 withBorderTop textAlign_right\">207<\/td>\n<\/tr>\n<tr class=\"even\">\n<td class=\"size_54 withBorder textAlign_right\">86<\/td>\n<td class=\"size_228 withBorder\"><a href=\"https:\/\/www.fnverlag.de\/fn-erfolgsdaten\/henry-hoffmann-reiter-fahrer\/person\/9tw1ygOjBS8_GLE_\">Hoffmann, Henry<\/a><\/td>\n<td class=\"size_116 withBorder\">Junior<\/td>\n<td class=\"size_292 withBorder\">PSV Baden-W\u00fcrtt.<br \/>\nSchwarzwald-Baar (754)<br \/>\nRZ Frese Immenh\u00f6fe e.V.<\/td>\n<td class=\"size_90 withBorder\">Amateur<\/td>\n<td class=\"size_90 withBorder\">4<\/td>\n<td class=\"size_84 withBorderTop textAlign_right\">204<\/td>\n<\/tr>\n<tr class=\"odd\">\n<td class=\"size_54 withBorder textAlign_right\">87<\/td>\n<td class=\"size_228 withBorder\"><a href=\"https:\/\/www.fnverlag.de\/fn-erfolgsdaten\/lina-spinoly-reiter-fahrer\/person\/xqgwMynM6yM_GLE_\">Spinoly, Lina<\/a><\/td>\n<td class=\"size_116 withBorder\">Junior<\/td>\n<td class=\"size_292 withBorder\">PSV Baden-W\u00fcrtt.<br \/>\nOberrhein (746)<br \/>\nRV Schopfheim<\/td>\n<td class=\"size_90 withBorder\">Amateur<\/td>\n<td class=\"size_90 withBorder\">5<\/td>\n<td class=\"size_84 withBorderTop textAlign_right\">203<\/td>\n<\/tr>\n<tr class=\"even\">\n<td class=\"size_54 withBorder textAlign_right\">88<\/td>\n<td class=\"size_228 withBorder\"><a href=\"https:\/\/www.fnverlag.de\/fn-erfolgsdaten\/lea-franziska-hurrle-reiter-fahrer\/person\/wXpXXK0DDQM_GLE_\">Hurrle, Lea Franziska<\/a><\/td>\n<td class=\"size_116 withBorder\">Junior<\/td>\n<td class=\"size_292 withBorder\">PSV Baden-W\u00fcrtt.<br \/>\nMittelbaden (750)<br \/>\nRC Baden-Baden<\/td>\n<td class=\"size_90 withBorder\">Amateur<\/td>\n<td class=\"size_90 withBorder\">4<\/td>\n<td class=\"size_84 withBorderTop textAlign_right\">200<\/td>\n<\/tr>\n<tr class=\"odd\">\n<td class=\"size_54 withBorder textAlign_right\">89<\/td>\n<td class=\"size_228 withBorder\"><a href=\"https:\/\/www.fnverlag.de\/fn-erfolgsdaten\/pia-marie-feucht-reiter-fahrer\/person\/Pw_DASH_RKDismQE_GLE_\">Feucht, Pia-Marie<\/a><\/td>\n<td class=\"size_116 withBorder\">Junior<\/td>\n<td class=\"size_292 withBorder\">PSV Baden-W\u00fcrtt.<br \/>\nBodensee (744)<br \/>\nRC Schoren-Engen e.V.<\/td>\n<td class=\"size_90 withBorder\">Amateur<\/td>\n<td class=\"size_90 withBorder\">4<\/td>\n<td class=\"size_84 withBorderTop textAlign_right\">194<\/td>\n<\/tr>\n<tr class=\"even\">\n<td class=\"size_54 withBorder textAlign_right\">89<\/td>\n<td class=\"size_228 withBorder\"><a href=\"https:\/\/www.fnverlag.de\/fn-erfolgsdaten\/gesa-krauss-reiter-fahrer\/person\/_PLUS_iO_DASH_CmA01Os_GLE_\">Krau\u00df, Gesa<\/a><\/td>\n<td class=\"size_116 withBorder\">Junior<\/td>\n<td class=\"size_292 withBorder\">PSV Baden-W\u00fcrtt.<br \/>\nBadische Pfalz (124)<br \/>\nPZRRV Heddesheim<\/td>\n<td class=\"size_90 withBorder\">Amateur<\/td>\n<td class=\"size_90 withBorder\">6<\/td>\n<td class=\"size_84 withBorderTop textAlign_right\">194<\/td>\n<\/tr>\n<tr class=\"odd\">\n<td class=\"size_54 withBorder textAlign_right\">91<\/td>\n<td class=\"size_228 withBorder\"><a href=\"https:\/\/www.fnverlag.de\/fn-erfolgsdaten\/franziska-mantz-reiter-fahrer\/person\/CnWLrWra3Q4_GLE_\">Mantz, Franziska<\/a><\/td>\n<td class=\"size_116 withBorder\">Junior<\/td>\n<td class=\"size_292 withBorder\">PSV Baden-W\u00fcrtt.<br \/>\nAlb-Donau (003)<br \/>\nRG Heufelden<\/td>\n<td class=\"size_90 withBorder\">Amateur<\/td>\n<td class=\"size_90 withBorder\">5<\/td>\n<td class=\"size_84 withBorderTop textAlign_right\">191<\/td>\n<\/tr>\n<tr class=\"even\">\n<td class=\"size_54 withBorder textAlign_right\">92<\/td>\n<td class=\"size_228 withBorder\"><a href=\"https:\/\/www.fnverlag.de\/fn-erfolgsdaten\/erik-koelz-reiter-fahrer\/person\/CnIurO474k4_GLE_\">K\u00f6lz, Erik<\/a><\/td>\n<td class=\"size_116 withBorder\">Junior<\/td>\n<td class=\"size_292 withBorder\">PSV Baden-W\u00fcrtt.<br \/>\nRems-Murr (022)<br \/>\nPSV Burkhardshof<\/td>\n<td class=\"size_90 withBorder\">Amateur<\/td>\n<td class=\"size_90 withBorder\">5<\/td>\n<td class=\"size_84 withBorderTop textAlign_right\">189<\/td>\n<\/tr>\n<tr class=\"odd\">\n<td class=\"size_54 withBorder textAlign_right\">93<\/td>\n<td class=\"size_228 withBorder\"><a href=\"https:\/\/www.fnverlag.de\/fn-erfolgsdaten\/elisa-hoffmann-reiter-fahrer\/person\/6ghh_DASH_lgSEp8_GLE_\">Hoffmann, Elisa<\/a><\/td>\n<td class=\"size_116 withBorder\">Junior<\/td>\n<td class=\"size_292 withBorder\">PSV Baden-W\u00fcrtt.<br \/>\nSchwarzwald-Baar (754)<br \/>\nRZ Frese Immenh\u00f6fe e.V.<\/td>\n<td class=\"size_90 withBorder\">Amateur<\/td>\n<td class=\"size_90 withBorder\">5<\/td>\n<td class=\"size_84 withBorderTop textAlign_right\">185<\/td>\n<\/tr>\n<tr class=\"even\">\n<td class=\"size_54 withBorder textAlign_right\">94<\/td>\n<td class=\"size_228 withBorder\"><a href=\"https:\/\/www.fnverlag.de\/fn-erfolgsdaten\/frieda-grueber-reiter-fahrer\/person\/BKBMZK2QWZE_GLE_\">Gr\u00fcber, Frieda<\/a><\/td>\n<td class=\"size_116 withBorder\">Junior<\/td>\n<td class=\"size_292 withBorder\">PSV Baden-W\u00fcrtt.<br \/>\nKraichg.-Neckar-Odenw. (434)<br \/>\nRFV Robern<\/td>\n<td class=\"size_90 withBorder\">Amateur<\/td>\n<td class=\"size_90 withBorder\">5<\/td>\n<td class=\"size_84 withBorderTop textAlign_right\">181<\/td>\n<\/tr>\n<tr class=\"odd\">\n<td class=\"size_54 withBorder textAlign_right\">94<\/td>\n<td class=\"size_228 withBorder\"><a href=\"https:\/\/www.fnverlag.de\/fn-erfolgsdaten\/malena-mild-reiter-fahrer\/person\/c512_DASH_1GaljU_GLE_\">Mild, Malena<\/a><\/td>\n<td class=\"size_116 withBorder\">Junior<\/td>\n<td class=\"size_292 withBorder\">PSV Baden-W\u00fcrtt.<br \/>\nOrtenau (745)<br \/>\nRC Altenheim<\/td>\n<td class=\"size_90 withBorder\">Amateur<\/td>\n<td class=\"size_90 withBorder\">5<\/td>\n<td class=\"size_84 withBorderTop textAlign_right\">181<\/td>\n<\/tr>\n<tr class=\"even\">\n<td class=\"size_54 withBorder textAlign_right\">96<\/td>\n<td class=\"size_228 withBorder\"><a href=\"https:\/\/www.fnverlag.de\/fn-erfolgsdaten\/mary-ann-hollenbach-reiter-fahrer\/person\/A33yjeOpucY_GLE_\">Hollenbach, Mary-Ann<\/a><\/td>\n<td class=\"size_116 withBorder\">Junior<\/td>\n<td class=\"size_292 withBorder\">PSV Baden-W\u00fcrtt.<br \/>\nSchw\u00e4bisch-Hall (019)<br \/>\nRFV Rot am See<\/td>\n<td class=\"size_90 withBorder\">Amateur<\/td>\n<td class=\"size_90 withBorder\">5<\/td>\n<td class=\"size_84 withBorderTop textAlign_right\">180<\/td>\n<\/tr>\n<tr class=\"odd\">\n<td class=\"size_54 withBorder textAlign_right\">97<\/td>\n<td class=\"size_228 withBorder\"><a href=\"https:\/\/www.fnverlag.de\/fn-erfolgsdaten\/johanna-frank-reiter-fahrer\/person\/7un8hqV18f0_GLE_\">Frank, Johanna<\/a><\/td>\n<td class=\"size_116 withBorder\">Junior<\/td>\n<td class=\"size_292 withBorder\">PSV Baden-W\u00fcrtt.<br \/>\nOstalb (004)<br \/>\nPferdefreunde Hertighofen e. V.<\/td>\n<td class=\"size_90 withBorder\">Amateur<\/td>\n<td class=\"size_90 withBorder\">4<\/td>\n<td class=\"size_84 withBorderTop textAlign_right\">175<\/td>\n<\/tr>\n<tr class=\"even\">\n<td class=\"size_54 withBorder textAlign_right\">97<\/td>\n<td class=\"size_228 withBorder\"><a href=\"https:\/\/www.fnverlag.de\/fn-erfolgsdaten\/henry-baetz-reiter-fahrer\/person\/7FOAZmARXPo_GLE_\">B\u00e4tz, Henry<\/a><\/td>\n<td class=\"size_116 withBorder\">Junior<\/td>\n<td class=\"size_292 withBorder\">PSV Baden-W\u00fcrtt.<br \/>\nMittelbaden (750)<br \/>\nTSG Durmersheim Hardt e.V.<\/td>\n<td class=\"size_90 withBorder\">Amateur<\/td>\n<td class=\"size_90 withBorder\">5<\/td>\n<td class=\"size_84 withBorderTop textAlign_right\">175<\/td>\n<\/tr>\n<tr class=\"odd\">\n<td class=\"size_54 withBorder textAlign_right\">99<\/td>\n<td class=\"size_228 withBorder\"><a href=\"https:\/\/www.fnverlag.de\/fn-erfolgsdaten\/janina-wahl-reiter-fahrer\/person\/ph0QeBSowjM_GLE_\">Wahl, Janina<\/a><\/td>\n<td class=\"size_116 withBorder\">Junior<\/td>\n<td class=\"size_292 withBorder\">PSV Baden-W\u00fcrtt.<br \/>\nOberschwaben (068)<br \/>\nRFV Oberschwaben<\/td>\n<td class=\"size_90 withBorder\">Amateur<\/td>\n<td class=\"size_90 withBorder\">5<\/td>\n<td class=\"size_84 withBorderTop textAlign_right\">173<\/td>\n<\/tr>\n<tr class=\"even\">\n<td class=\"size_54 withBorder textAlign_right\">99<\/td>\n<td class=\"size_228 withBorder\"><a href=\"https:\/\/www.fnverlag.de\/fn-erfolgsdaten\/sofia-linet-karaduman-reiter-fahrer\/person\/aZMSp1F6Uo8_GLE_\">Karaduman, Sofia-Linet<\/a><\/td>\n<td class=\"size_116 withBorder\">Junior<\/td>\n<td class=\"size_292 withBorder\">PSV Baden-W\u00fcrtt.<br \/>\nBodensee (744)<br \/>\nRC Schoren-Engen e.V.<\/td>\n<td class=\"size_90 withBorder\">Amateur<\/td>\n<td class=\"size_90 withBorder\">4<\/td>\n<td class=\"size_84 withBorderTop textAlign_right\">173<\/td>\n<\/tr>\n<\/tbody>\n<\/table>\n<\/div>\n<div><\/div>\n<div>Quelle: FN-Erfolgsdaten 2023<\/div>\n<div><\/div>\n<h3>Rangliste 2023 (Reiter)<\/h3>\n<div class=\"blockElementInline clearfix width_100Percent paddingTop_5px toolbartableReiter\">\n<div class=\"blockElementInline clearfix width_100Percent paddingTop_5px toolbartableReiter\">\n<table id=\"tableReiter\" class=\"mojaBox border_1px dataTable\" aria-describedby=\"tableReiter_info\">\n<thead>\n<tr role=\"row\">\n<th class=\"size_54 titleBarCols textAlign_left grey withBorder textAlign_right ui-state-default\" tabindex=\"0\" title=\"Platz\" role=\"columnheader\" colspan=\"1\" rowspan=\"1\" aria-controls=\"tableReiter\" aria-label=\"Platz: activate to sort column ascending\">\n<div class=\"DataTables_sort_wrapper\">\n<div class=\"sortDownUnselected sortHeight_1row\">Platz<\/div>\n<\/div>\n<\/th>\n<th class=\"size_228 titleBarCols textAlign_left grey withBorder ui-state-default\" tabindex=\"0\" title=\"Name, Vorname\" role=\"columnheader\" colspan=\"1\" rowspan=\"1\" aria-controls=\"tableReiter\" aria-label=\"Name, Vorname: activate to sort column ascending\">\n<div class=\"DataTables_sort_wrapper\">\n<div class=\"sortDownUnselected sortHeight_1row\">Name, Vorname<\/div>\n<\/div>\n<\/th>\n<th class=\"size_116 titleBarCols textAlign_left grey withBorder ui-state-default\" tabindex=\"0\" title=\"Altersgruppe\" role=\"columnheader\" colspan=\"1\" rowspan=\"1\" aria-controls=\"tableReiter\" aria-label=\"Altersgruppe: activate to sort column ascending\">\n<div class=\"DataTables_sort_wrapper\">\n<div class=\"sortDownUnselected sortHeight_1row\">Altersgruppe<\/div>\n<\/div>\n<\/th>\n<th class=\"size_292 titleBarCols textAlign_left grey withBorder ui-state-default\" tabindex=\"0\" title=\"Verband, Kreis und Verein\" role=\"columnheader\" colspan=\"1\" rowspan=\"1\" aria-controls=\"tableReiter\" aria-label=\"Verband, Kreis und Verein: activate to sort column ascending\">\n<div class=\"DataTables_sort_wrapper\">\n<div class=\"sortDownUnselected sortHeight_1row\">Verband, Kreis und Verein<\/div>\n<\/div>\n<\/th>\n<th class=\"size_90 titleBarCols textAlign_left grey withBorder ui-state-default\" tabindex=\"0\" title=\"Option\" role=\"columnheader\" colspan=\"1\" rowspan=\"1\" aria-controls=\"tableReiter\" aria-label=\"Option: activate to sort column ascending\">\n<div class=\"DataTables_sort_wrapper\">\n<div class=\"sortDownUnselected sortHeight_1row\">Option<\/div>\n<\/div>\n<\/th>\n<th class=\"size_90 titleBarCols textAlign_left grey withBorder ui-state-default\" tabindex=\"0\" title=\"Leistungsklasse\" role=\"columnheader\" colspan=\"1\" rowspan=\"1\" aria-controls=\"tableReiter\" aria-label=\"LK: activate to sort column ascending\">\n<div class=\"DataTables_sort_wrapper\">\n<div class=\"sortDownUnselected sortHeight_1row\">LK<\/div>\n<\/div>\n<\/th>\n<th class=\"size_84 titleBarCols textAlign_left grey noBorder withBorderTop textAlign_right ui-state-default\" tabindex=\"0\" title=\"Ranglistenpunkte f\u00fcr\" role=\"columnheader\" colspan=\"1\" rowspan=\"1\" aria-controls=\"tableReiter\" aria-label=\"RLP: activate to sort column ascending\">\n<div class=\"DataTables_sort_wrapper\">\n<div class=\"sortDownUnselected sortHeight_1row\">RLP<\/div>\n<\/div>\n<\/th>\n<\/tr>\n<\/thead>\n<tbody role=\"alert\" aria-live=\"polite\" aria-relevant=\"all\">\n<tr class=\"odd\">\n<td class=\"size_54 withBorder textAlign_right\">1<\/td>\n<td class=\"size_228 withBorder\"><a href=\"https:\/\/www.fnverlag.de\/fn-erfolgsdaten\/richard-vogel-reiter-fahrer--ausbilder\/person\/9FtwQoqXWD4_GLE_\">Vogel, Richard<\/a><\/td>\n<td class=\"size_116 withBorder\">Reiter<\/td>\n<td class=\"size_292 withBorder\">PSV Baden-W\u00fcrtt.<br \/>\nBadische Pfalz (124)<br \/>\nRV Mannheim<\/td>\n<td class=\"size_90 withBorder\">Nicht Amateur<\/td>\n<td class=\"size_90 withBorder\">1<\/td>\n<td class=\"size_84 withBorderTop textAlign_right\">171511<\/td>\n<\/tr>\n<tr class=\"even\">\n<td class=\"size_54 withBorder textAlign_right\">2<\/td>\n<td class=\"size_228 withBorder\"><a href=\"https:\/\/www.fnverlag.de\/fn-erfolgsdaten\/hans-dieter-dreher-reiter-fahrer\/person\/bqoyLrDBA_DASH_s_GLE_\">Dreher, Hans-Dieter<\/a><\/td>\n<td class=\"size_116 withBorder\">Reiter<\/td>\n<td class=\"size_292 withBorder\">PSV Baden-W\u00fcrtt.<br \/>\nOberrhein (746)<br \/>\nRV Dreil\u00e4ndereck<\/td>\n<td class=\"size_90 withBorder\">Nicht Amateur<\/td>\n<td class=\"size_90 withBorder\">1<\/td>\n<td class=\"size_84 withBorderTop textAlign_right\">155356<\/td>\n<\/tr>\n<tr class=\"odd\">\n<td class=\"size_54 withBorder textAlign_right\">3<\/td>\n<td class=\"size_228 withBorder\"><a href=\"https:\/\/www.fnverlag.de\/fn-erfolgsdaten\/michael-jung-reiter-fahrer--zuechter--ausbilder\/person\/aWhwq42KZWM_GLE_\">Jung, Michael<\/a><\/td>\n<td class=\"size_116 withBorder\">Reiter<\/td>\n<td class=\"size_292 withBorder\">PSV Baden-W\u00fcrtt.<br \/>\nNordschwarzwald (059)<br \/>\nRSG Altheim<\/td>\n<td class=\"size_90 withBorder\">Nicht Amateur<\/td>\n<td class=\"size_90 withBorder\">1<\/td>\n<td class=\"size_84 withBorderTop textAlign_right\">55769<\/td>\n<\/tr>\n<tr class=\"even\">\n<td class=\"size_54 withBorder textAlign_right\">4<\/td>\n<td class=\"size_228 withBorder\"><a href=\"https:\/\/www.fnverlag.de\/fn-erfolgsdaten\/guenter-treiber-reiter-fahrer--zuechter--ausbilder\/person\/i_PLUS_7PXTKqXF4_GLE_\">Treiber, G\u00fcnter<\/a><\/td>\n<td class=\"size_116 withBorder\">Reiter<\/td>\n<td class=\"size_292 withBorder\">PSV Baden-W\u00fcrtt.<br \/>\nBadische Pfalz (124)<br \/>\nRV Eppelheim<\/td>\n<td class=\"size_90 withBorder\">Nicht Amateur<\/td>\n<td class=\"size_90 withBorder\">1<\/td>\n<td class=\"size_84 withBorderTop textAlign_right\">41673<\/td>\n<\/tr>\n<tr class=\"odd\">\n<td class=\"size_54 withBorder textAlign_right\">5<\/td>\n<td class=\"size_228 withBorder\"><a href=\"https:\/\/www.fnverlag.de\/fn-erfolgsdaten\/pia-reich-reiter-fahrer\/person\/kJ8W7xZOVsc_GLE_\">Reich, Pia<\/a><\/td>\n<td class=\"size_116 withBorder\">Reiter<\/td>\n<td class=\"size_292 withBorder\">PSV Baden-W\u00fcrtt.<br \/>\nOberrhein (746)<br \/>\nRV Dreil\u00e4ndereck<\/td>\n<td class=\"size_90 withBorder\">Nicht Amateur<\/td>\n<td class=\"size_90 withBorder\">1<\/td>\n<td class=\"size_84 withBorderTop textAlign_right\">39822<\/td>\n<\/tr>\n<tr class=\"even\">\n<td class=\"size_54 withBorder textAlign_right\">6<\/td>\n<td class=\"size_228 withBorder\"><a href=\"https:\/\/www.fnverlag.de\/fn-erfolgsdaten\/elisabeth-meyer-reiter-fahrer--ausbilder\/person\/pgQ3dmFccrc_GLE_\">Meyer, Elisabeth<\/a><\/td>\n<td class=\"size_116 withBorder\">Reiter<\/td>\n<td class=\"size_292 withBorder\">PSV Baden-W\u00fcrtt.<br \/>\nDonau-Neckar (066)<br \/>\nRV H\u00fcttental e.V.<\/td>\n<td class=\"size_90 withBorder\">Nicht Amateur<\/td>\n<td class=\"size_90 withBorder\">2<\/td>\n<td class=\"size_84 withBorderTop textAlign_right\">36047<\/td>\n<\/tr>\n<tr class=\"odd\">\n<td class=\"size_54 withBorder textAlign_right\">7<\/td>\n<td class=\"size_228 withBorder\"><a href=\"https:\/\/www.fnverlag.de\/fn-erfolgsdaten\/marcel-marschall-reiter-fahrer\/person\/OkGz2QpAcao_GLE_\">Marschall, Marcel<\/a><\/td>\n<td class=\"size_116 withBorder\">Reiter<\/td>\n<td class=\"size_292 withBorder\">PSV Baden-W\u00fcrtt.<br \/>\nBiberach (058)<br \/>\nRV Altheim<\/td>\n<td class=\"size_90 withBorder\">Nicht Amateur<\/td>\n<td class=\"size_90 withBorder\">1<\/td>\n<td class=\"size_84 withBorderTop textAlign_right\">33020<\/td>\n<\/tr>\n<tr class=\"even\">\n<td class=\"size_54 withBorder textAlign_right\">8<\/td>\n<td class=\"size_228 withBorder\"><a href=\"https:\/\/www.fnverlag.de\/fn-erfolgsdaten\/sascha-braun-reiter-fahrer--zuechter\/person\/nLHLMwiSX5k_GLE_\">Braun, Sascha<\/a><\/td>\n<td class=\"size_116 withBorder\">Reiter<\/td>\n<td class=\"size_292 withBorder\">PSV Baden-W\u00fcrtt.<br \/>\nOrtenau (745)<br \/>\nRC Achern<\/td>\n<td class=\"size_90 withBorder\">Nicht Amateur<\/td>\n<td class=\"size_90 withBorder\">1<\/td>\n<td class=\"size_84 withBorderTop textAlign_right\">29112<\/td>\n<\/tr>\n<tr class=\"odd\">\n<td class=\"size_54 withBorder textAlign_right\">9<\/td>\n<td class=\"size_228 withBorder\"><a href=\"https:\/\/www.fnverlag.de\/fn-erfolgsdaten\/markus-koelz-reiter-fahrer--zuechter\/person\/vsZRsJCNUug_GLE_\">K\u00f6lz, Markus<\/a><\/td>\n<td class=\"size_116 withBorder\">Reiter<\/td>\n<td class=\"size_292 withBorder\">PSV Baden-W\u00fcrtt.<br \/>\nRems-Murr (022)<br \/>\nPSV Burkhardshof<\/td>\n<td class=\"size_90 withBorder\">Nicht Amateur<\/td>\n<td class=\"size_90 withBorder\">2<\/td>\n<td class=\"size_84 withBorderTop textAlign_right\">28017<\/td>\n<\/tr>\n<tr class=\"even\">\n<td class=\"size_54 withBorder textAlign_right\">10<\/td>\n<td class=\"size_228 withBorder\"><a href=\"https:\/\/www.fnverlag.de\/fn-erfolgsdaten\/armin-jun.-schaefer-reiter-fahrer--zuechter\/person\/6eRZsSifcb4_GLE_\">Sch\u00e4fer, Armin Jun.<\/a><\/td>\n<td class=\"size_116 withBorder\">Reiter<\/td>\n<td class=\"size_292 withBorder\">PSV Baden-W\u00fcrtt.<br \/>\nBadische Pfalz (124)<br \/>\nRV Mannheim<\/td>\n<td class=\"size_90 withBorder\">Nicht Amateur<\/td>\n<td class=\"size_90 withBorder\">1<\/td>\n<td class=\"size_84 withBorderTop textAlign_right\">27094<\/td>\n<\/tr>\n<tr class=\"odd\">\n<td class=\"size_54 withBorder textAlign_right\">11<\/td>\n<td class=\"size_228 withBorder\"><a href=\"https:\/\/www.fnverlag.de\/fn-erfolgsdaten\/michael-herhalt-reiter-fahrer\/person\/QQqJY_DASH_0BQck_GLE_\">Herhalt, Michael<\/a><\/td>\n<td class=\"size_116 withBorder\">Reiter<\/td>\n<td class=\"size_292 withBorder\">PSV Baden-W\u00fcrtt.<br \/>\nSchwarzwald-Baar (754)<br \/>\nRZ Frese Immenh\u00f6fe e.V.<\/td>\n<td class=\"size_90 withBorder\">Nicht Amateur<\/td>\n<td class=\"size_90 withBorder\">2<\/td>\n<td class=\"size_84 withBorderTop textAlign_right\">26136<\/td>\n<\/tr>\n<tr class=\"even\">\n<td class=\"size_54 withBorder textAlign_right\">12<\/td>\n<td class=\"size_228 withBorder\"><a href=\"https:\/\/www.fnverlag.de\/fn-erfolgsdaten\/tim-hoster-reiter-fahrer\/person\/WSjoVpeC6DA_GLE_\">Hoster, Tim<\/a><\/td>\n<td class=\"size_116 withBorder\">Reiter<\/td>\n<td class=\"size_292 withBorder\">PSV Baden-W\u00fcrtt.<br \/>\nOberschwaben (068)<br \/>\nRFV Pfullendorf e.V.<\/td>\n<td class=\"size_90 withBorder\">Nicht Amateur<\/td>\n<td class=\"size_90 withBorder\">2<\/td>\n<td class=\"size_84 withBorderTop textAlign_right\">25625<\/td>\n<\/tr>\n<tr class=\"odd\">\n<td class=\"size_54 withBorder textAlign_right\">13<\/td>\n<td class=\"size_228 withBorder\"><a href=\"https:\/\/www.fnverlag.de\/fn-erfolgsdaten\/adrian-schmid-reiter-fahrer\/person\/c7HuFP1UhQI_GLE_\">Schmid, Adrian<\/a><\/td>\n<td class=\"size_116 withBorder\">Reiter<\/td>\n<td class=\"size_292 withBorder\">PSV Baden-W\u00fcrtt.<br \/>\nBodensee (744)<br \/>\nRSZ Boll<\/td>\n<td class=\"size_90 withBorder\">Nicht Amateur<\/td>\n<td class=\"size_90 withBorder\">2<\/td>\n<td class=\"size_84 withBorderTop textAlign_right\">24009<\/td>\n<\/tr>\n<tr class=\"even\">\n<td class=\"size_54 withBorder textAlign_right\">14<\/td>\n<td class=\"size_228 withBorder\"><a href=\"https:\/\/www.fnverlag.de\/fn-erfolgsdaten\/mario-walter-reiter-fahrer--zuechter\/person\/pJByD1dUaDE_GLE_\">Walter, Mario<\/a><\/td>\n<td class=\"size_116 withBorder\">Reiter<\/td>\n<td class=\"size_292 withBorder\">PSV Baden-W\u00fcrtt.<br \/>\nOstalb (004)<br \/>\nRSG Ostalb<\/td>\n<td class=\"size_90 withBorder\">Nicht Amateur<\/td>\n<td class=\"size_90 withBorder\">2<\/td>\n<td class=\"size_84 withBorderTop textAlign_right\">23282<\/td>\n<\/tr>\n<tr class=\"odd\">\n<td class=\"size_54 withBorder textAlign_right\">15<\/td>\n<td class=\"size_228 withBorder\"><a href=\"https:\/\/www.fnverlag.de\/fn-erfolgsdaten\/hannah-schleef-reiter-fahrer\/person\/iF7JnCuh8xQ_GLE_\">Schleef, Hannah<\/a><\/td>\n<td class=\"size_116 withBorder\">Reiter<\/td>\n<td class=\"size_292 withBorder\">PSV Baden-W\u00fcrtt.<br \/>\nBadische Pfalz (124)<br \/>\nRV Mannheim<\/td>\n<td class=\"size_90 withBorder\">Nicht Amateur<\/td>\n<td class=\"size_90 withBorder\">2<\/td>\n<td class=\"size_84 withBorderTop textAlign_right\">21655<\/td>\n<\/tr>\n<tr class=\"even\">\n<td class=\"size_54 withBorder textAlign_right\">16<\/td>\n<td class=\"size_228 withBorder\"><a href=\"https:\/\/www.fnverlag.de\/fn-erfolgsdaten\/soenke-aldinger-reiter-fahrer--ausbilder\/person\/j7EcsgBUHMY_GLE_\">Aldinger, S\u00f6nke<\/a><\/td>\n<td class=\"size_116 withBorder\">Reiter<\/td>\n<td class=\"size_292 withBorder\">PSV Baden-W\u00fcrtt.<br \/>\nNordschwarzwald (059)<br \/>\nRSC Salzstetten<\/td>\n<td class=\"size_90 withBorder\">Nicht Amateur<\/td>\n<td class=\"size_90 withBorder\">1<\/td>\n<td class=\"size_84 withBorderTop textAlign_right\">20812<\/td>\n<\/tr>\n<tr class=\"odd\">\n<td class=\"size_54 withBorder textAlign_right\">17<\/td>\n<td class=\"size_228 withBorder\"><a href=\"https:\/\/www.fnverlag.de\/fn-erfolgsdaten\/alexander-schill-reiter-fahrer--turnierfachkraft--ausbilder\/person\/Mcr80PT_DASH_uFg_GLE_\">Schill, Alexander<\/a><\/td>\n<td class=\"size_116 withBorder\">Reiter<\/td>\n<td class=\"size_292 withBorder\">PSV Baden-W\u00fcrtt.<br \/>\nOrtenau (745)<br \/>\nRV Ichenheim<\/td>\n<td class=\"size_90 withBorder\">Nicht Amateur<\/td>\n<td class=\"size_90 withBorder\">1<\/td>\n<td class=\"size_84 withBorderTop textAlign_right\">19764<\/td>\n<\/tr>\n<tr class=\"even\">\n<td class=\"size_54 withBorder textAlign_right\">18<\/td>\n<td class=\"size_228 withBorder\"><a href=\"https:\/\/www.fnverlag.de\/fn-erfolgsdaten\/pia-luise-baur-reiter-fahrer--ausbilder\/person\/2mfDco1lyps_GLE_\">Baur, Pia-Luise<\/a><\/td>\n<td class=\"size_116 withBorder\">Reiter<\/td>\n<td class=\"size_292 withBorder\">PSV Baden-W\u00fcrtt.<br \/>\nMittelbaden (750)<br \/>\nTSG Durmersheim Hardt e.V.<\/td>\n<td class=\"size_90 withBorder\">Nicht Amateur<\/td>\n<td class=\"size_90 withBorder\">2<\/td>\n<td class=\"size_84 withBorderTop textAlign_right\">19168<\/td>\n<\/tr>\n<tr class=\"odd\">\n<td class=\"size_54 withBorder textAlign_right\">19<\/td>\n<td class=\"size_228 withBorder\"><a href=\"https:\/\/www.fnverlag.de\/fn-erfolgsdaten\/sven-sieger-reiter-fahrer--zuechter\/person\/roQzBz1n5n8_GLE_\">Sieger, Sven<\/a><\/td>\n<td class=\"size_116 withBorder\">Reiter<\/td>\n<td class=\"size_292 withBorder\">PSV Baden-W\u00fcrtt.<br \/>\nOberschwaben (068)<br \/>\nRFV Bad Wurzach<\/td>\n<td class=\"size_90 withBorder\">Nicht Amateur<\/td>\n<td class=\"size_90 withBorder\">2<\/td>\n<td class=\"size_84 withBorderTop textAlign_right\">18381<\/td>\n<\/tr>\n<tr class=\"even\">\n<td class=\"size_54 withBorder textAlign_right\">20<\/td>\n<td class=\"size_228 withBorder\"><a href=\"https:\/\/www.fnverlag.de\/fn-erfolgsdaten\/leonie-krieg-reiter-fahrer\/person\/TVWOnbpLNR4_GLE_\">Krieg, Leonie<\/a><\/td>\n<td class=\"size_116 withBorder\">Reiter<\/td>\n<td class=\"size_292 withBorder\">PSV Baden-W\u00fcrtt.<br \/>\nSchwarzwald-Baar (754)<br \/>\nRFV Donaueschingen<\/td>\n<td class=\"size_90 withBorder\">Nicht Amateur<\/td>\n<td class=\"size_90 withBorder\">2<\/td>\n<td class=\"size_84 withBorderTop textAlign_right\">18124<\/td>\n<\/tr>\n<tr class=\"odd\">\n<td class=\"size_54 withBorder textAlign_right\">21<\/td>\n<td class=\"size_228 withBorder\"><a href=\"https:\/\/www.fnverlag.de\/fn-erfolgsdaten\/marian-mueller-reiter-fahrer--turnierfachkraft--ausbilder\/person\/7aE0s8KamtI_GLE_\">M\u00fcller, Marian<\/a><\/td>\n<td class=\"size_116 withBorder\">Reiter<\/td>\n<td class=\"size_292 withBorder\">PSV Baden-W\u00fcrtt.<br \/>\nOstalb (004)<br \/>\nRVF Schw\u00e4bisch Gm\u00fcnd<\/td>\n<td class=\"size_90 withBorder\">Nicht Amateur<\/td>\n<td class=\"size_90 withBorder\">2<\/td>\n<td class=\"size_84 withBorderTop textAlign_right\">17202<\/td>\n<\/tr>\n<tr class=\"even\">\n<td class=\"size_54 withBorder textAlign_right\">22<\/td>\n<td class=\"size_228 withBorder\"><a href=\"https:\/\/www.fnverlag.de\/fn-erfolgsdaten\/alina-hertwig-reiter-fahrer\/person\/1hEKDvNphSs_GLE_\">Hertwig, Alina<\/a><\/td>\n<td class=\"size_116 withBorder\">Reiter<\/td>\n<td class=\"size_292 withBorder\">PSV Baden-W\u00fcrtt.<br \/>\nOberschwaben (068)<br \/>\nRV Meckenbeuren-Madenreute e.V<\/td>\n<td class=\"size_90 withBorder\">Nicht Amateur<\/td>\n<td class=\"size_90 withBorder\">2<\/td>\n<td class=\"size_84 withBorderTop textAlign_right\">16879<\/td>\n<\/tr>\n<tr class=\"odd\">\n<td class=\"size_54 withBorder textAlign_right\">23<\/td>\n<td class=\"size_228 withBorder\"><a href=\"https:\/\/www.fnverlag.de\/fn-erfolgsdaten\/jan-mueller-reiter-fahrer\/person\/XPrjumIyBx8_GLE_\">M\u00fcller, Jan<\/a><\/td>\n<td class=\"size_116 withBorder\">Reiter<\/td>\n<td class=\"size_292 withBorder\">PSV Baden-W\u00fcrtt.<br \/>\nFranken (011)<br \/>\nRV Ilsfeld<\/td>\n<td class=\"size_90 withBorder\">Nicht Amateur<\/td>\n<td class=\"size_90 withBorder\">2<\/td>\n<td class=\"size_84 withBorderTop textAlign_right\">16436<\/td>\n<\/tr>\n<tr class=\"even\">\n<td class=\"size_54 withBorder textAlign_right\">24<\/td>\n<td class=\"size_228 withBorder\"><a href=\"https:\/\/www.fnverlag.de\/fn-erfolgsdaten\/thomas-holz-reiter-fahrer--zuechter\/person\/P4XLhZmPJtw_GLE_\">Holz, Thomas<\/a><\/td>\n<td class=\"size_116 withBorder\">Reiter<\/td>\n<td class=\"size_292 withBorder\">PSV Baden-W\u00fcrtt.<br \/>\nSchwarzwald-Baar (754)<br \/>\nRSG Gnadental<\/td>\n<td class=\"size_90 withBorder\">Nicht Amateur<\/td>\n<td class=\"size_90 withBorder\">2<\/td>\n<td class=\"size_84 withBorderTop textAlign_right\">16370<\/td>\n<\/tr>\n<tr class=\"odd\">\n<td class=\"size_54 withBorder textAlign_right\">25<\/td>\n<td class=\"size_228 withBorder\"><a href=\"https:\/\/www.fnverlag.de\/fn-erfolgsdaten\/jochen-teufel-reiter-fahrer--zuechter--ausbilder\/person\/qgF_PLUS_bCGSjsE_GLE_\">Teufel, Jochen<\/a><\/td>\n<td class=\"size_116 withBorder\">Reiter<\/td>\n<td class=\"size_292 withBorder\">PSV Baden-W\u00fcrtt.<br \/>\nOrtenau (745)<br \/>\nRC Altenheim<\/td>\n<td class=\"size_90 withBorder\">Nicht Amateur<\/td>\n<td class=\"size_90 withBorder\">2<\/td>\n<td class=\"size_84 withBorderTop textAlign_right\">15987<\/td>\n<\/tr>\n<tr class=\"even\">\n<td class=\"size_54 withBorder textAlign_right\">26<\/td>\n<td class=\"size_228 withBorder\"><a href=\"https:\/\/www.fnverlag.de\/fn-erfolgsdaten\/remo-allgaeuer-reiter-fahrer\/person\/4mg4UiIRK74_GLE_\">Allg\u00e4uer, Remo<\/a><\/td>\n<td class=\"size_116 withBorder\">Reiter<\/td>\n<td class=\"size_292 withBorder\">PSV Baden-W\u00fcrtt.<br \/>\nOberschwaben (068)<br \/>\nRV Reute<\/td>\n<td class=\"size_90 withBorder\">Nicht Amateur<\/td>\n<td class=\"size_90 withBorder\">2<\/td>\n<td class=\"size_84 withBorderTop textAlign_right\">14764<\/td>\n<\/tr>\n<tr class=\"odd\">\n<td class=\"size_54 withBorder textAlign_right\">27<\/td>\n<td class=\"size_228 withBorder\"><a href=\"https:\/\/www.fnverlag.de\/fn-erfolgsdaten\/lucas-wenz-reiter-fahrer\/person\/FEZt7TfCfF0_GLE_\">Wenz, Lucas<\/a><\/td>\n<td class=\"size_116 withBorder\">Reiter<\/td>\n<td class=\"size_292 withBorder\">PSV Baden-W\u00fcrtt.<br \/>\nLudwigsburg (014)<br \/>\nRV Sersheim<\/td>\n<td class=\"size_90 withBorder\">Nicht Amateur<\/td>\n<td class=\"size_90 withBorder\">2<\/td>\n<td class=\"size_84 withBorderTop textAlign_right\">14255<\/td>\n<\/tr>\n<tr class=\"even\">\n<td class=\"size_54 withBorder textAlign_right\">28<\/td>\n<td class=\"size_228 withBorder\"><a href=\"https:\/\/www.fnverlag.de\/fn-erfolgsdaten\/kai-ruggaber-reiter-fahrer--ausbilder\/person\/656aNUk5dzU_GLE_\">Ruggaber, Kai<\/a><\/td>\n<td class=\"size_116 withBorder\">Reiter<\/td>\n<td class=\"size_292 withBorder\">PSV Baden-W\u00fcrtt.<br \/>\nOberrhein (746)<br \/>\nRC Hofgut Albf\u00fchren<\/td>\n<td class=\"size_90 withBorder\">Nicht Amateur<\/td>\n<td class=\"size_90 withBorder\">2<\/td>\n<td class=\"size_84 withBorderTop textAlign_right\">13901<\/td>\n<\/tr>\n<tr class=\"odd\">\n<td class=\"size_54 withBorder textAlign_right\">29<\/td>\n<td class=\"size_228 withBorder\"><a href=\"https:\/\/www.fnverlag.de\/fn-erfolgsdaten\/niklas-krieg-reiter-fahrer\/person\/P_DASH_OhMZhMN60_GLE_\">Krieg, Niklas<\/a><\/td>\n<td class=\"size_116 withBorder\">Reiter<\/td>\n<td class=\"size_292 withBorder\">PSV Baden-W\u00fcrtt.<br \/>\nSchwarzwald-Baar (754)<br \/>\nRFV Donaueschingen<\/td>\n<td class=\"size_90 withBorder\">Nicht Amateur<\/td>\n<td class=\"size_90 withBorder\">2<\/td>\n<td class=\"size_84 withBorderTop textAlign_right\">13356<\/td>\n<\/tr>\n<tr class=\"even\">\n<td class=\"size_54 withBorder textAlign_right\">30<\/td>\n<td class=\"size_228 withBorder\"><a href=\"https:\/\/www.fnverlag.de\/fn-erfolgsdaten\/mohamad-mogheeth-al-shehab-reiter-fahrer\/person\/PfICpeU38yI_GLE_\">Al Shehab, Mohamad Mogheeth<\/a><\/td>\n<td class=\"size_116 withBorder\">Reiter<\/td>\n<td class=\"size_292 withBorder\">PSV Baden-W\u00fcrtt.<br \/>\nB\u00f6blingen (006)<br \/>\nRFV Herrenberg<\/td>\n<td class=\"size_90 withBorder\">Nicht Amateur<\/td>\n<td class=\"size_90 withBorder\">2<\/td>\n<td class=\"size_84 withBorderTop textAlign_right\">13299<\/td>\n<\/tr>\n<tr class=\"odd\">\n<td class=\"size_54 withBorder textAlign_right\">31<\/td>\n<td class=\"size_228 withBorder\"><a href=\"https:\/\/www.fnverlag.de\/fn-erfolgsdaten\/andy-witzemann-reiter-fahrer--zuechter\/person\/qqO02wSqYH0_GLE_\">Witzemann, Andy<\/a><\/td>\n<td class=\"size_116 withBorder\">Reiter<\/td>\n<td class=\"size_292 withBorder\">PSV Baden-W\u00fcrtt.<br \/>\nZollern-Alb (057)<br \/>\nPS-Team Winterlingen e.V.<\/td>\n<td class=\"size_90 withBorder\">Nicht Amateur<\/td>\n<td class=\"size_90 withBorder\">2<\/td>\n<td class=\"size_84 withBorderTop textAlign_right\">12829<\/td>\n<\/tr>\n<tr class=\"even\">\n<td class=\"size_54 withBorder textAlign_right\">32<\/td>\n<td class=\"size_228 withBorder\"><a href=\"https:\/\/www.fnverlag.de\/fn-erfolgsdaten\/uwe-carstensen-reiter-fahrer--zuechter--turnierfachkraft--ausbilder\/person\/aA9Jk4qJlNI_GLE_\">Carstensen, Uwe<\/a><\/td>\n<td class=\"size_116 withBorder\">Reiter<\/td>\n<td class=\"size_292 withBorder\">PSV Baden-W\u00fcrtt.<br \/>\nAlb-Donau (003)<br \/>\nRC Riedheim<\/td>\n<td class=\"size_90 withBorder\">Nicht Amateur<\/td>\n<td class=\"size_90 withBorder\">2<\/td>\n<td class=\"size_84 withBorderTop textAlign_right\">11902<\/td>\n<\/tr>\n<tr class=\"odd\">\n<td class=\"size_54 withBorder textAlign_right\">33<\/td>\n<td class=\"size_228 withBorder\"><a href=\"https:\/\/www.fnverlag.de\/fn-erfolgsdaten\/timo-beck-reiter-fahrer--ausbilder\/person\/52IS2VdTDB4_GLE_\">Beck, Timo<\/a><\/td>\n<td class=\"size_116 withBorder\">Reiter<\/td>\n<td class=\"size_292 withBorder\">PSV Baden-W\u00fcrtt.<br \/>\nH\u00fcgelland (326)<br \/>\nPforzheimer Reiterverein e.V.<\/td>\n<td class=\"size_90 withBorder\">Nicht Amateur<\/td>\n<td class=\"size_90 withBorder\">1<\/td>\n<td class=\"size_84 withBorderTop textAlign_right\">11787<\/td>\n<\/tr>\n<tr class=\"even\">\n<td class=\"size_54 withBorder textAlign_right\">34<\/td>\n<td class=\"size_228 withBorder\"><a href=\"https:\/\/www.fnverlag.de\/fn-erfolgsdaten\/alessandra-reich-reiter-fahrer\/person\/OR9wc7rhFL8_GLE_\">Reich, Alessandra<\/a><\/td>\n<td class=\"size_116 withBorder\">Reiter<\/td>\n<td class=\"size_292 withBorder\">PSV Baden-W\u00fcrtt.<br \/>\nB\u00f6blingen (006)<br \/>\nRC Aischbach G\u00fcltstein<\/td>\n<td class=\"size_90 withBorder\">Nicht Amateur<\/td>\n<td class=\"size_90 withBorder\">2<\/td>\n<td class=\"size_84 withBorderTop textAlign_right\">11720<\/td>\n<\/tr>\n<tr class=\"odd\">\n<td class=\"size_54 withBorder textAlign_right\">35<\/td>\n<td class=\"size_228 withBorder\"><a href=\"https:\/\/www.fnverlag.de\/fn-erfolgsdaten\/christopher-frazer-reiter-fahrer\/person\/_PLUS_SFIV2S_DASH_UIw_GLE_\">Frazer, Christopher<\/a><\/td>\n<td class=\"size_116 withBorder\">Reiter<\/td>\n<td class=\"size_292 withBorder\">PSV Baden-W\u00fcrtt.<br \/>\nT\u00fcbingen (069)<br \/>\nRV Pulverm\u00fchle Du\u00dflingen<\/td>\n<td class=\"size_90 withBorder\">Nicht Amateur<\/td>\n<td class=\"size_90 withBorder\">2<\/td>\n<td class=\"size_84 withBorderTop textAlign_right\">11649<\/td>\n<\/tr>\n<tr class=\"even\">\n<td class=\"size_54 withBorder textAlign_right\">36<\/td>\n<td class=\"size_228 withBorder\"><a href=\"https:\/\/www.fnverlag.de\/fn-erfolgsdaten\/barbara-steurer-collee-reiter-fahrer\/person\/K9IS0J3hcfc_GLE_\">Steurer-Collee, Barbara<\/a><\/td>\n<td class=\"size_116 withBorder\">Reiter<\/td>\n<td class=\"size_292 withBorder\">PSV Baden-W\u00fcrtt.<br \/>\nNordschwarzwald (059)<br \/>\nRA TV Alpirsbach-R\u00f6tenbach<\/td>\n<td class=\"size_90 withBorder\">Nicht Amateur<\/td>\n<td class=\"size_90 withBorder\">1<\/td>\n<td class=\"size_84 withBorderTop textAlign_right\">10998<\/td>\n<\/tr>\n<tr class=\"odd\">\n<td class=\"size_54 withBorder textAlign_right\">37<\/td>\n<td class=\"size_228 withBorder\"><a href=\"https:\/\/www.fnverlag.de\/fn-erfolgsdaten\/marvin-frey-reiter-fahrer\/person\/BigJjjhhFeo_GLE_\">Frey, Marvin<\/a><\/td>\n<td class=\"size_116 withBorder\">Reiter<\/td>\n<td class=\"size_292 withBorder\">PSV Baden-W\u00fcrtt.<br \/>\nRems-Murr (022)<br \/>\nPSV Burkhardshof<\/td>\n<td class=\"size_90 withBorder\">Nicht Amateur<\/td>\n<td class=\"size_90 withBorder\">2<\/td>\n<td class=\"size_84 withBorderTop textAlign_right\">10600<\/td>\n<\/tr>\n<tr class=\"even\">\n<td class=\"size_54 withBorder textAlign_right\">38<\/td>\n<td class=\"size_228 withBorder\"><a href=\"https:\/\/www.fnverlag.de\/fn-erfolgsdaten\/julian-stahl-reiter-fahrer--ausbilder\/person\/Ms57ZqRx3FM_GLE_\">Stahl, Julian<\/a><\/td>\n<td class=\"size_116 withBorder\">Reiter<\/td>\n<td class=\"size_292 withBorder\">PSV Baden-W\u00fcrtt.<br \/>\nB\u00f6blingen (006)<br \/>\nRC Aischbach G\u00fcltstein<\/td>\n<td class=\"size_90 withBorder\">Nicht Amateur<\/td>\n<td class=\"size_90 withBorder\">2<\/td>\n<td class=\"size_84 withBorderTop textAlign_right\">10486<\/td>\n<\/tr>\n<tr class=\"odd\">\n<td class=\"size_54 withBorder textAlign_right\">39<\/td>\n<td class=\"size_228 withBorder\"><a href=\"https:\/\/www.fnverlag.de\/fn-erfolgsdaten\/nikolaus-leckebusch-peters-reiter-fahrer\/person\/aDW0auBPCqw_GLE_\">Leckebusch-Peters, Nikolaus<\/a><\/td>\n<td class=\"size_116 withBorder\">Reiter<\/td>\n<td class=\"size_292 withBorder\">PSV Baden-W\u00fcrtt.<br \/>\nNordschwarzwald (059)<br \/>\nRSC Salzstetten<\/td>\n<td class=\"size_90 withBorder\">Nicht Amateur<\/td>\n<td class=\"size_90 withBorder\">2<\/td>\n<td class=\"size_84 withBorderTop textAlign_right\">10421<\/td>\n<\/tr>\n<tr class=\"even\">\n<td class=\"size_54 withBorder textAlign_right\">40<\/td>\n<td class=\"size_228 withBorder\"><a href=\"https:\/\/www.fnverlag.de\/fn-erfolgsdaten\/gerhard-riehle-reiter-fahrer--zuechter\/person\/e52Q8_DASH_2bMnw_GLE_\">Riehle, Gerhard<\/a><\/td>\n<td class=\"size_116 withBorder\">Reiter<\/td>\n<td class=\"size_292 withBorder\">PSV Baden-W\u00fcrtt.<br \/>\nDonau-Neckar (066)<br \/>\nRV H\u00fcttental e.V.<\/td>\n<td class=\"size_90 withBorder\">Nicht Amateur<\/td>\n<td class=\"size_90 withBorder\">2<\/td>\n<td class=\"size_84 withBorderTop textAlign_right\">9754<\/td>\n<\/tr>\n<tr class=\"odd\">\n<td class=\"size_54 withBorder textAlign_right\">41<\/td>\n<td class=\"size_228 withBorder\"><a href=\"https:\/\/www.fnverlag.de\/fn-erfolgsdaten\/pascal-lindner-reiter-fahrer\/person\/7ECSzNiLd7E_GLE_\">Lindner, Pascal<\/a><\/td>\n<td class=\"size_116 withBorder\">Reiter<\/td>\n<td class=\"size_292 withBorder\">PSV Baden-W\u00fcrtt.<br \/>\nFranken (011)<br \/>\nRV Ilsfeld<\/td>\n<td class=\"size_90 withBorder\">Nicht Amateur<\/td>\n<td class=\"size_90 withBorder\">2<\/td>\n<td class=\"size_84 withBorderTop textAlign_right\">9712<\/td>\n<\/tr>\n<tr class=\"even\">\n<td class=\"size_54 withBorder textAlign_right\">42<\/td>\n<td class=\"size_228 withBorder\"><a href=\"https:\/\/www.fnverlag.de\/fn-erfolgsdaten\/tina-deuerer-reiter-fahrer\/person\/ucTkUArMQqs_GLE_\">Deuerer, Tina<\/a><\/td>\n<td class=\"size_116 withBorder\">Reiter<\/td>\n<td class=\"size_292 withBorder\">PSV Baden-W\u00fcrtt.<br \/>\nBadische Pfalz (124)<br \/>\nRV Eppelheim<\/td>\n<td class=\"size_90 withBorder\">Nicht Amateur<\/td>\n<td class=\"size_90 withBorder\">2<\/td>\n<td class=\"size_84 withBorderTop textAlign_right\">9596<\/td>\n<\/tr>\n<tr class=\"odd\">\n<td class=\"size_54 withBorder textAlign_right\">43<\/td>\n<td class=\"size_228 withBorder\"><a href=\"https:\/\/www.fnverlag.de\/fn-erfolgsdaten\/eva-maria-luehr-reiter-fahrer--ausbilder\/person\/4ldSOSEF73A_GLE_\">L\u00fchr, Eva-Maria<\/a><\/td>\n<td class=\"size_116 withBorder\">Reiter<\/td>\n<td class=\"size_292 withBorder\">PSV Baden-W\u00fcrtt.<br \/>\nB\u00f6blingen (006)<br \/>\nPSV Hohe Eichen<\/td>\n<td class=\"size_90 withBorder\">Nicht Amateur<\/td>\n<td class=\"size_90 withBorder\">2<\/td>\n<td class=\"size_84 withBorderTop textAlign_right\">9481<\/td>\n<\/tr>\n<tr class=\"even\">\n<td class=\"size_54 withBorder textAlign_right\">44<\/td>\n<td class=\"size_228 withBorder\"><a href=\"https:\/\/www.fnverlag.de\/fn-erfolgsdaten\/frank-wieland-reiter-fahrer--zuechter\/person\/dPwUxhSeXnE_GLE_\">Wieland, Frank<\/a><\/td>\n<td class=\"size_116 withBorder\">Reiter<\/td>\n<td class=\"size_292 withBorder\">PSV Baden-W\u00fcrtt.<br \/>\nOstalb (004)<br \/>\nRSG Ostalb<\/td>\n<td class=\"size_90 withBorder\">Nicht Amateur<\/td>\n<td class=\"size_90 withBorder\">2<\/td>\n<td class=\"size_84 withBorderTop textAlign_right\">9314<\/td>\n<\/tr>\n<tr class=\"odd\">\n<td class=\"size_54 withBorder textAlign_right\">45<\/td>\n<td class=\"size_228 withBorder\"><a href=\"https:\/\/www.fnverlag.de\/fn-erfolgsdaten\/sebastian-heller-reiter-fahrer--ausbilder\/person\/L1VSZKvDLq4_GLE_\">Heller, Sebastian<\/a><\/td>\n<td class=\"size_116 withBorder\">Reiter<\/td>\n<td class=\"size_292 withBorder\">PSV Baden-W\u00fcrtt.<br \/>\nRems-Murr (022)<br \/>\nRV Winnenden u.U.e.V.<\/td>\n<td class=\"size_90 withBorder\">Nicht Amateur<\/td>\n<td class=\"size_90 withBorder\">2<\/td>\n<td class=\"size_84 withBorderTop textAlign_right\">9161<\/td>\n<\/tr>\n<tr class=\"even\">\n<td class=\"size_54 withBorder textAlign_right\">46<\/td>\n<td class=\"size_228 withBorder\"><a href=\"https:\/\/www.fnverlag.de\/fn-erfolgsdaten\/armin-engelhardt-reiter-fahrer\/person\/Hq6VSUdYYLM_GLE_\">Engelhardt, Armin<\/a><\/td>\n<td class=\"size_116 withBorder\">Reiter<\/td>\n<td class=\"size_292 withBorder\">PSV Baden-W\u00fcrtt.<br \/>\nSchwarzwald-Baar (754)<br \/>\nRSG Riedwiese Fischbach<\/td>\n<td class=\"size_90 withBorder\">Nicht Amateur<\/td>\n<td class=\"size_90 withBorder\">2<\/td>\n<td class=\"size_84 withBorderTop textAlign_right\">8801<\/td>\n<\/tr>\n<tr class=\"odd\">\n<td class=\"size_54 withBorder textAlign_right\">47<\/td>\n<td class=\"size_228 withBorder\"><a href=\"https:\/\/www.fnverlag.de\/fn-erfolgsdaten\/andreas-wittlinger-reiter-fahrer--zuechter\/person\/ApCVrIQF524_GLE_\">Wittlinger, Andreas<\/a><\/td>\n<td class=\"size_116 withBorder\">Reiter<\/td>\n<td class=\"size_292 withBorder\">PSV Baden-W\u00fcrtt.<br \/>\nZollern-Alb (057)<br \/>\nRSZ Hohenzollern<\/td>\n<td class=\"size_90 withBorder\">Nicht Amateur<\/td>\n<td class=\"size_90 withBorder\">2<\/td>\n<td class=\"size_84 withBorderTop textAlign_right\">8707<\/td>\n<\/tr>\n<tr class=\"even\">\n<td class=\"size_54 withBorder textAlign_right\">48<\/td>\n<td class=\"size_228 withBorder\"><a href=\"https:\/\/www.fnverlag.de\/fn-erfolgsdaten\/thomas-teufel-reiter-fahrer\/person\/ePucmWJaKEc_GLE_\">Teufel, Thomas<\/a><\/td>\n<td class=\"size_116 withBorder\">Reiter<\/td>\n<td class=\"size_292 withBorder\">PSV Baden-W\u00fcrtt.<br \/>\nOrtenau (745)<br \/>\nRC Altenheim<\/td>\n<td class=\"size_90 withBorder\">Nicht Amateur<\/td>\n<td class=\"size_90 withBorder\">2<\/td>\n<td class=\"size_84 withBorderTop textAlign_right\">8626<\/td>\n<\/tr>\n<tr class=\"odd\">\n<td class=\"size_54 withBorder textAlign_right\">49<\/td>\n<td class=\"size_228 withBorder\"><a href=\"https:\/\/www.fnverlag.de\/fn-erfolgsdaten\/sven-schluesselburg-reiter-fahrer--ausbilder\/person\/dACDHg7Wo3k_GLE_\">Schl\u00fcsselburg, Sven<\/a><\/td>\n<td class=\"size_116 withBorder\">Reiter<\/td>\n<td class=\"size_292 withBorder\">PSV Baden-W\u00fcrtt.<br \/>\nFranken (011)<br \/>\nPLZ Engelsberg<\/td>\n<td class=\"size_90 withBorder\">Nicht Amateur<\/td>\n<td class=\"size_90 withBorder\">2<\/td>\n<td class=\"size_84 withBorderTop textAlign_right\">8511<\/td>\n<\/tr>\n<tr class=\"even\">\n<td class=\"size_54 withBorder textAlign_right\">50<\/td>\n<td class=\"size_228 withBorder\"><a href=\"https:\/\/www.fnverlag.de\/fn-erfolgsdaten\/thomas-mang-reiter-fahrer--ausbilder\/person\/TPaQk3uWsBo_GLE_\">Mang, Thomas<\/a><\/td>\n<td class=\"size_116 withBorder\">Reiter<\/td>\n<td class=\"size_292 withBorder\">PSV Baden-W\u00fcrtt.<br \/>\nOberrhein (746)<br \/>\nRV Dreil\u00e4ndereck<\/td>\n<td class=\"size_90 withBorder\">Nicht Amateur<\/td>\n<td class=\"size_90 withBorder\">2<\/td>\n<td class=\"size_84 withBorderTop textAlign_right\">8197<\/td>\n<\/tr>\n<tr class=\"odd\">\n<td class=\"size_54 withBorder textAlign_right\">51<\/td>\n<td class=\"size_228 withBorder\"><a href=\"https:\/\/www.fnverlag.de\/fn-erfolgsdaten\/rudolf-arnold-reiter-fahrer--zuechter--ausbilder\/person\/OYu1MB0bkEA_GLE_\">Arnold, Rudolf<\/a><\/td>\n<td class=\"size_116 withBorder\">Reiter<\/td>\n<td class=\"size_292 withBorder\">PSV Baden-W\u00fcrtt.<br \/>\nReutlingen (065)<br \/>\nRFV W\u00fcrtingen<\/td>\n<td class=\"size_90 withBorder\">Nicht Amateur<\/td>\n<td class=\"size_90 withBorder\">2<\/td>\n<td class=\"size_84 withBorderTop textAlign_right\">7641<\/td>\n<\/tr>\n<tr class=\"even\">\n<td class=\"size_54 withBorder textAlign_right\">52<\/td>\n<td class=\"size_228 withBorder\"><a href=\"https:\/\/www.fnverlag.de\/fn-erfolgsdaten\/rebecca-hotz-reiter-fahrer--ausbilder\/person\/lAh_PLUS_W1HD9qc_GLE_\">Hotz, Rebecca<\/a><\/td>\n<td class=\"size_116 withBorder\">Reiter<\/td>\n<td class=\"size_292 withBorder\">PSV Baden-W\u00fcrtt.<br \/>\nOberrhein (746)<br \/>\nRV Schopfheim<\/td>\n<td class=\"size_90 withBorder\">Nicht Amateur<\/td>\n<td class=\"size_90 withBorder\">2<\/td>\n<td class=\"size_84 withBorderTop textAlign_right\">7507<\/td>\n<\/tr>\n<tr class=\"odd\">\n<td class=\"size_54 withBorder textAlign_right\">53<\/td>\n<td class=\"size_228 withBorder\"><a href=\"https:\/\/www.fnverlag.de\/fn-erfolgsdaten\/ralf-weischedel-reiter-fahrer--ausbilder\/person\/SzZajBU_PLUS_UYs_GLE_\">Weischedel, Ralf<\/a><\/td>\n<td class=\"size_116 withBorder\">Reiter<\/td>\n<td class=\"size_292 withBorder\">PSV Baden-W\u00fcrtt.<br \/>\nB\u00f6blingen (006)<br \/>\nPSV G\u00e4ufelden-Weildorf e.V.<\/td>\n<td class=\"size_90 withBorder\">Nicht Amateur<\/td>\n<td class=\"size_90 withBorder\">2<\/td>\n<td class=\"size_84 withBorderTop textAlign_right\">7495<\/td>\n<\/tr>\n<tr class=\"even\">\n<td class=\"size_54 withBorder textAlign_right\">54<\/td>\n<td class=\"size_228 withBorder\"><a href=\"https:\/\/www.fnverlag.de\/fn-erfolgsdaten\/selina-koehl-reiter-fahrer--ausbilder\/person\/p4PYAc93igw_GLE_\">K\u00f6hl, Selina<\/a><\/td>\n<td class=\"size_116 withBorder\">Reiter<\/td>\n<td class=\"size_292 withBorder\">PSV Baden-W\u00fcrtt.<br \/>\nB\u00f6blingen (006)<br \/>\nRC Aischbach G\u00fcltstein<\/td>\n<td class=\"size_90 withBorder\">Nicht Amateur<\/td>\n<td class=\"size_90 withBorder\">2<\/td>\n<td class=\"size_84 withBorderTop textAlign_right\">7321<\/td>\n<\/tr>\n<tr class=\"odd\">\n<td class=\"size_54 withBorder textAlign_right\">55<\/td>\n<td class=\"size_228 withBorder\"><a href=\"https:\/\/www.fnverlag.de\/fn-erfolgsdaten\/peter-doeffinger-reiter-fahrer\/person\/4F6Oza8Aq4I_GLE_\">D\u00f6ffinger, Peter<\/a><\/td>\n<td class=\"size_116 withBorder\">Reiter<\/td>\n<td class=\"size_292 withBorder\">PSV Baden-W\u00fcrtt.<br \/>\nB\u00f6blingen (006)<br \/>\nLRFV Weil der Stadt<\/td>\n<td class=\"size_90 withBorder\">Amateur<\/td>\n<td class=\"size_90 withBorder\">2<\/td>\n<td class=\"size_84 withBorderTop textAlign_right\">6664<\/td>\n<\/tr>\n<tr class=\"even\">\n<td class=\"size_54 withBorder textAlign_right\">56<\/td>\n<td class=\"size_228 withBorder\"><a href=\"https:\/\/www.fnverlag.de\/fn-erfolgsdaten\/christian-pfeifer-reiter-fahrer--ausbilder\/person\/AbKbFBYOnoE_GLE_\">Pfeifer, Christian<\/a><\/td>\n<td class=\"size_116 withBorder\">Reiter<\/td>\n<td class=\"size_292 withBorder\">PSV Baden-W\u00fcrtt.<br \/>\nOstalb (004)<br \/>\nRSG unterm Hohenrechberg e.V.<\/td>\n<td class=\"size_90 withBorder\">Amateur<\/td>\n<td class=\"size_90 withBorder\">2<\/td>\n<td class=\"size_84 withBorderTop textAlign_right\">6541<\/td>\n<\/tr>\n<tr class=\"odd\">\n<td class=\"size_54 withBorder textAlign_right\">57<\/td>\n<td class=\"size_228 withBorder\"><a href=\"https:\/\/www.fnverlag.de\/fn-erfolgsdaten\/christian-geissert-reiter-fahrer\/person\/irFu_DASH_pskzBw_GLE_\">Gei\u00dfert, Christian<\/a><\/td>\n<td class=\"size_116 withBorder\">Reiter<\/td>\n<td class=\"size_292 withBorder\">PSV Baden-W\u00fcrtt.<br \/>\nHardt (223)<br \/>\nRFV Graben e.V.<\/td>\n<td class=\"size_90 withBorder\">Amateur<\/td>\n<td class=\"size_90 withBorder\">2<\/td>\n<td class=\"size_84 withBorderTop textAlign_right\">6417<\/td>\n<\/tr>\n<tr class=\"even\">\n<td class=\"size_54 withBorder textAlign_right\">58<\/td>\n<td class=\"size_228 withBorder\"><a href=\"https:\/\/www.fnverlag.de\/fn-erfolgsdaten\/constanze-pape-reiter-fahrer--ausbilder\/person\/WTNIEBzMRLw_GLE_\">Pape, Constanze<\/a><\/td>\n<td class=\"size_116 withBorder\">Reiter<\/td>\n<td class=\"size_292 withBorder\">PSV Baden-W\u00fcrtt.<br \/>\nB\u00f6blingen (006)<br \/>\nRV Jettingen<\/td>\n<td class=\"size_90 withBorder\">Nicht Amateur<\/td>\n<td class=\"size_90 withBorder\">2<\/td>\n<td class=\"size_84 withBorderTop textAlign_right\">6363<\/td>\n<\/tr>\n<tr class=\"odd\">\n<td class=\"size_54 withBorder textAlign_right\">59<\/td>\n<td class=\"size_228 withBorder\"><a href=\"https:\/\/www.fnverlag.de\/fn-erfolgsdaten\/lisa-schill-huber-reiter-fahrer\/person\/94mFHW9mvKs_GLE_\">Schill-Huber, Lisa<\/a><\/td>\n<td class=\"size_116 withBorder\">Reiter<\/td>\n<td class=\"size_292 withBorder\">PSV Baden-W\u00fcrtt.<br \/>\nOrtenau (745)<br \/>\nRV Ichenheim<\/td>\n<td class=\"size_90 withBorder\">Amateur<\/td>\n<td class=\"size_90 withBorder\">2<\/td>\n<td class=\"size_84 withBorderTop textAlign_right\">6320<\/td>\n<\/tr>\n<tr class=\"even\">\n<td class=\"size_54 withBorder textAlign_right\">60<\/td>\n<td class=\"size_228 withBorder\"><a href=\"https:\/\/www.fnverlag.de\/fn-erfolgsdaten\/stefanie-herhalt-reiter-fahrer--zuechter\/person\/ybf5O9jw3K8_GLE_\">Herhalt, Stefanie<\/a><\/td>\n<td class=\"size_116 withBorder\">Reiter<\/td>\n<td class=\"size_292 withBorder\">PSV Baden-W\u00fcrtt.<br \/>\nSchwarzwald-Baar (754)<br \/>\nRZ Frese Immenh\u00f6fe e.V.<\/td>\n<td class=\"size_90 withBorder\">Amateur<\/td>\n<td class=\"size_90 withBorder\">2<\/td>\n<td class=\"size_84 withBorderTop textAlign_right\">6301<\/td>\n<\/tr>\n<tr class=\"odd\">\n<td class=\"size_54 withBorder textAlign_right\">61<\/td>\n<td class=\"size_228 withBorder\"><a href=\"https:\/\/www.fnverlag.de\/fn-erfolgsdaten\/franziska-ritter-reiter-fahrer\/person\/H8qj8HfXN0U_GLE_\">Ritter, Franziska<\/a><\/td>\n<td class=\"size_116 withBorder\">Reiter<\/td>\n<td class=\"size_292 withBorder\">PSV Baden-W\u00fcrtt.<br \/>\nOrtenau (745)<br \/>\nRRFV Mei\u00dfenheim<\/td>\n<td class=\"size_90 withBorder\">Nicht Amateur<\/td>\n<td class=\"size_90 withBorder\">2<\/td>\n<td class=\"size_84 withBorderTop textAlign_right\">6271<\/td>\n<\/tr>\n<tr class=\"even\">\n<td class=\"size_54 withBorder textAlign_right\">62<\/td>\n<td class=\"size_228 withBorder\"><a href=\"https:\/\/www.fnverlag.de\/fn-erfolgsdaten\/rossen-raytchev-reiter-fahrer\/person\/emorNPSgqoM_GLE_\">Raytchev, Rossen<\/a><\/td>\n<td class=\"size_116 withBorder\">Reiter<\/td>\n<td class=\"size_292 withBorder\">PSV Baden-W\u00fcrtt.<br \/>\nDonau-Neckar (066)<br \/>\nRV Epfendorf<\/td>\n<td class=\"size_90 withBorder\">Nicht Amateur<\/td>\n<td class=\"size_90 withBorder\">1<\/td>\n<td class=\"size_84 withBorderTop textAlign_right\">6142<\/td>\n<\/tr>\n<tr class=\"odd\">\n<td class=\"size_54 withBorder textAlign_right\">63<\/td>\n<td class=\"size_228 withBorder\"><a href=\"https:\/\/www.fnverlag.de\/fn-erfolgsdaten\/juliane-rabold-reiter-fahrer--zuechter\/person\/xcLVlYB0XRA_GLE_\">Rabold, Juliane<\/a><\/td>\n<td class=\"size_116 withBorder\">Reiter<\/td>\n<td class=\"size_292 withBorder\">PSV Baden-W\u00fcrtt.<br \/>\nBodensee (744)<br \/>\nRV Mindelsee e.V.<\/td>\n<td class=\"size_90 withBorder\">Nicht Amateur<\/td>\n<td class=\"size_90 withBorder\">2<\/td>\n<td class=\"size_84 withBorderTop textAlign_right\">6141<\/td>\n<\/tr>\n<tr class=\"even\">\n<td class=\"size_54 withBorder textAlign_right\">64<\/td>\n<td class=\"size_228 withBorder\"><a href=\"https:\/\/www.fnverlag.de\/fn-erfolgsdaten\/christopher-kurz-reiter-fahrer--zuechter\/person\/4YQOqExft_PLUS_E_GLE_\">Kurz, Christopher<\/a><\/td>\n<td class=\"size_116 withBorder\">Reiter<\/td>\n<td class=\"size_292 withBorder\">PSV Baden-W\u00fcrtt.<br \/>\nKraichg.-Neckar-Odenw. (434)<br \/>\nRFV Sinsheim e.V.<\/td>\n<td class=\"size_90 withBorder\">Nicht Amateur<\/td>\n<td class=\"size_90 withBorder\">2<\/td>\n<td class=\"size_84 withBorderTop textAlign_right\">6135<\/td>\n<\/tr>\n<tr class=\"odd\">\n<td class=\"size_54 withBorder textAlign_right\">65<\/td>\n<td class=\"size_228 withBorder\"><a href=\"https:\/\/www.fnverlag.de\/fn-erfolgsdaten\/katharina-schlosser-reiter-fahrer\/person\/iqdNAfur4Yc_GLE_\">Schlosser, Katharina<\/a><\/td>\n<td class=\"size_116 withBorder\">Reiter<\/td>\n<td class=\"size_292 withBorder\">PSV Baden-W\u00fcrtt.<br \/>\nOstalb (004)<br \/>\nRFV Jagstzell<\/td>\n<td class=\"size_90 withBorder\">Amateur<\/td>\n<td class=\"size_90 withBorder\">2<\/td>\n<td class=\"size_84 withBorderTop textAlign_right\">6005<\/td>\n<\/tr>\n<tr class=\"even\">\n<td class=\"size_54 withBorder textAlign_right\">66<\/td>\n<td class=\"size_228 withBorder\"><a href=\"https:\/\/www.fnverlag.de\/fn-erfolgsdaten\/thomas-grimm-reiter-fahrer--turnierfachkraft--ausbilder\/person\/BO_DASH_gADdGm74_GLE_\">Grimm, Thomas<\/a><\/td>\n<td class=\"size_116 withBorder\">Reiter<\/td>\n<td class=\"size_292 withBorder\">PSV Baden-W\u00fcrtt.<br \/>\nOrtenau (745)<br \/>\nRV Schutterwald<\/td>\n<td class=\"size_90 withBorder\">Nicht Amateur<\/td>\n<td class=\"size_90 withBorder\">2<\/td>\n<td class=\"size_84 withBorderTop textAlign_right\">5905<\/td>\n<\/tr>\n<tr class=\"odd\">\n<td class=\"size_54 withBorder textAlign_right\">67<\/td>\n<td class=\"size_228 withBorder\"><a href=\"https:\/\/www.fnverlag.de\/fn-erfolgsdaten\/nicole-hirzler-reiter-fahrer\/person\/tHd7yR786Q0_GLE_\">Hirzler, Nicole<\/a><\/td>\n<td class=\"size_116 withBorder\">Reiter<\/td>\n<td class=\"size_292 withBorder\">PSV Baden-W\u00fcrtt.<br \/>\nBreisgau-Kaiserstuhl (742)<br \/>\nRFSV Kenzingen e.V.<\/td>\n<td class=\"size_90 withBorder\">Amateur<\/td>\n<td class=\"size_90 withBorder\">2<\/td>\n<td class=\"size_84 withBorderTop textAlign_right\">5830<\/td>\n<\/tr>\n<tr class=\"even\">\n<td class=\"size_54 withBorder textAlign_right\">68<\/td>\n<td class=\"size_228 withBorder\"><a href=\"https:\/\/www.fnverlag.de\/fn-erfolgsdaten\/maximilian-weissbrod-reiter-fahrer--ausbilder\/person\/j6rzgtDjsRM_GLE_\">Wei\u00dfbrod, Maximilian<\/a><\/td>\n<td class=\"size_116 withBorder\">Reiter<\/td>\n<td class=\"size_292 withBorder\">PSV Baden-W\u00fcrtt.<br \/>\nBadische Pfalz (124)<br \/>\nPSG Winterheck-Walldorf e.V.<\/td>\n<td class=\"size_90 withBorder\">Nicht Amateur<\/td>\n<td class=\"size_90 withBorder\">2<\/td>\n<td class=\"size_84 withBorderTop textAlign_right\">5816<\/td>\n<\/tr>\n<tr class=\"odd\">\n<td class=\"size_54 withBorder textAlign_right\">69<\/td>\n<td class=\"size_228 withBorder\"><a href=\"https:\/\/www.fnverlag.de\/fn-erfolgsdaten\/joerg-widmaier-reiter-fahrer--turnierfachkraft--ausbilder\/person\/ILlP7C8xdUk_GLE_\">Widmaier, J\u00f6rg<\/a><\/td>\n<td class=\"size_116 withBorder\">Reiter<\/td>\n<td class=\"size_292 withBorder\">PSV Baden-W\u00fcrtt.<br \/>\nB\u00f6blingen (006)<br \/>\nPSZ Benzenb\u00fchl e.V.<\/td>\n<td class=\"size_90 withBorder\">Nicht Amateur<\/td>\n<td class=\"size_90 withBorder\">2<\/td>\n<td class=\"size_84 withBorderTop textAlign_right\">5664<\/td>\n<\/tr>\n<tr class=\"even\">\n<td class=\"size_54 withBorder textAlign_right\">70<\/td>\n<td class=\"size_228 withBorder\"><a href=\"https:\/\/www.fnverlag.de\/fn-erfolgsdaten\/joachim-durst-reiter-fahrer--ausbilder\/person\/_DASH_3Af5TVlU44_GLE_\">Durst, Joachim<\/a><\/td>\n<td class=\"size_116 withBorder\">Reiter<\/td>\n<td class=\"size_292 withBorder\">PSV Baden-W\u00fcrtt.<br \/>\nFranken (011)<br \/>\nRC G\u00fcglingen<\/td>\n<td class=\"size_90 withBorder\">Amateur<\/td>\n<td class=\"size_90 withBorder\">2<\/td>\n<td class=\"size_84 withBorderTop textAlign_right\">5475<\/td>\n<\/tr>\n<tr class=\"odd\">\n<td class=\"size_54 withBorder textAlign_right\">71<\/td>\n<td class=\"size_228 withBorder\"><a href=\"https:\/\/www.fnverlag.de\/fn-erfolgsdaten\/stefan-hirsch-reiter-fahrer--zuechter\/person\/5n26Gxzm0Ng_GLE_\">Hirsch, Stefan<\/a><\/td>\n<td class=\"size_116 withBorder\">Reiter<\/td>\n<td class=\"size_292 withBorder\">PSV Baden-W\u00fcrtt.<br \/>\nNordschwarzwald (059)<br \/>\nRV Nordstetten-Horb<\/td>\n<td class=\"size_90 withBorder\">Nicht Amateur<\/td>\n<td class=\"size_90 withBorder\">2<\/td>\n<td class=\"size_84 withBorderTop textAlign_right\">5473<\/td>\n<\/tr>\n<tr class=\"even\">\n<td class=\"size_54 withBorder textAlign_right\">72<\/td>\n<td class=\"size_228 withBorder\"><a href=\"https:\/\/www.fnverlag.de\/fn-erfolgsdaten\/carsten-kurz-reiter-fahrer--zuechter\/person\/UOvR3NZpTkM_GLE_\">Kurz, Carsten<\/a><\/td>\n<td class=\"size_116 withBorder\">Reiter<\/td>\n<td class=\"size_292 withBorder\">PSV Baden-W\u00fcrtt.<br \/>\nOberrhein (746)<br \/>\nMarkgr\u00e4fler RV Buggingen<\/td>\n<td class=\"size_90 withBorder\">Nicht Amateur<\/td>\n<td class=\"size_90 withBorder\">2<\/td>\n<td class=\"size_84 withBorderTop textAlign_right\">5382<\/td>\n<\/tr>\n<tr class=\"odd\">\n<td class=\"size_54 withBorder textAlign_right\">73<\/td>\n<td class=\"size_228 withBorder\"><a href=\"https:\/\/www.fnverlag.de\/fn-erfolgsdaten\/julius-ehinger-reiter-fahrer--ausbilder\/person\/kZIWU_DASH_c9TGQ_GLE_\">Ehinger, Julius<\/a><\/td>\n<td class=\"size_116 withBorder\">Reiter<\/td>\n<td class=\"size_292 withBorder\">PSV Baden-W\u00fcrtt.<br \/>\nOstalb (004)<br \/>\nRC Riesb\u00fcrg<\/td>\n<td class=\"size_90 withBorder\">Nicht Amateur<\/td>\n<td class=\"size_90 withBorder\">2<\/td>\n<td class=\"size_84 withBorderTop textAlign_right\">5289<\/td>\n<\/tr>\n<tr class=\"even\">\n<td class=\"size_54 withBorder textAlign_right\">74<\/td>\n<td class=\"size_228 withBorder\"><a href=\"https:\/\/www.fnverlag.de\/fn-erfolgsdaten\/patrik-majher-reiter-fahrer--zuechter\/person\/f7pKBkWjEYk_GLE_\">Majher, Patrik<\/a><\/td>\n<td class=\"size_116 withBorder\">Reiter<\/td>\n<td class=\"size_292 withBorder\">PSV Baden-W\u00fcrtt.<br \/>\nSchwarzwald-Baar (754)<br \/>\nRSG Riedwiese Fischbach<\/td>\n<td class=\"size_90 withBorder\">Nicht Amateur<\/td>\n<td class=\"size_90 withBorder\">2<\/td>\n<td class=\"size_84 withBorderTop textAlign_right\">5225<\/td>\n<\/tr>\n<tr class=\"odd\">\n<td class=\"size_54 withBorder textAlign_right\">75<\/td>\n<td class=\"size_228 withBorder\"><a href=\"https:\/\/www.fnverlag.de\/fn-erfolgsdaten\/julia-beck-reiter-fahrer\/person\/NCKQOLQ3Y8Q_GLE_\">Beck, Julia<\/a><\/td>\n<td class=\"size_116 withBorder\">Reiter<\/td>\n<td class=\"size_292 withBorder\">PSV Baden-W\u00fcrtt.<br \/>\nOrtenau (745)<br \/>\nRV Lahr<\/td>\n<td class=\"size_90 withBorder\">Nicht Amateur<\/td>\n<td class=\"size_90 withBorder\">3<\/td>\n<td class=\"size_84 withBorderTop textAlign_right\">5195<\/td>\n<\/tr>\n<tr class=\"even\">\n<td class=\"size_54 withBorder textAlign_right\">76<\/td>\n<td class=\"size_228 withBorder\"><a href=\"https:\/\/www.fnverlag.de\/fn-erfolgsdaten\/nina-merkel-reiter-fahrer\/person\/c_PLUS_NVOfJ76ew_GLE_\">Merkel, Nina<\/a><\/td>\n<td class=\"size_116 withBorder\">Reiter<\/td>\n<td class=\"size_292 withBorder\">PSV Baden-W\u00fcrtt.<br \/>\nKreis 75057<br \/>\nRC Bl\u00e4ttringen<\/td>\n<td class=\"size_90 withBorder\">Nicht Amateur<\/td>\n<td class=\"size_90 withBorder\">2<\/td>\n<td class=\"size_84 withBorderTop textAlign_right\">5140<\/td>\n<\/tr>\n<tr class=\"odd\">\n<td class=\"size_54 withBorder textAlign_right\">77<\/td>\n<td class=\"size_228 withBorder\"><a href=\"https:\/\/www.fnverlag.de\/fn-erfolgsdaten\/monika-niederlaender-reiter-fahrer--zuechter\/person\/NC1SFsIf9MI_GLE_\">Niederl\u00e4nder, Monika<\/a><\/td>\n<td class=\"size_116 withBorder\">Reiter<\/td>\n<td class=\"size_292 withBorder\">PSV Baden-W\u00fcrtt.<br \/>\nBodensee (744)<br \/>\nRV Bohlingen<\/td>\n<td class=\"size_90 withBorder\">Nicht Amateur<\/td>\n<td class=\"size_90 withBorder\">2<\/td>\n<td class=\"size_84 withBorderTop textAlign_right\">4952<\/td>\n<\/tr>\n<tr class=\"even\">\n<td class=\"size_54 withBorder textAlign_right\">78<\/td>\n<td class=\"size_228 withBorder\"><a href=\"https:\/\/www.fnverlag.de\/fn-erfolgsdaten\/ralf-rundel-reiter-fahrer--zuechter\/person\/VWbYgURgQW0_GLE_\">Rundel, Ralf<\/a><\/td>\n<td class=\"size_116 withBorder\">Reiter<\/td>\n<td class=\"size_292 withBorder\">PSV Baden-W\u00fcrtt.<br \/>\nOberschwaben (068)<br \/>\nRC Rupberg<\/td>\n<td class=\"size_90 withBorder\">Amateur<\/td>\n<td class=\"size_90 withBorder\">2<\/td>\n<td class=\"size_84 withBorderTop textAlign_right\">4906<\/td>\n<\/tr>\n<tr class=\"odd\">\n<td class=\"size_54 withBorder textAlign_right\">79<\/td>\n<td class=\"size_228 withBorder\"><a href=\"https:\/\/www.fnverlag.de\/fn-erfolgsdaten\/maren-steinhilper-reiter-fahrer--ausbilder\/person\/qXKAwX6M1lg_GLE_\">Steinhilper, Maren<\/a><\/td>\n<td class=\"size_116 withBorder\">Reiter<\/td>\n<td class=\"size_292 withBorder\">PSV Baden-W\u00fcrtt.<br \/>\nHardt (223)<br \/>\nRV Kraichtal<\/td>\n<td class=\"size_90 withBorder\">Nicht Amateur<\/td>\n<td class=\"size_90 withBorder\">2<\/td>\n<td class=\"size_84 withBorderTop textAlign_right\">4776<\/td>\n<\/tr>\n<tr class=\"even\">\n<td class=\"size_54 withBorder textAlign_right\">80<\/td>\n<td class=\"size_228 withBorder\"><a href=\"https:\/\/www.fnverlag.de\/fn-erfolgsdaten\/jochen-zeh-reiter-fahrer\/person\/ogJyGWUQoVU_GLE_\">Zeh, Jochen<\/a><\/td>\n<td class=\"size_116 withBorder\">Reiter<\/td>\n<td class=\"size_292 withBorder\">PSV Baden-W\u00fcrtt.<br \/>\nStuttgart-Esslingen (008)<br \/>\nRFV Weilheim\/Teck<\/td>\n<td class=\"size_90 withBorder\">Amateur<\/td>\n<td class=\"size_90 withBorder\">3<\/td>\n<td class=\"size_84 withBorderTop textAlign_right\">4458<\/td>\n<\/tr>\n<tr class=\"odd\">\n<td class=\"size_54 withBorder textAlign_right\">81<\/td>\n<td class=\"size_228 withBorder\"><a href=\"https:\/\/www.fnverlag.de\/fn-erfolgsdaten\/natalie-steinhauser-reiter-fahrer\/person\/LZFdRfjoNbY_GLE_\">Steinhauser, Natalie<\/a><\/td>\n<td class=\"size_116 withBorder\">Reiter<\/td>\n<td class=\"size_292 withBorder\">PSV Baden-W\u00fcrtt.<br \/>\nBiberach (058)<br \/>\nReitsportzentrum am Bussenberg e.V.<\/td>\n<td class=\"size_90 withBorder\">Nicht Amateur<\/td>\n<td class=\"size_90 withBorder\">2<\/td>\n<td class=\"size_84 withBorderTop textAlign_right\">4397<\/td>\n<\/tr>\n<tr class=\"even\">\n<td class=\"size_54 withBorder textAlign_right\">82<\/td>\n<td class=\"size_228 withBorder\"><a href=\"https:\/\/www.fnverlag.de\/fn-erfolgsdaten\/emma-rock-reiter-fahrer\/person\/lrJ8Fr8SjZA_GLE_\">Rock, Emma<\/a><\/td>\n<td class=\"size_116 withBorder\">Reiter<\/td>\n<td class=\"size_292 withBorder\">PSV Baden-W\u00fcrtt.<br \/>\nAlb-Donau (003)<br \/>\nRSZ Illertissen e.V.<\/td>\n<td class=\"size_90 withBorder\">Amateur<\/td>\n<td class=\"size_90 withBorder\">3<\/td>\n<td class=\"size_84 withBorderTop textAlign_right\">4224<\/td>\n<\/tr>\n<tr class=\"odd\">\n<td class=\"size_54 withBorder textAlign_right\">83<\/td>\n<td class=\"size_228 withBorder\"><a href=\"https:\/\/www.fnverlag.de\/fn-erfolgsdaten\/mary-ann-fuchs-reiter-fahrer\/person\/U3hOVPNMdkQ_GLE_\">Fuchs, Mary-Ann<\/a><\/td>\n<td class=\"size_116 withBorder\">Reiter<\/td>\n<td class=\"size_292 withBorder\">PSV Baden-W\u00fcrtt.<br \/>\nBadische Pfalz (124)<br \/>\nRV Mannheim<\/td>\n<td class=\"size_90 withBorder\">Amateur<\/td>\n<td class=\"size_90 withBorder\">2<\/td>\n<td class=\"size_84 withBorderTop textAlign_right\">4167<\/td>\n<\/tr>\n<tr class=\"even\">\n<td class=\"size_54 withBorder textAlign_right\">84<\/td>\n<td class=\"size_228 withBorder\"><a href=\"https:\/\/www.fnverlag.de\/fn-erfolgsdaten\/ramona-kunze-reiter-fahrer--ausbilder\/person\/4lOVQWIRrTk_GLE_\">Kunze, Ramona<\/a><\/td>\n<td class=\"size_116 withBorder\">Reiter<\/td>\n<td class=\"size_292 withBorder\">PSV Baden-W\u00fcrtt.<br \/>\nAlb-Donau (003)<br \/>\nRC Langenau<\/td>\n<td class=\"size_90 withBorder\">Nicht Amateur<\/td>\n<td class=\"size_90 withBorder\">2<\/td>\n<td class=\"size_84 withBorderTop textAlign_right\">4065<\/td>\n<\/tr>\n<tr class=\"odd\">\n<td class=\"size_54 withBorder textAlign_right\">85<\/td>\n<td class=\"size_228 withBorder\"><a href=\"https:\/\/www.fnverlag.de\/fn-erfolgsdaten\/simon-runte-reiter-fahrer\/person\/xJmmUt_PLUS_ggo8_GLE_\">Runte, Simon<\/a><\/td>\n<td class=\"size_116 withBorder\">Reiter<\/td>\n<td class=\"size_292 withBorder\">PSV Baden-W\u00fcrtt.<br \/>\nB\u00f6blingen (006)<br \/>\nRC Aischbach G\u00fcltstein<\/td>\n<td class=\"size_90 withBorder\">Nicht Amateur<\/td>\n<td class=\"size_90 withBorder\">2<\/td>\n<td class=\"size_84 withBorderTop textAlign_right\">4054<\/td>\n<\/tr>\n<tr class=\"even\">\n<td class=\"size_54 withBorder textAlign_right\">86<\/td>\n<td class=\"size_228 withBorder\"><a href=\"https:\/\/www.fnverlag.de\/fn-erfolgsdaten\/anne-goetter-reiter-fahrer--ausbilder\/person\/T3Fv6rbBkFM_GLE_\">G\u00f6tter, Anne<\/a><\/td>\n<td class=\"size_116 withBorder\">Reiter<\/td>\n<td class=\"size_292 withBorder\">PSV Baden-W\u00fcrtt.<br \/>\nKraichg.-Neckar-Odenw. (434)<br \/>\nFPF Birkenhof Eppingen<\/td>\n<td class=\"size_90 withBorder\">Nicht Amateur<\/td>\n<td class=\"size_90 withBorder\">3<\/td>\n<td class=\"size_84 withBorderTop textAlign_right\">4040<\/td>\n<\/tr>\n<tr class=\"odd\">\n<td class=\"size_54 withBorder textAlign_right\">87<\/td>\n<td class=\"size_228 withBorder\"><a href=\"https:\/\/www.fnverlag.de\/fn-erfolgsdaten\/rainer-schwab-reiter-fahrer--zuechter\/person\/xtIK9GwFAxc_GLE_\">Schwab, Rainer<\/a><\/td>\n<td class=\"size_116 withBorder\">Reiter<\/td>\n<td class=\"size_292 withBorder\">PSV Baden-W\u00fcrtt.<br \/>\nMain-Tauber-Kreis (535)<br \/>\nPZV Tauber-Franken<\/td>\n<td class=\"size_90 withBorder\">Nicht Amateur<\/td>\n<td class=\"size_90 withBorder\">2<\/td>\n<td class=\"size_84 withBorderTop textAlign_right\">3909<\/td>\n<\/tr>\n<tr class=\"even\">\n<td class=\"size_54 withBorder textAlign_right\">88<\/td>\n<td class=\"size_228 withBorder\"><a href=\"https:\/\/www.fnverlag.de\/fn-erfolgsdaten\/anna-marlena-zehnle-reiter-fahrer\/person\/W_DASH_LP9CcxOAE_GLE_\">Zehnle, Anna Marlena<\/a><\/td>\n<td class=\"size_116 withBorder\">Reiter<\/td>\n<td class=\"size_292 withBorder\">PSV Baden-W\u00fcrtt.<br \/>\nOrtenau (745)<br \/>\nRV Lahr<\/td>\n<td class=\"size_90 withBorder\">Nicht Amateur<\/td>\n<td class=\"size_90 withBorder\">3<\/td>\n<td class=\"size_84 withBorderTop textAlign_right\">3810<\/td>\n<\/tr>\n<tr class=\"odd\">\n<td class=\"size_54 withBorder textAlign_right\">89<\/td>\n<td class=\"size_228 withBorder\"><a href=\"https:\/\/www.fnverlag.de\/fn-erfolgsdaten\/jan-koeberle-reiter-fahrer--ausbilder\/person\/Kha_PLUS_2AoLHEI_GLE_\">K\u00f6berle, Jan<\/a><\/td>\n<td class=\"size_116 withBorder\">Reiter<\/td>\n<td class=\"size_292 withBorder\">PSV Baden-W\u00fcrtt.<br \/>\nMain-Tauber-Kreis (535)<br \/>\nRFV Buchen<\/td>\n<td class=\"size_90 withBorder\">Nicht Amateur<\/td>\n<td class=\"size_90 withBorder\">3<\/td>\n<td class=\"size_84 withBorderTop textAlign_right\">3808<\/td>\n<\/tr>\n<tr class=\"even\">\n<td class=\"size_54 withBorder textAlign_right\">90<\/td>\n<td class=\"size_228 withBorder\"><a href=\"https:\/\/www.fnverlag.de\/fn-erfolgsdaten\/ricardo-benzinho-karle-costa-reiter-fahrer\/person\/IdHbitsUkzE_GLE_\">Karle Costa, Ricardo Benzinho<\/a><\/td>\n<td class=\"size_116 withBorder\">Reiter<\/td>\n<td class=\"size_292 withBorder\">PSV Baden-W\u00fcrtt.<br \/>\nHeidenheim (010)<br \/>\nRSG Dettinger Alb<\/td>\n<td class=\"size_90 withBorder\">Nicht Amateur<\/td>\n<td class=\"size_90 withBorder\">2<\/td>\n<td class=\"size_84 withBorderTop textAlign_right\">3741<\/td>\n<\/tr>\n<tr class=\"odd\">\n<td class=\"size_54 withBorder textAlign_right\">91<\/td>\n<td class=\"size_228 withBorder\"><a href=\"https:\/\/www.fnverlag.de\/fn-erfolgsdaten\/hanna-borst-reiter-fahrer\/person\/TJq9VQrlVYE_GLE_\">Borst, Hanna<\/a><\/td>\n<td class=\"size_116 withBorder\">Reiter<\/td>\n<td class=\"size_292 withBorder\">PSV Baden-W\u00fcrtt.<br \/>\nOstalb (004)<br \/>\nRFV Jagstzell<\/td>\n<td class=\"size_90 withBorder\">Nicht Amateur<\/td>\n<td class=\"size_90 withBorder\">3<\/td>\n<td class=\"size_84 withBorderTop textAlign_right\">3699<\/td>\n<\/tr>\n<tr class=\"even\">\n<td class=\"size_54 withBorder textAlign_right\">92<\/td>\n<td class=\"size_228 withBorder\"><a href=\"https:\/\/www.fnverlag.de\/fn-erfolgsdaten\/hartwig-bendel-reiter-fahrer\/person\/9_PLUS_VQiSWYqis_GLE_\">Bendel, Hartwig<\/a><\/td>\n<td class=\"size_116 withBorder\">Reiter<\/td>\n<td class=\"size_292 withBorder\">PSV Baden-W\u00fcrtt.<br \/>\nAlb-Donau (003)<br \/>\nRC Langenau<\/td>\n<td class=\"size_90 withBorder\">Nicht Amateur<\/td>\n<td class=\"size_90 withBorder\">2<\/td>\n<td class=\"size_84 withBorderTop textAlign_right\">3645<\/td>\n<\/tr>\n<tr class=\"odd\">\n<td class=\"size_54 withBorder textAlign_right\">93<\/td>\n<td class=\"size_228 withBorder\"><a href=\"https:\/\/www.fnverlag.de\/fn-erfolgsdaten\/felix-vogg-reiter-fahrer--zuechter--ausbilder\/person\/5sxlvUDBUR8_GLE_\">Vogg, Felix<\/a><\/td>\n<td class=\"size_116 withBorder\">Reiter<\/td>\n<td class=\"size_292 withBorder\">PSV Baden-W\u00fcrtt.<br \/>\nBodensee (744)<br \/>\nRV Singen e.V.<\/td>\n<td class=\"size_90 withBorder\">Nicht Amateur<\/td>\n<td class=\"size_90 withBorder\">2<\/td>\n<td class=\"size_84 withBorderTop textAlign_right\">3599<\/td>\n<\/tr>\n<tr class=\"even\">\n<td class=\"size_54 withBorder textAlign_right\">94<\/td>\n<td class=\"size_228 withBorder\"><a href=\"https:\/\/www.fnverlag.de\/fn-erfolgsdaten\/kristina-volk-reiter-fahrer\/person\/0E52_DASH_MkyIIo_GLE_\">Volk, Kristina<\/a><\/td>\n<td class=\"size_116 withBorder\">Reiter<\/td>\n<td class=\"size_292 withBorder\">PSV Baden-W\u00fcrtt.<br \/>\nB\u00f6blingen (006)<br \/>\nRC Aischbach G\u00fcltstein<\/td>\n<td class=\"size_90 withBorder\">Amateur<\/td>\n<td class=\"size_90 withBorder\">2<\/td>\n<td class=\"size_84 withBorderTop textAlign_right\">3563<\/td>\n<\/tr>\n<tr class=\"odd\">\n<td class=\"size_54 withBorder textAlign_right\">95<\/td>\n<td class=\"size_228 withBorder\"><a href=\"https:\/\/www.fnverlag.de\/fn-erfolgsdaten\/ferdinand-talmon-reiter-fahrer\/person\/Xupyb4iYm_DASH_8_GLE_\">Talmon, Ferdinand<\/a><\/td>\n<td class=\"size_116 withBorder\">Reiter<\/td>\n<td class=\"size_292 withBorder\">PSV Baden-W\u00fcrtt.<br \/>\nB\u00f6blingen (006)<br \/>\nTV RG G\u00fcltstein<\/td>\n<td class=\"size_90 withBorder\">Nicht Amateur<\/td>\n<td class=\"size_90 withBorder\">3<\/td>\n<td class=\"size_84 withBorderTop textAlign_right\">3546<\/td>\n<\/tr>\n<tr class=\"even\">\n<td class=\"size_54 withBorder textAlign_right\">96<\/td>\n<td class=\"size_228 withBorder\"><a href=\"https:\/\/www.fnverlag.de\/fn-erfolgsdaten\/hans-otto-werner-reiter-fahrer--zuechter--turnierfachkraft\/person\/n8S93rgVTWM_GLE_\">Werner, Hans Otto<\/a><\/td>\n<td class=\"size_116 withBorder\">Reiter<\/td>\n<td class=\"size_292 withBorder\">PSV Baden-W\u00fcrtt.<br \/>\nHardt (223)<br \/>\nRG Sandweg Hof e.V.<\/td>\n<td class=\"size_90 withBorder\">Nicht Amateur<\/td>\n<td class=\"size_90 withBorder\">2<\/td>\n<td class=\"size_84 withBorderTop textAlign_right\">3477<\/td>\n<\/tr>\n<tr class=\"odd\">\n<td class=\"size_54 withBorder textAlign_right\">97<\/td>\n<td class=\"size_228 withBorder\"><a href=\"https:\/\/www.fnverlag.de\/fn-erfolgsdaten\/mona-bucher-reiter-fahrer\/person\/IpXWojvs_DASH_KQ_GLE_\">Bucher, Mona<\/a><\/td>\n<td class=\"size_116 withBorder\">Reiter<\/td>\n<td class=\"size_292 withBorder\">PSV Baden-W\u00fcrtt.<br \/>\nKraichg.-Neckar-Odenw. (434)<br \/>\nRFV Berwangen<\/td>\n<td class=\"size_90 withBorder\">Nicht Amateur<\/td>\n<td class=\"size_90 withBorder\">3<\/td>\n<td class=\"size_84 withBorderTop textAlign_right\">3418<\/td>\n<\/tr>\n<tr class=\"even\">\n<td class=\"size_54 withBorder textAlign_right\">98<\/td>\n<td class=\"size_228 withBorder\"><a href=\"https:\/\/www.fnverlag.de\/fn-erfolgsdaten\/tobias-sawatzki-reiter-fahrer--zuechter\/person\/73UfDBn7t6Q_GLE_\">Sawatzki, Tobias<\/a><\/td>\n<td class=\"size_116 withBorder\">Reiter<\/td>\n<td class=\"size_292 withBorder\">PSV Baden-W\u00fcrtt.<br \/>\nH\u00fcgelland (326)<br \/>\nPforzheimer Reiterverein e.V.<\/td>\n<td class=\"size_90 withBorder\">Nicht Amateur<\/td>\n<td class=\"size_90 withBorder\">2<\/td>\n<td class=\"size_84 withBorderTop textAlign_right\">3416<\/td>\n<\/tr>\n<tr class=\"odd\">\n<td class=\"size_54 withBorder textAlign_right\">99<\/td>\n<td class=\"size_228 withBorder\"><a href=\"https:\/\/www.fnverlag.de\/fn-erfolgsdaten\/jochen-schelling-reiter-fahrer--zuechter\/person\/aSFKN5XXSIg_GLE_\">Schelling, Jochen<\/a><\/td>\n<td class=\"size_116 withBorder\">Reiter<\/td>\n<td class=\"size_292 withBorder\">PSV Baden-W\u00fcrtt.<br \/>\nOberschwaben (068)<br \/>\nRFV Ki\u00dflegg e.V.<\/td>\n<td class=\"size_90 withBorder\">Nicht Amateur<\/td>\n<td class=\"size_90 withBorder\">3<\/td>\n<td class=\"size_84 withBorderTop textAlign_right\">3300<\/td>\n<\/tr>\n<tr class=\"even\">\n<td class=\"size_54 withBorder textAlign_right\">100<\/td>\n<td class=\"size_228 withBorder\"><a href=\"https:\/\/www.fnverlag.de\/fn-erfolgsdaten\/ulrich-moeck-reiter-fahrer--ausbilder\/person\/iqDv3UGwJG4_GLE_\">M\u00f6ck, Ulrich<\/a><\/td>\n<td class=\"size_116 withBorder\">Reiter<\/td>\n<td class=\"size_292 withBorder\">PSV Baden-W\u00fcrtt.<br \/>\nT\u00fcbingen (069)<br \/>\nRV Pulverm\u00fchle Du\u00dflingen<\/td>\n<td class=\"size_90 withBorder\">Amateur<\/td>\n<td class=\"size_90 withBorder\">3<\/td>\n<td class=\"size_84 withBorderTop textAlign_right\">3176<\/td>\n<\/tr>\n<\/tbody>\n<\/table>\n<\/div>\n<p>Quelle: FN-Erfolgsdaten 2023<\/p>\n<\/div>\n","protected":false},"excerpt":{"rendered":"<p>Rangliste 2024 (alle Altersklassen) Platz Name, Vorname Altersgruppe Verband, Kreis und Verein Option LK RLP 1 Vogel, Richard Reiter PSV Baden-W\u00fcrtt. Badische Pfalz (124) RV Mannheim Nicht Amateur 1 171511 2 Dreher, Hans-Dieter Reiter PSV Baden-W\u00fcrtt. Oberrhein (746) RV Dreil\u00e4ndereck Nicht Amateur 1 155356 3 Jung, Michael Reiter PSV Baden-W\u00fcrtt. &hellip; <a class=\"kt-excerpt-readmore\" href=\"https:\/\/www.spring-reiter.de\/en\/index.php\/ranglisten-landesverbaende-baden-wuerttemberg\/\" aria-label=\"Ranglisten Landesverb\u00e4nde: Baden-W\u00fcrttemberg\">Read More<\/a><\/p>\n","protected":false},"author":1,"featured_media":0,"parent":0,"menu_order":0,"comment_status":"closed","ping_status":"closed","template":"","meta":{"footnotes":""},"class_list":["post-99","page","type-page","status-publish","hentry"],"translation":{"provider":"WPGlobus","version":"3.0.2","language":"en","enabled_languages":["de","en"],"languages":{"de":{"title":true,"content":true,"excerpt":false},"en":{"title":false,"content":false,"excerpt":false}}},"_links":{"self":[{"href":"https:\/\/www.spring-reiter.de\/en\/index.php\/wp-json\/wp\/v2\/pages\/99","targetHints":{"allow":["GET"]}}],"collection":[{"href":"https:\/\/www.spring-reiter.de\/en\/index.php\/wp-json\/wp\/v2\/pages"}],"about":[{"href":"https:\/\/www.spring-reiter.de\/en\/index.php\/wp-json\/wp\/v2\/types\/page"}],"author":[{"embeddable":true,"href":"https:\/\/www.spring-reiter.de\/en\/index.php\/wp-json\/wp\/v2\/users\/1"}],"replies":[{"embeddable":true,"href":"https:\/\/www.spring-reiter.de\/en\/index.php\/wp-json\/wp\/v2\/comments?post=99"}],"version-history":[{"count":0,"href":"https:\/\/www.spring-reiter.de\/en\/index.php\/wp-json\/wp\/v2\/pages\/99\/revisions"}],"wp:attachment":[{"href":"https:\/\/www.spring-reiter.de\/en\/index.php\/wp-json\/wp\/v2\/media?parent=99"}],"curies":[{"name":"wp","href":"https:\/\/api.w.org\/{rel}","templated":true}]}}